{"id":14200,"date":"2025-09-04T18:54:00","date_gmt":"2025-09-04T16:54:00","guid":{"rendered":"https:\/\/feuerwehr-vglambrecht.de\/cms\/?post_type=einsatz&#038;p=14200"},"modified":"2025-09-06T14:18:30","modified_gmt":"2025-09-06T12:18:30","slug":"wohnungsbrand-b2-08-13","status":"publish","type":"einsatz","link":"https:\/\/feuerwehr-vglambrecht.de\/cms\/einsatzberichte\/wohnungsbrand-b2-08-13\/","title":{"rendered":"Wohnungsbrand (B2.08)"},"content":{"rendered":"<p>Zu einem Wohnungsbrand in Speyerbrunn wurden am 04.09.2025 die Einheiten Elmstein, Iggelbach, Lambrecht und Esthal alarmiert. Beim Eintreffen der Einsatzkr\u00e4fte war das Feuer bereits durch einen zuf\u00e4llig in der Nachbarschaft anwesenden Feuerwehrmann mittels Pulverl\u00f6scher einged\u00e4mmt worden. Neben einem Holzofen hatte sich aus noch unbekannten Gr\u00fcnden das gelagerte Brennholz entz\u00fcndet. Durch einen Trupp unter schwerem Atemschutz wurden Nachl\u00f6scharbeiten durchgef\u00fchrt. Der Bewohner des Hauses konnte sich noch vor Eintreffen der Rettungskr\u00e4fte aus dem Geb\u00e4ude in Sicherheit bringen.<\/p>\n\n<div class=\"ngg-galleryoverview\" id=\"ngg-gallery-559-14200\">\n\n\t<!-- Slideshow link -->\n\t<div class=\"slideshowlink\">\n\t\t<a class=\"slideshowlink\" href=\"https:\/\/feuerwehr-vglambrecht.de\/cms\/einsatzberichte\/wohnungsbrand-b2-08-13\/nggallery\/slideshow\">\n\t\t\t[Show as slideshow]\t\t<\/a>\n\t<\/div>\n\n\t\n\t<!-- Thumbnails -->\n\t\t\n\t<div id=\"ngg-image-3302\" class=\"ngg-gallery-thumbnail-box\"  >\n\t\t<div class=\"ngg-gallery-thumbnail\" >\n\t\t\t<a href=\"https:\/\/feuerwehr-vglambrecht.de\/cms\/wp-content\/gallery\/brand-speyerbrunn\/img_20250904_191851.jpg\" title=\" \" class=\"shutterset_set_559\" >\n\t\t\t\t\t\t\t\t<img loading=\"lazy\" decoding=\"async\" title=\"img_20250904_191851\" alt=\"img_20250904_191851\" src=\"https:\/\/feuerwehr-vglambrecht.de\/cms\/wp-content\/gallery\/brand-speyerbrunn\/thumbs\/thumbs_img_20250904_191851.jpg\" width=\"100\" height=\"75\" \/>\n\t\t\t\t\t\t\t<\/a>\n\t\t<\/div>\n\t<\/div>\n\t\n\t\t\n \t\t\n\t<div id=\"ngg-image-3303\" class=\"ngg-gallery-thumbnail-box\"  >\n\t\t<div class=\"ngg-gallery-thumbnail\" >\n\t\t\t<a href=\"https:\/\/feuerwehr-vglambrecht.de\/cms\/wp-content\/gallery\/brand-speyerbrunn\/img_20250904_192047.jpg\" title=\" \" class=\"shutterset_set_559\" >\n\t\t\t\t\t\t\t\t<img loading=\"lazy\" decoding=\"async\" title=\"img_20250904_192047\" alt=\"img_20250904_192047\" src=\"https:\/\/feuerwehr-vglambrecht.de\/cms\/wp-content\/gallery\/brand-speyerbrunn\/thumbs\/thumbs_img_20250904_192047.jpg\" width=\"100\" height=\"75\" \/>\n\t\t\t\t\t\t\t<\/a>\n\t\t<\/div>\n\t<\/div>\n\t\n\t\t\n \t\t\n\t<div id=\"ngg-image-3306\" class=\"ngg-gallery-thumbnail-box\"  >\n\t\t<div class=\"ngg-gallery-thumbnail\" >\n\t\t\t<a href=\"https:\/\/feuerwehr-vglambrecht.de\/cms\/wp-content\/gallery\/brand-speyerbrunn\/img_20250904_192311.jpg\" title=\" \" class=\"shutterset_set_559\" >\n\t\t\t\t\t\t\t\t<img loading=\"lazy\" decoding=\"async\" title=\"img_20250904_192311\" alt=\"img_20250904_192311\" src=\"https:\/\/feuerwehr-vglambrecht.de\/cms\/wp-content\/gallery\/brand-speyerbrunn\/thumbs\/thumbs_img_20250904_192311.jpg\" width=\"100\" height=\"75\" \/>\n\t\t\t\t\t\t\t<\/a>\n\t\t<\/div>\n\t<\/div>\n\t\n\t\t\n \t\t\n\t<div id=\"ngg-image-3307\" class=\"ngg-gallery-thumbnail-box\"  >\n\t\t<div class=\"ngg-gallery-thumbnail\" >\n\t\t\t<a href=\"https:\/\/feuerwehr-vglambrecht.de\/cms\/wp-content\/gallery\/brand-speyerbrunn\/img_20250904_192332.jpg\" title=\" \" class=\"shutterset_set_559\" >\n\t\t\t\t\t\t\t\t<img loading=\"lazy\" decoding=\"async\" title=\"img_20250904_192332\" alt=\"img_20250904_192332\" src=\"https:\/\/feuerwehr-vglambrecht.de\/cms\/wp-content\/gallery\/brand-speyerbrunn\/thumbs\/thumbs_img_20250904_192332.jpg\" width=\"100\" height=\"75\" \/>\n\t\t\t\t\t\t\t<\/a>\n\t\t<\/div>\n\t<\/div>\n\t\n\t\t\n \t\t\n\t<div id=\"ngg-image-3310\" class=\"ngg-gallery-thumbnail-box\"  >\n\t\t<div class=\"ngg-gallery-thumbnail\" >\n\t\t\t<a href=\"https:\/\/feuerwehr-vglambrecht.de\/cms\/wp-content\/gallery\/brand-speyerbrunn\/img_20250904_193712.jpg\" title=\" \" class=\"shutterset_set_559\" >\n\t\t\t\t\t\t\t\t<img loading=\"lazy\" decoding=\"async\" title=\"img_20250904_193712\" alt=\"img_20250904_193712\" src=\"https:\/\/feuerwehr-vglambrecht.de\/cms\/wp-content\/gallery\/brand-speyerbrunn\/thumbs\/thumbs_img_20250904_193712.jpg\" width=\"100\" height=\"75\" \/>\n\t\t\t\t\t\t\t<\/a>\n\t\t<\/div>\n\t<\/div>\n\t\n\t\t\n \t \t\n\t<!-- Pagination -->\n \t<div class='ngg-clear'><\/div>\n \t\n<\/div>\n\n\n","protected":false},"author":17,"featured_media":14201,"template":"","meta":{"einsatz_weight":1,"footnotes":""},"categories":[],"tags":[383,373,452],"einsatzart":[7],"fahrzeug":[41,38,40,350,307,49,39,51,53,54,47,513,570],"exteinsatzmittel":[11,12,17,18,299,321,30,468,31],"alarmierungsart":[10],"evw_unit":[575,577,576,571],"class_list":["post-14200","einsatz","type-einsatz","status-publish","has-post-thumbnail","hentry","tag-feuerwehrvglambrecht","tag-immerda","tag-wohnungsbrand","einsatzart-brand","fahrzeug-elmstein-21","fahrzeug-elmstein-44","fahrzeug-elmstein-73","fahrzeug-esthal-19-2","fahrzeug-307","fahrzeug-lambrecht-11","fahrzeug-lambrecht-17","fahrzeug-lambrecht-241","fahrzeug-lambrecht-33","fahrzeug-lambrecht-44","fahrzeug-iggelbach-19","fahrzeug-513","fahrzeug-rheinpfalz-lu-1-23-8","exteinsatzmittel-fw_elm","exteinsatzmittel-fw_est","exteinsatzmittel-fw_igg","exteinsatzmittel-fw_lam","exteinsatzmittel-fez-neustadt","exteinsatzmittel-fez-lambrecht","exteinsatzmittel-pol","exteinsatzmittel-presseteam-feuerwehr-vg-lambrecht","exteinsatzmittel-drk","alarmierungsart-dme-digitaler-meldeempfaenger","evw_unit-elmstein","evw_unit-esthal","evw_unit-iggelbach","evw_unit-lambrecht"],"better_featured_image":{"id":14201,"alt_text":"","caption":"","description":"","media_type":"image","media_details":{"width":2560,"height":1920,"file":"2025\/09\/IMG_20250904_193712-scaled.jpg","filesize":784559,"sizes":{"medium_large":{"file":"IMG_20250904_193712-768x576.jpg","width":768,"height":576,"mime-type":"image\/jpeg","filesize":104438,"source_url":"https:\/\/feuerwehr-vglambrecht.de\/cms\/wp-content\/uploads\/2025\/09\/IMG_20250904_193712-768x576.jpg"},"1536x1536":{"file":"IMG_20250904_193712-1536x1152.jpg","width":1536,"height":1152,"mime-type":"image\/jpeg","filesize":343060,"source_url":"https:\/\/feuerwehr-vglambrecht.de\/cms\/wp-content\/uploads\/2025\/09\/IMG_20250904_193712-1536x1152.jpg"},"2048x2048":{"file":"IMG_20250904_193712-2048x1536.jpg","width":2048,"height":1536,"mime-type":"image\/jpeg","filesize":547655,"source_url":"https:\/\/feuerwehr-vglambrecht.de\/cms\/wp-content\/uploads\/2025\/09\/IMG_20250904_193712-2048x1536.jpg"},"wptouch-new-thumbnail":{"file":"IMG_20250904_193712-144x144.jpg","width":144,"height":144,"mime-type":"image\/jpeg","filesize":6193,"source_url":"https:\/\/feuerwehr-vglambrecht.de\/cms\/wp-content\/uploads\/2025\/09\/IMG_20250904_193712-144x144.jpg"},"landing_image":{"file":"IMG_20250904_193712-1024x460.jpg","width":1024,"height":460,"mime-type":"image\/jpeg","filesize":102047,"source_url":"https:\/\/feuerwehr-vglambrecht.de\/cms\/wp-content\/uploads\/2025\/09\/IMG_20250904_193712-1024x460.jpg"},"thumbnail":{"file":"IMG_20250904_193712-150x150.jpg","width":150,"height":150,"source_url":"https:\/\/feuerwehr-vglambrecht.de\/cms\/wp-content\/uploads\/2025\/09\/IMG_20250904_193712-150x150.jpg"},"medium":{"file":"IMG_20250904_193712-300x225.jpg","width":300,"height":225,"source_url":"https:\/\/feuerwehr-vglambrecht.de\/cms\/wp-content\/uploads\/2025\/09\/IMG_20250904_193712-300x225.jpg"},"large":{"file":"IMG_20250904_193712-1024x768.jpg","width":1024,"height":768,"source_url":"https:\/\/feuerwehr-vglambrecht.de\/cms\/wp-content\/uploads\/2025\/09\/IMG_20250904_193712-1024x768.jpg"}},"image_meta":{"aperture":"0","credit":"","camera":"","caption":"","created_timestamp":"0","copyright":"","focal_length":"0","iso":"0","shutter_speed":"0","title":"","orientation":"1","keywords":[]},"original_image":"IMG_20250904_193712.jpg","image-converter":{"thumbnail":"IME","medium":"IME","large":"IME"}},"post":14200,"source_url":"https:\/\/feuerwehr-vglambrecht.de\/cms\/wp-content\/uploads\/2025\/09\/IMG_20250904_193712-scaled.jpg"},"einsatz_ort":"Speyerbrunn","einsatz_ende":"2025-09-04 20:30","einsatz_beginn":"","_links":{"self":[{"href":"https:\/\/feuerwehr-vglambrecht.de\/cms\/wp-json\/wp\/v2\/einsatz\/14200","targetHints":{"allow":["GET"]}}],"collection":[{"href":"https:\/\/feuerwehr-vglambrecht.de\/cms\/wp-json\/wp\/v2\/einsatz"}],"about":[{"href":"https:\/\/feuerwehr-vglambrecht.de\/cms\/wp-json\/wp\/v2\/types\/einsatz"}],"author":[{"embeddable":true,"href":"https:\/\/feuerwehr-vglambrecht.de\/cms\/wp-json\/wp\/v2\/users\/17"}],"version-history":[{"count":2,"href":"https:\/\/feuerwehr-vglambrecht.de\/cms\/wp-json\/wp\/v2\/einsatz\/14200\/revisions"}],"predecessor-version":[{"id":14203,"href":"https:\/\/feuerwehr-vglambrecht.de\/cms\/wp-json\/wp\/v2\/einsatz\/14200\/revisions\/14203"}],"wp:featuredmedia":[{"embeddable":true,"href":"https:\/\/feuerwehr-vglambrecht.de\/cms\/wp-json\/wp\/v2\/media\/14201"}],"wp:attachment":[{"href":"https:\/\/feuerwehr-vglambrecht.de\/cms\/wp-json\/wp\/v2\/media?parent=14200"}],"wp:term":[{"taxonomy":"category","embeddable":true,"href":"https:\/\/feuerwehr-vglambrecht.de\/cms\/wp-json\/wp\/v2\/categories?post=14200"},{"taxonomy":"post_tag","embeddable":true,"href":"https:\/\/feuerwehr-vglambrecht.de\/cms\/wp-json\/wp\/v2\/tags?post=14200"},{"taxonomy":"einsatzart","embeddable":true,"href":"https:\/\/feuerwehr-vglambrecht.de\/cms\/wp-json\/wp\/v2\/einsatzart?post=14200"},{"taxonomy":"fahrzeug","embeddable":true,"href":"https:\/\/feuerwehr-vglambrecht.de\/cms\/wp-json\/wp\/v2\/fahrzeug?post=14200"},{"taxonomy":"exteinsatzmittel","embeddable":true,"href":"https:\/\/feuerwehr-vglambrecht.de\/cms\/wp-json\/wp\/v2\/exteinsatzmittel?post=14200"},{"taxonomy":"alarmierungsart","embeddable":true,"href":"https:\/\/feuerwehr-vglambrecht.de\/cms\/wp-json\/wp\/v2\/alarmierungsart?post=14200"},{"taxonomy":"evw_unit","embeddable":true,"href":"https:\/\/feuerwehr-vglambrecht.de\/cms\/wp-json\/wp\/v2\/evw_unit?post=14200"}],"curies":[{"name":"wp","href":"https:\/\/api.w.org\/{rel}","templated":true}]}}