{"id":14164,"date":"2025-09-01T16:40:00","date_gmt":"2025-09-01T14:40:00","guid":{"rendered":"https:\/\/feuerwehr-vglambrecht.de\/cms\/?post_type=einsatz&#038;p=14164"},"modified":"2025-09-02T08:05:55","modified_gmt":"2025-09-02T06:05:55","slug":"brandeinsatz-rauchwarnmelder-haeuslich-b2-06-2","status":"publish","type":"einsatz","link":"https:\/\/feuerwehr-vglambrecht.de\/cms\/einsatzberichte\/brandeinsatz-rauchwarnmelder-haeuslich-b2-06-2\/","title":{"rendered":"Brandeinsatz &#8211; Rauchwarnmelder h\u00e4uslich (B2.06)"},"content":{"rendered":"<p>Ein piepsender Rauchwarnmelder in einer Lindenberger Wohnung f\u00fchrte am Montag, den 01.09.2025, um 16:40 Uhr zum Einsatz der Einheiten Lindenberg und Lambrecht. Nachdem durch die Eigent\u00fcmerin Zugang zur Wohnung erm\u00f6glicht wurde, konnte im Rahmen der Erkundung kein Rauch oder Feuer festgestellt werden. Mit \u00dcbergabe der Einsatzstelle an diese war der Einsatz nach etwa 25 Minuten beendet.<\/p>\n","protected":false},"author":22,"featured_media":12470,"template":"","meta":{"einsatz_weight":1,"footnotes":""},"categories":[],"tags":[180,383,373,137,398],"einsatzart":[7],"fahrzeug":[53,54,57],"exteinsatzmittel":[18,19,299,30,323],"alarmierungsart":[10],"evw_unit":[571,572],"class_list":["post-14164","einsatz","type-einsatz","status-publish","has-post-thumbnail","hentry","tag-brand","tag-feuerwehrvglambrecht","tag-immerda","tag-lindenberg","tag-wirfuereuch","einsatzart-brand","fahrzeug-lambrecht-33","fahrzeug-lambrecht-44","fahrzeug-lindenberg-47","exteinsatzmittel-fw_lam","exteinsatzmittel-fw_lin","exteinsatzmittel-fez-neustadt","exteinsatzmittel-pol","exteinsatzmittel-rettungdienst","alarmierungsart-dme-digitaler-meldeempfaenger","evw_unit-lambrecht","evw_unit-lindenberg"],"better_featured_image":{"id":12470,"alt_text":"","caption":"","description":"","media_type":"image","media_details":{"width":1200,"height":600,"file":"2024\/03\/rauchmeldertag-16-1200x600-1.jpeg","filesize":270043,"sizes":{"medium_large":{"file":"rauchmeldertag-16-1200x600-1-768x384.jpeg","width":768,"height":384,"mime-type":"image\/jpeg","filesize":91515,"source_url":"https:\/\/feuerwehr-vglambrecht.de\/cms\/wp-content\/uploads\/2024\/03\/rauchmeldertag-16-1200x600-1-768x384.jpeg"},"wptouch-new-thumbnail":{"file":"rauchmeldertag-16-1200x600-1-144x144.jpeg","width":144,"height":144,"mime-type":"image\/jpeg","filesize":13710,"source_url":"https:\/\/feuerwehr-vglambrecht.de\/cms\/wp-content\/uploads\/2024\/03\/rauchmeldertag-16-1200x600-1-144x144.jpeg"},"landing_image":{"file":"rauchmeldertag-16-1200x600-1-1024x460.jpeg","width":1024,"height":460,"mime-type":"image\/jpeg","filesize":126557,"source_url":"https:\/\/feuerwehr-vglambrecht.de\/cms\/wp-content\/uploads\/2024\/03\/rauchmeldertag-16-1200x600-1-1024x460.jpeg"},"thumbnail":{"file":"rauchmeldertag-16-1200x600-1-150x150.jpeg","width":150,"height":150,"source_url":"https:\/\/feuerwehr-vglambrecht.de\/cms\/wp-content\/uploads\/2024\/03\/rauchmeldertag-16-1200x600-1-150x150.jpeg"},"medium":{"file":"rauchmeldertag-16-1200x600-1-300x150.jpeg","width":300,"height":150,"source_url":"https:\/\/feuerwehr-vglambrecht.de\/cms\/wp-content\/uploads\/2024\/03\/rauchmeldertag-16-1200x600-1-300x150.jpeg"},"large":{"file":"rauchmeldertag-16-1200x600-1-1024x512.jpeg","width":1024,"height":512,"source_url":"https:\/\/feuerwehr-vglambrecht.de\/cms\/wp-content\/uploads\/2024\/03\/rauchmeldertag-16-1200x600-1-1024x512.jpeg"}},"image_meta":{"aperture":"0","credit":"Pat Scheidemann","camera":"","caption":"","created_timestamp":"1710591130","copyright":"pat scheidemann","focal_length":"0","iso":"0","shutter_speed":"0","title":"","orientation":"0","keywords":[]},"image-converter":{"thumbnail":"IME","medium":"IME","large":"IME"}},"post":12469,"source_url":"https:\/\/feuerwehr-vglambrecht.de\/cms\/wp-content\/uploads\/2024\/03\/rauchmeldertag-16-1200x600-1.jpeg"},"einsatz_ort":"Lindenberg","einsatz_ende":"2025-09-01 17:03","einsatz_beginn":"","_links":{"self":[{"href":"https:\/\/feuerwehr-vglambrecht.de\/cms\/wp-json\/wp\/v2\/einsatz\/14164","targetHints":{"allow":["GET"]}}],"collection":[{"href":"https:\/\/feuerwehr-vglambrecht.de\/cms\/wp-json\/wp\/v2\/einsatz"}],"about":[{"href":"https:\/\/feuerwehr-vglambrecht.de\/cms\/wp-json\/wp\/v2\/types\/einsatz"}],"author":[{"embeddable":true,"href":"https:\/\/feuerwehr-vglambrecht.de\/cms\/wp-json\/wp\/v2\/users\/22"}],"version-history":[{"count":2,"href":"https:\/\/feuerwehr-vglambrecht.de\/cms\/wp-json\/wp\/v2\/einsatz\/14164\/revisions"}],"predecessor-version":[{"id":14166,"href":"https:\/\/feuerwehr-vglambrecht.de\/cms\/wp-json\/wp\/v2\/einsatz\/14164\/revisions\/14166"}],"wp:featuredmedia":[{"embeddable":true,"href":"https:\/\/feuerwehr-vglambrecht.de\/cms\/wp-json\/wp\/v2\/media\/12470"}],"wp:attachment":[{"href":"https:\/\/feuerwehr-vglambrecht.de\/cms\/wp-json\/wp\/v2\/media?parent=14164"}],"wp:term":[{"taxonomy":"category","embeddable":true,"href":"https:\/\/feuerwehr-vglambrecht.de\/cms\/wp-json\/wp\/v2\/categories?post=14164"},{"taxonomy":"post_tag","embeddable":true,"href":"https:\/\/feuerwehr-vglambrecht.de\/cms\/wp-json\/wp\/v2\/tags?post=14164"},{"taxonomy":"einsatzart","embeddable":true,"href":"https:\/\/feuerwehr-vglambrecht.de\/cms\/wp-json\/wp\/v2\/einsatzart?post=14164"},{"taxonomy":"fahrzeug","embeddable":true,"href":"https:\/\/feuerwehr-vglambrecht.de\/cms\/wp-json\/wp\/v2\/fahrzeug?post=14164"},{"taxonomy":"exteinsatzmittel","embeddable":true,"href":"https:\/\/feuerwehr-vglambrecht.de\/cms\/wp-json\/wp\/v2\/exteinsatzmittel?post=14164"},{"taxonomy":"alarmierungsart","embeddable":true,"href":"https:\/\/feuerwehr-vglambrecht.de\/cms\/wp-json\/wp\/v2\/alarmierungsart?post=14164"},{"taxonomy":"evw_unit","embeddable":true,"href":"https:\/\/feuerwehr-vglambrecht.de\/cms\/wp-json\/wp\/v2\/evw_unit?post=14164"}],"curies":[{"name":"wp","href":"https:\/\/api.w.org\/{rel}","templated":true}]}}