{"id":14162,"date":"2025-08-31T11:39:00","date_gmt":"2025-08-31T09:39:00","guid":{"rendered":"https:\/\/feuerwehr-vglambrecht.de\/cms\/?post_type=einsatz&#038;p=14162"},"modified":"2025-09-02T07:54:09","modified_gmt":"2025-09-02T05:54:09","slug":"hilfeleistung-unterstuetzung-rettungsdienst-h2-08","status":"publish","type":"einsatz","link":"https:\/\/feuerwehr-vglambrecht.de\/cms\/einsatzberichte\/hilfeleistung-unterstuetzung-rettungsdienst-h2-08\/","title":{"rendered":"Hilfeleistung &#8211; Unterst\u00fctzung Rettungsdienst (H2.08)"},"content":{"rendered":"<p>Aufgrund eines medizinischen Notfalls und fehlender M\u00f6glichkeit, eine Person auf anderem Weg aus einem Geb\u00e4ude zu transportieren, wurde die Einheit Lambrecht am Sonntag, den 31.08.2025, um 11:39 Uhr alarmiert. Die durch den bereits anwesenden Rettungsdienst sowie Notarzt versorgte Person wurde mittels Schleifkorbtrage und Drehleiter aus ihrer Wohnung f\u00fcr den weiteren Transport in ein Krankenhaus verbracht. Der Einsatz dauerte f\u00fcr die Kr\u00e4fte der Feuerwehr rund 35 Minuten.<\/p>\n","protected":false},"author":22,"featured_media":12282,"template":"","meta":{"einsatz_weight":1,"footnotes":""},"categories":[],"tags":[383,378,373,504,398],"einsatzart":[33],"fahrzeug":[53,55],"exteinsatzmittel":[18,299,187,31],"alarmierungsart":[10],"evw_unit":[571],"class_list":["post-14162","einsatz","type-einsatz","status-publish","has-post-thumbnail","hentry","tag-feuerwehrvglambrecht","tag-hilfeleistung","tag-immerda","tag-unterstuetzung-rettungsdienst","tag-wirfuereuch","einsatzart-th","fahrzeug-lambrecht-33","fahrzeug-lambrecht-51","exteinsatzmittel-fw_lam","exteinsatzmittel-fez-neustadt","exteinsatzmittel-notarzt","exteinsatzmittel-drk","alarmierungsart-dme-digitaler-meldeempfaenger","evw_unit-lambrecht"],"better_featured_image":{"id":12282,"alt_text":"","caption":"","description":"","media_type":"image","media_details":{"width":2560,"height":1707,"file":"2024\/01\/DLK-scaled.jpg","filesize":625347,"sizes":{"medium_large":{"file":"DLK-768x512.jpg","width":768,"height":512,"mime-type":"image\/jpeg","filesize":92039,"source_url":"https:\/\/feuerwehr-vglambrecht.de\/cms\/wp-content\/uploads\/2024\/01\/DLK-768x512.jpg"},"1536x1536":{"file":"DLK-1536x1024.jpg","width":1536,"height":1024,"mime-type":"image\/jpeg","filesize":273753,"source_url":"https:\/\/feuerwehr-vglambrecht.de\/cms\/wp-content\/uploads\/2024\/01\/DLK-1536x1024.jpg"},"2048x2048":{"file":"DLK-2048x1365.jpg","width":2048,"height":1365,"mime-type":"image\/jpeg","filesize":436892,"source_url":"https:\/\/feuerwehr-vglambrecht.de\/cms\/wp-content\/uploads\/2024\/01\/DLK-2048x1365.jpg"},"wptouch-new-thumbnail":{"file":"DLK-144x144.jpg","width":144,"height":144,"mime-type":"image\/jpeg","filesize":14933,"source_url":"https:\/\/feuerwehr-vglambrecht.de\/cms\/wp-content\/uploads\/2024\/01\/DLK-144x144.jpg"},"landing_image":{"file":"DLK-1024x460.jpg","width":1024,"height":460,"mime-type":"image\/jpeg","filesize":106443,"source_url":"https:\/\/feuerwehr-vglambrecht.de\/cms\/wp-content\/uploads\/2024\/01\/DLK-1024x460.jpg"},"thumbnail":{"file":"DLK-150x150.jpg","width":150,"height":150,"source_url":"https:\/\/feuerwehr-vglambrecht.de\/cms\/wp-content\/uploads\/2024\/01\/DLK-150x150.jpg"},"medium":{"file":"DLK-300x200.jpg","width":300,"height":200,"source_url":"https:\/\/feuerwehr-vglambrecht.de\/cms\/wp-content\/uploads\/2024\/01\/DLK-300x200.jpg"},"large":{"file":"DLK-1024x683.jpg","width":1024,"height":683,"source_url":"https:\/\/feuerwehr-vglambrecht.de\/cms\/wp-content\/uploads\/2024\/01\/DLK-1024x683.jpg"}},"image_meta":{"aperture":"4.5","credit":"","camera":"Canon EOS 1300D","caption":"","created_timestamp":"1509461142","copyright":"","focal_length":"35","iso":"500","shutter_speed":"0.002","title":"","orientation":"0","keywords":[]},"original_image":"DLK.jpg","image-converter":{"thumbnail":"IME","medium":"IME","large":"IME"}},"post":12279,"source_url":"https:\/\/feuerwehr-vglambrecht.de\/cms\/wp-content\/uploads\/2024\/01\/DLK-scaled.jpg"},"einsatz_ort":"Lambrecht","einsatz_ende":"2025-08-31 12:18","einsatz_beginn":"","_links":{"self":[{"href":"https:\/\/feuerwehr-vglambrecht.de\/cms\/wp-json\/wp\/v2\/einsatz\/14162","targetHints":{"allow":["GET"]}}],"collection":[{"href":"https:\/\/feuerwehr-vglambrecht.de\/cms\/wp-json\/wp\/v2\/einsatz"}],"about":[{"href":"https:\/\/feuerwehr-vglambrecht.de\/cms\/wp-json\/wp\/v2\/types\/einsatz"}],"author":[{"embeddable":true,"href":"https:\/\/feuerwehr-vglambrecht.de\/cms\/wp-json\/wp\/v2\/users\/22"}],"version-history":[{"count":1,"href":"https:\/\/feuerwehr-vglambrecht.de\/cms\/wp-json\/wp\/v2\/einsatz\/14162\/revisions"}],"predecessor-version":[{"id":14163,"href":"https:\/\/feuerwehr-vglambrecht.de\/cms\/wp-json\/wp\/v2\/einsatz\/14162\/revisions\/14163"}],"wp:featuredmedia":[{"embeddable":true,"href":"https:\/\/feuerwehr-vglambrecht.de\/cms\/wp-json\/wp\/v2\/media\/12282"}],"wp:attachment":[{"href":"https:\/\/feuerwehr-vglambrecht.de\/cms\/wp-json\/wp\/v2\/media?parent=14162"}],"wp:term":[{"taxonomy":"category","embeddable":true,"href":"https:\/\/feuerwehr-vglambrecht.de\/cms\/wp-json\/wp\/v2\/categories?post=14162"},{"taxonomy":"post_tag","embeddable":true,"href":"https:\/\/feuerwehr-vglambrecht.de\/cms\/wp-json\/wp\/v2\/tags?post=14162"},{"taxonomy":"einsatzart","embeddable":true,"href":"https:\/\/feuerwehr-vglambrecht.de\/cms\/wp-json\/wp\/v2\/einsatzart?post=14162"},{"taxonomy":"fahrzeug","embeddable":true,"href":"https:\/\/feuerwehr-vglambrecht.de\/cms\/wp-json\/wp\/v2\/fahrzeug?post=14162"},{"taxonomy":"exteinsatzmittel","embeddable":true,"href":"https:\/\/feuerwehr-vglambrecht.de\/cms\/wp-json\/wp\/v2\/exteinsatzmittel?post=14162"},{"taxonomy":"alarmierungsart","embeddable":true,"href":"https:\/\/feuerwehr-vglambrecht.de\/cms\/wp-json\/wp\/v2\/alarmierungsart?post=14162"},{"taxonomy":"evw_unit","embeddable":true,"href":"https:\/\/feuerwehr-vglambrecht.de\/cms\/wp-json\/wp\/v2\/evw_unit?post=14162"}],"curies":[{"name":"wp","href":"https:\/\/api.w.org\/{rel}","templated":true}]}}