{"id":14149,"date":"2025-08-28T07:39:00","date_gmt":"2025-08-28T05:39:00","guid":{"rendered":"https:\/\/feuerwehr-vglambrecht.de\/cms\/?post_type=einsatz&#038;p=14149"},"modified":"2025-08-29T19:01:12","modified_gmt":"2025-08-29T17:01:12","slug":"brandeinsatz-brandmeldeanlage-b2-07-2","status":"publish","type":"einsatz","link":"https:\/\/feuerwehr-vglambrecht.de\/cms\/einsatzberichte\/brandeinsatz-brandmeldeanlage-b2-07-2\/","title":{"rendered":"Brandeinsatz &#8211; Brandmeldeanlage (B2.07)"},"content":{"rendered":"<p>Eine in einem Lambrechter Pflegeheim ausgel\u00f6ste Brandmeldeanlage machte am Donnerstag, den 28.08.2025, um 7:39 Uhr den Einsatz der Einheiten Lambrecht und Lindenberg erforderlich. Nach Eintreffen der Einsatzkr\u00e4fte konnte keine Brandmeldung best\u00e4tigt werden, die Anlage wurde zur\u00fcck gesetzt und an den Betreiber \u00fcbergeben. Der Einsatz war nach etwa 15 Minuten beendet.<\/p>\n","protected":false},"author":22,"featured_media":12584,"template":"","meta":{"einsatz_weight":1,"footnotes":""},"categories":[],"tags":[163,388,383,373,142,398],"einsatzart":[8],"fahrzeug":[54,57],"exteinsatzmittel":[18,19,299,30,323],"alarmierungsart":[10],"evw_unit":[571,572],"class_list":["post-14149","einsatz","type-einsatz","status-publish","has-post-thumbnail","hentry","tag-brandmeldeanlage","tag-ehrenamt","tag-feuerwehrvglambrecht","tag-immerda","tag-lambrecht","tag-wirfuereuch","einsatzart-bma","fahrzeug-lambrecht-44","fahrzeug-lindenberg-47","exteinsatzmittel-fw_lam","exteinsatzmittel-fw_lin","exteinsatzmittel-fez-neustadt","exteinsatzmittel-pol","exteinsatzmittel-rettungdienst","alarmierungsart-dme-digitaler-meldeempfaenger","evw_unit-lambrecht","evw_unit-lindenberg"],"better_featured_image":{"id":12584,"alt_text":"","caption":"","description":"","media_type":"image","media_details":{"width":800,"height":417,"file":"2024\/04\/5710203091912407553.jpeg","filesize":52889,"sizes":{"medium_large":{"file":"5710203091912407553-768x400.jpeg","width":768,"height":400,"mime-type":"image\/jpeg","filesize":53808,"source_url":"https:\/\/feuerwehr-vglambrecht.de\/cms\/wp-content\/uploads\/2024\/04\/5710203091912407553-768x400.jpeg"},"wptouch-new-thumbnail":{"file":"5710203091912407553-144x144.jpeg","width":144,"height":144,"mime-type":"image\/jpeg","filesize":4559,"source_url":"https:\/\/feuerwehr-vglambrecht.de\/cms\/wp-content\/uploads\/2024\/04\/5710203091912407553-144x144.jpeg"},"thumbnail":{"file":"5710203091912407553-150x150.jpeg","width":150,"height":150,"source_url":"https:\/\/feuerwehr-vglambrecht.de\/cms\/wp-content\/uploads\/2024\/04\/5710203091912407553-150x150.jpeg"},"medium":{"file":"5710203091912407553-300x156.jpeg","width":300,"height":156,"source_url":"https:\/\/feuerwehr-vglambrecht.de\/cms\/wp-content\/uploads\/2024\/04\/5710203091912407553-300x156.jpeg"}},"image_meta":{"aperture":"0","credit":"","camera":"","caption":"","created_timestamp":"0","copyright":"","focal_length":"0","iso":"0","shutter_speed":"0","title":"","orientation":"0","keywords":[]},"image-converter":{"thumbnail":"IME","medium":"IME"}},"post":12583,"source_url":"https:\/\/feuerwehr-vglambrecht.de\/cms\/wp-content\/uploads\/2024\/04\/5710203091912407553.jpeg"},"einsatz_ort":"Lambrecht","einsatz_ende":"2025-08-28 07:53","einsatz_beginn":"","_links":{"self":[{"href":"https:\/\/feuerwehr-vglambrecht.de\/cms\/wp-json\/wp\/v2\/einsatz\/14149","targetHints":{"allow":["GET"]}}],"collection":[{"href":"https:\/\/feuerwehr-vglambrecht.de\/cms\/wp-json\/wp\/v2\/einsatz"}],"about":[{"href":"https:\/\/feuerwehr-vglambrecht.de\/cms\/wp-json\/wp\/v2\/types\/einsatz"}],"author":[{"embeddable":true,"href":"https:\/\/feuerwehr-vglambrecht.de\/cms\/wp-json\/wp\/v2\/users\/22"}],"version-history":[{"count":1,"href":"https:\/\/feuerwehr-vglambrecht.de\/cms\/wp-json\/wp\/v2\/einsatz\/14149\/revisions"}],"predecessor-version":[{"id":14150,"href":"https:\/\/feuerwehr-vglambrecht.de\/cms\/wp-json\/wp\/v2\/einsatz\/14149\/revisions\/14150"}],"wp:featuredmedia":[{"embeddable":true,"href":"https:\/\/feuerwehr-vglambrecht.de\/cms\/wp-json\/wp\/v2\/media\/12584"}],"wp:attachment":[{"href":"https:\/\/feuerwehr-vglambrecht.de\/cms\/wp-json\/wp\/v2\/media?parent=14149"}],"wp:term":[{"taxonomy":"category","embeddable":true,"href":"https:\/\/feuerwehr-vglambrecht.de\/cms\/wp-json\/wp\/v2\/categories?post=14149"},{"taxonomy":"post_tag","embeddable":true,"href":"https:\/\/feuerwehr-vglambrecht.de\/cms\/wp-json\/wp\/v2\/tags?post=14149"},{"taxonomy":"einsatzart","embeddable":true,"href":"https:\/\/feuerwehr-vglambrecht.de\/cms\/wp-json\/wp\/v2\/einsatzart?post=14149"},{"taxonomy":"fahrzeug","embeddable":true,"href":"https:\/\/feuerwehr-vglambrecht.de\/cms\/wp-json\/wp\/v2\/fahrzeug?post=14149"},{"taxonomy":"exteinsatzmittel","embeddable":true,"href":"https:\/\/feuerwehr-vglambrecht.de\/cms\/wp-json\/wp\/v2\/exteinsatzmittel?post=14149"},{"taxonomy":"alarmierungsart","embeddable":true,"href":"https:\/\/feuerwehr-vglambrecht.de\/cms\/wp-json\/wp\/v2\/alarmierungsart?post=14149"},{"taxonomy":"evw_unit","embeddable":true,"href":"https:\/\/feuerwehr-vglambrecht.de\/cms\/wp-json\/wp\/v2\/evw_unit?post=14149"}],"curies":[{"name":"wp","href":"https:\/\/api.w.org\/{rel}","templated":true}]}}