{"id":14134,"date":"2025-08-25T17:13:00","date_gmt":"2025-08-25T15:13:00","guid":{"rendered":"https:\/\/feuerwehr-vglambrecht.de\/cms\/?post_type=einsatz&#038;p=14134"},"modified":"2025-08-26T09:37:41","modified_gmt":"2025-08-26T07:37:41","slug":"brandeinsatz-vegetationsbrand-klein-b1-02-3","status":"publish","type":"einsatz","link":"https:\/\/feuerwehr-vglambrecht.de\/cms\/einsatzberichte\/brandeinsatz-vegetationsbrand-klein-b1-02-3\/","title":{"rendered":"Brandeinsatz &#8211; Vegetationsbrand klein (B1.02)"},"content":{"rendered":"<p>Ein Brand im Bereich der Bahnsteige des Lambrechter Bahnhofs besch\u00e4ftigte am sp\u00e4ten Montagnachmittag, den 25.08.2025, die Einheiten Lambrecht und Lindenberg. Im Bereich eines Schaltkastens, der durch das Feuer ebenfalls in Mitleidenschaft gezogen wurde, hatte es aus unbekannten Gr\u00fcnden gebrannt. Nach Verst\u00e4ndigung und \u00dcbergabe der Einsatzstelle an die entsprechenden Stellen konnte der Einsatz nach rund 45 Minuten beendet werden.<\/p>\n","protected":false},"author":22,"featured_media":12478,"template":"","meta":{"einsatz_weight":1,"footnotes":""},"categories":[],"tags":[180,388,383,373,142,398],"einsatzart":[7],"fahrzeug":[50,51,550,58,57,570],"exteinsatzmittel":[99,211,18,19,299,30],"alarmierungsart":[10],"evw_unit":[571,572],"class_list":["post-14134","einsatz","type-einsatz","status-publish","has-post-thumbnail","hentry","tag-brand","tag-ehrenamt","tag-feuerwehrvglambrecht","tag-immerda","tag-lambrecht","tag-wirfuereuch","einsatzart-brand","fahrzeug-lambrecht-21","fahrzeug-lambrecht-241","fahrzeug-4-71-1","fahrzeug-lindenberg-19","fahrzeug-lindenberg-47","fahrzeug-rheinpfalz-lu-1-23-8","exteinsatzmittel-bundespolizei","exteinsatzmittel-db-notfallmanager","exteinsatzmittel-fw_lam","exteinsatzmittel-fw_lin","exteinsatzmittel-fez-neustadt","exteinsatzmittel-pol","alarmierungsart-dme-digitaler-meldeempfaenger","evw_unit-lambrecht","evw_unit-lindenberg"],"better_featured_image":{"id":12478,"alt_text":"Feuerwehr Warndreieck Symbolbild","caption":"","description":"Feuerwehr Warndreieck Symbolbild","media_type":"image","media_details":{"width":1080,"height":608,"file":"2024\/03\/572709_1_detailsm2x_965834_NATIVE_62c2b1f29b9da.jpg","filesize":198988,"sizes":{"medium_large":{"file":"572709_1_detailsm2x_965834_NATIVE_62c2b1f29b9da-768x432.jpg","width":768,"height":432,"mime-type":"image\/jpeg","filesize":69185,"source_url":"https:\/\/feuerwehr-vglambrecht.de\/cms\/wp-content\/uploads\/2024\/03\/572709_1_detailsm2x_965834_NATIVE_62c2b1f29b9da-768x432.jpg"},"wptouch-new-thumbnail":{"file":"572709_1_detailsm2x_965834_NATIVE_62c2b1f29b9da-144x144.jpg","width":144,"height":144,"mime-type":"image\/jpeg","filesize":10222,"source_url":"https:\/\/feuerwehr-vglambrecht.de\/cms\/wp-content\/uploads\/2024\/03\/572709_1_detailsm2x_965834_NATIVE_62c2b1f29b9da-144x144.jpg"},"landing_image":{"file":"572709_1_detailsm2x_965834_NATIVE_62c2b1f29b9da-1024x460.jpg","width":1024,"height":460,"mime-type":"image\/jpeg","filesize":86467,"source_url":"https:\/\/feuerwehr-vglambrecht.de\/cms\/wp-content\/uploads\/2024\/03\/572709_1_detailsm2x_965834_NATIVE_62c2b1f29b9da-1024x460.jpg"},"thumbnail":{"file":"572709_1_detailsm2x_965834_NATIVE_62c2b1f29b9da-150x150.jpg","width":150,"height":150,"source_url":"https:\/\/feuerwehr-vglambrecht.de\/cms\/wp-content\/uploads\/2024\/03\/572709_1_detailsm2x_965834_NATIVE_62c2b1f29b9da-150x150.jpg"},"medium":{"file":"572709_1_detailsm2x_965834_NATIVE_62c2b1f29b9da-300x169.jpg","width":300,"height":169,"source_url":"https:\/\/feuerwehr-vglambrecht.de\/cms\/wp-content\/uploads\/2024\/03\/572709_1_detailsm2x_965834_NATIVE_62c2b1f29b9da-300x169.jpg"},"large":{"file":"572709_1_detailsm2x_965834_NATIVE_62c2b1f29b9da-1024x576.jpg","width":1024,"height":576,"source_url":"https:\/\/feuerwehr-vglambrecht.de\/cms\/wp-content\/uploads\/2024\/03\/572709_1_detailsm2x_965834_NATIVE_62c2b1f29b9da-1024x576.jpg"}},"image_meta":{"aperture":"9","credit":"","camera":"ILCE-7M3","caption":"","created_timestamp":"1597915246","copyright":"","focal_length":"105","iso":"500","shutter_speed":"0.0025","title":"","orientation":"1","keywords":[]},"image-converter":{"thumbnail":"IME","medium":"IME","large":"IME"}},"post":12477,"source_url":"https:\/\/feuerwehr-vglambrecht.de\/cms\/wp-content\/uploads\/2024\/03\/572709_1_detailsm2x_965834_NATIVE_62c2b1f29b9da.jpg"},"einsatz_ort":"Lambrecht","einsatz_ende":"2025-08-25 17:57","einsatz_beginn":"","_links":{"self":[{"href":"https:\/\/feuerwehr-vglambrecht.de\/cms\/wp-json\/wp\/v2\/einsatz\/14134","targetHints":{"allow":["GET"]}}],"collection":[{"href":"https:\/\/feuerwehr-vglambrecht.de\/cms\/wp-json\/wp\/v2\/einsatz"}],"about":[{"href":"https:\/\/feuerwehr-vglambrecht.de\/cms\/wp-json\/wp\/v2\/types\/einsatz"}],"author":[{"embeddable":true,"href":"https:\/\/feuerwehr-vglambrecht.de\/cms\/wp-json\/wp\/v2\/users\/22"}],"version-history":[{"count":3,"href":"https:\/\/feuerwehr-vglambrecht.de\/cms\/wp-json\/wp\/v2\/einsatz\/14134\/revisions"}],"predecessor-version":[{"id":14137,"href":"https:\/\/feuerwehr-vglambrecht.de\/cms\/wp-json\/wp\/v2\/einsatz\/14134\/revisions\/14137"}],"wp:featuredmedia":[{"embeddable":true,"href":"https:\/\/feuerwehr-vglambrecht.de\/cms\/wp-json\/wp\/v2\/media\/12478"}],"wp:attachment":[{"href":"https:\/\/feuerwehr-vglambrecht.de\/cms\/wp-json\/wp\/v2\/media?parent=14134"}],"wp:term":[{"taxonomy":"category","embeddable":true,"href":"https:\/\/feuerwehr-vglambrecht.de\/cms\/wp-json\/wp\/v2\/categories?post=14134"},{"taxonomy":"post_tag","embeddable":true,"href":"https:\/\/feuerwehr-vglambrecht.de\/cms\/wp-json\/wp\/v2\/tags?post=14134"},{"taxonomy":"einsatzart","embeddable":true,"href":"https:\/\/feuerwehr-vglambrecht.de\/cms\/wp-json\/wp\/v2\/einsatzart?post=14134"},{"taxonomy":"fahrzeug","embeddable":true,"href":"https:\/\/feuerwehr-vglambrecht.de\/cms\/wp-json\/wp\/v2\/fahrzeug?post=14134"},{"taxonomy":"exteinsatzmittel","embeddable":true,"href":"https:\/\/feuerwehr-vglambrecht.de\/cms\/wp-json\/wp\/v2\/exteinsatzmittel?post=14134"},{"taxonomy":"alarmierungsart","embeddable":true,"href":"https:\/\/feuerwehr-vglambrecht.de\/cms\/wp-json\/wp\/v2\/alarmierungsart?post=14134"},{"taxonomy":"evw_unit","embeddable":true,"href":"https:\/\/feuerwehr-vglambrecht.de\/cms\/wp-json\/wp\/v2\/evw_unit?post=14134"}],"curies":[{"name":"wp","href":"https:\/\/api.w.org\/{rel}","templated":true}]}}