{"id":14130,"date":"2025-08-23T16:15:00","date_gmt":"2025-08-23T14:15:00","guid":{"rendered":"https:\/\/feuerwehr-vglambrecht.de\/cms\/?post_type=einsatz&#038;p=14130"},"modified":"2025-08-24T08:33:29","modified_gmt":"2025-08-24T06:33:29","slug":"verkehrsunfall-h2-03-36","status":"publish","type":"einsatz","link":"https:\/\/feuerwehr-vglambrecht.de\/cms\/einsatzberichte\/verkehrsunfall-h2-03-36\/","title":{"rendered":"Verkehrsunfall (H2.03)"},"content":{"rendered":"<p>Am Samstagnachmittag wurden die Einheiten Esthal, Frankeneck und Lambrecht zu einem unklaren Verkehrsunfall mit mehreren verletzten Personen auf die K23 zwischen Esthal und Frankeneck alarmiert.<\/p>\n<p>Ein Pkw, aus Fahrtrichtung Frankeneck kommend in Richtung Esthal, kam infolge nicht angepasster Geschwindigkeit nach rechts von der Fahrbahn ab, geriet in den Gr\u00fcnstreifen, schleuderte \u00fcber die Fahrbahn und kollidierte mit der Beifahrerseite mit einem Baum. Der Baum wurde dabei gef\u00e4llt. Anschlie\u00dfend kam das Fahrzeug ca. 3 m tiefer im Stra\u00dfengraben in einem Bach zum Stillstand.<\/p>\n<p>Beide Insassen hatten das Fahrzeug bei Eintreffen der Feuerwehr bereits verlassen und wurden durch den Rettungsdienst versorgt. Sie erlitten leichte Verletzungen und wurden zur weiteren Behandlung in ein Krankenhaus eingeliefert.<\/p>\n<p>W\u00e4hren der Einsatzma\u00dfnahmen musste die K23 immer wieder voll gesperrt werden.<\/p>\n\n<div class=\"ngg-galleryoverview\" id=\"ngg-gallery-554-14130\">\n\n\t<!-- Slideshow link -->\n\t<div class=\"slideshowlink\">\n\t\t<a class=\"slideshowlink\" href=\"https:\/\/feuerwehr-vglambrecht.de\/cms\/einsatzberichte\/verkehrsunfall-h2-03-36\/nggallery\/slideshow\">\n\t\t\t[Show as slideshow]\t\t<\/a>\n\t<\/div>\n\n\t\n\t<!-- Thumbnails -->\n\t\t\n\t<div id=\"ngg-image-3281\" class=\"ngg-gallery-thumbnail-box\"  >\n\t\t<div class=\"ngg-gallery-thumbnail\" >\n\t\t\t<a href=\"https:\/\/feuerwehr-vglambrecht.de\/cms\/wp-content\/gallery\/vu-k23_6\/img_0096.jpg\" title=\" \" class=\"shutterset_set_554\" >\n\t\t\t\t\t\t\t\t<img loading=\"lazy\" decoding=\"async\" title=\"img_0096\" alt=\"img_0096\" src=\"https:\/\/feuerwehr-vglambrecht.de\/cms\/wp-content\/gallery\/vu-k23_6\/thumbs\/thumbs_img_0096.jpg\" width=\"100\" height=\"75\" \/>\n\t\t\t\t\t\t\t<\/a>\n\t\t<\/div>\n\t<\/div>\n\t\n\t\t\n \t\t\n\t<div id=\"ngg-image-3282\" class=\"ngg-gallery-thumbnail-box\"  >\n\t\t<div class=\"ngg-gallery-thumbnail\" >\n\t\t\t<a href=\"https:\/\/feuerwehr-vglambrecht.de\/cms\/wp-content\/gallery\/vu-k23_6\/img_0097.jpg\" title=\" \" class=\"shutterset_set_554\" >\n\t\t\t\t\t\t\t\t<img loading=\"lazy\" decoding=\"async\" title=\"img_0097\" alt=\"img_0097\" src=\"https:\/\/feuerwehr-vglambrecht.de\/cms\/wp-content\/gallery\/vu-k23_6\/thumbs\/thumbs_img_0097.jpg\" width=\"100\" height=\"75\" \/>\n\t\t\t\t\t\t\t<\/a>\n\t\t<\/div>\n\t<\/div>\n\t\n\t\t\n \t\t\n\t<div id=\"ngg-image-3283\" class=\"ngg-gallery-thumbnail-box\"  >\n\t\t<div class=\"ngg-gallery-thumbnail\" >\n\t\t\t<a href=\"https:\/\/feuerwehr-vglambrecht.de\/cms\/wp-content\/gallery\/vu-k23_6\/img_0099.jpg\" title=\" \" class=\"shutterset_set_554\" >\n\t\t\t\t\t\t\t\t<img loading=\"lazy\" decoding=\"async\" title=\"img_0099\" alt=\"img_0099\" src=\"https:\/\/feuerwehr-vglambrecht.de\/cms\/wp-content\/gallery\/vu-k23_6\/thumbs\/thumbs_img_0099.jpg\" width=\"100\" height=\"75\" \/>\n\t\t\t\t\t\t\t<\/a>\n\t\t<\/div>\n\t<\/div>\n\t\n\t\t\n \t\t\n\t<div id=\"ngg-image-3284\" class=\"ngg-gallery-thumbnail-box\"  >\n\t\t<div class=\"ngg-gallery-thumbnail\" >\n\t\t\t<a href=\"https:\/\/feuerwehr-vglambrecht.de\/cms\/wp-content\/gallery\/vu-k23_6\/img_0100.jpg\" title=\" \" class=\"shutterset_set_554\" >\n\t\t\t\t\t\t\t\t<img loading=\"lazy\" decoding=\"async\" title=\"img_0100\" alt=\"img_0100\" src=\"https:\/\/feuerwehr-vglambrecht.de\/cms\/wp-content\/gallery\/vu-k23_6\/thumbs\/thumbs_img_0100.jpg\" width=\"100\" height=\"75\" \/>\n\t\t\t\t\t\t\t<\/a>\n\t\t<\/div>\n\t<\/div>\n\t\n\t\t\n \t\t\n\t<div id=\"ngg-image-3285\" class=\"ngg-gallery-thumbnail-box\"  >\n\t\t<div class=\"ngg-gallery-thumbnail\" >\n\t\t\t<a href=\"https:\/\/feuerwehr-vglambrecht.de\/cms\/wp-content\/gallery\/vu-k23_6\/img_0102.jpg\" title=\" \" class=\"shutterset_set_554\" >\n\t\t\t\t\t\t\t\t<img loading=\"lazy\" decoding=\"async\" title=\"img_0102\" alt=\"img_0102\" src=\"https:\/\/feuerwehr-vglambrecht.de\/cms\/wp-content\/gallery\/vu-k23_6\/thumbs\/thumbs_img_0102.jpg\" width=\"100\" height=\"75\" \/>\n\t\t\t\t\t\t\t<\/a>\n\t\t<\/div>\n\t<\/div>\n\t\n\t\t\n \t\t\n\t<div id=\"ngg-image-3286\" class=\"ngg-gallery-thumbnail-box\"  >\n\t\t<div class=\"ngg-gallery-thumbnail\" >\n\t\t\t<a href=\"https:\/\/feuerwehr-vglambrecht.de\/cms\/wp-content\/gallery\/vu-k23_6\/img_0103.jpg\" title=\" \" class=\"shutterset_set_554\" >\n\t\t\t\t\t\t\t\t<img loading=\"lazy\" decoding=\"async\" title=\"img_0103\" alt=\"img_0103\" src=\"https:\/\/feuerwehr-vglambrecht.de\/cms\/wp-content\/gallery\/vu-k23_6\/thumbs\/thumbs_img_0103.jpg\" width=\"100\" height=\"75\" \/>\n\t\t\t\t\t\t\t<\/a>\n\t\t<\/div>\n\t<\/div>\n\t\n\t\t\n \t\t\n\t<div id=\"ngg-image-3287\" class=\"ngg-gallery-thumbnail-box\"  >\n\t\t<div class=\"ngg-gallery-thumbnail\" >\n\t\t\t<a href=\"https:\/\/feuerwehr-vglambrecht.de\/cms\/wp-content\/gallery\/vu-k23_6\/img_0109.jpg\" title=\" \" class=\"shutterset_set_554\" >\n\t\t\t\t\t\t\t\t<img loading=\"lazy\" decoding=\"async\" title=\"img_0109\" alt=\"img_0109\" src=\"https:\/\/feuerwehr-vglambrecht.de\/cms\/wp-content\/gallery\/vu-k23_6\/thumbs\/thumbs_img_0109.jpg\" width=\"100\" height=\"75\" \/>\n\t\t\t\t\t\t\t<\/a>\n\t\t<\/div>\n\t<\/div>\n\t\n\t\t\n \t\t\n\t<div id=\"ngg-image-3288\" class=\"ngg-gallery-thumbnail-box\"  >\n\t\t<div class=\"ngg-gallery-thumbnail\" >\n\t\t\t<a href=\"https:\/\/feuerwehr-vglambrecht.de\/cms\/wp-content\/gallery\/vu-k23_6\/img_0110.jpg\" title=\" \" class=\"shutterset_set_554\" >\n\t\t\t\t\t\t\t\t<img loading=\"lazy\" decoding=\"async\" title=\"img_0110\" alt=\"img_0110\" src=\"https:\/\/feuerwehr-vglambrecht.de\/cms\/wp-content\/gallery\/vu-k23_6\/thumbs\/thumbs_img_0110.jpg\" width=\"100\" height=\"75\" \/>\n\t\t\t\t\t\t\t<\/a>\n\t\t<\/div>\n\t<\/div>\n\t\n\t\t\n \t \t\n\t<!-- Pagination -->\n \t<div class='ngg-clear'><\/div>\n \t\n<\/div>\n\n\n","protected":false},"author":17,"featured_media":14131,"template":"","meta":{"einsatz_weight":1,"footnotes":""},"categories":[],"tags":[138,141,373,142],"einsatzart":[33],"fahrzeug":[350,307,44,45,49,54],"exteinsatzmittel":[317,12,13,18,187,30,468,323,387],"alarmierungsart":[10],"evw_unit":[577,573,571],"class_list":["post-14130","einsatz","type-einsatz","status-publish","has-post-thumbnail","hentry","tag-esthal","tag-frankeneck","tag-immerda","tag-lambrecht","einsatzart-th","fahrzeug-esthal-19-2","fahrzeug-307","fahrzeug-frankeneck-40","fahrzeug-frankeneck-73","fahrzeug-lambrecht-11","fahrzeug-lambrecht-44","exteinsatzmittel-abschleppdienst","exteinsatzmittel-fw_est","exteinsatzmittel-fw_fra","exteinsatzmittel-fw_lam","exteinsatzmittel-notarzt","exteinsatzmittel-pol","exteinsatzmittel-presseteam-feuerwehr-vg-lambrecht","exteinsatzmittel-rettungdienst","exteinsatzmittel-rettungsdienst-hochspeyer","alarmierungsart-dme-digitaler-meldeempfaenger","evw_unit-esthal","evw_unit-frankeneck","evw_unit-lambrecht"],"better_featured_image":{"id":14131,"alt_text":"","caption":"","description":"","media_type":"image","media_details":{"width":2560,"height":1920,"file":"2025\/08\/IMG_0110-scaled.jpeg","filesize":1050875,"sizes":{"medium_large":{"file":"IMG_0110-768x576.jpeg","width":768,"height":576,"mime-type":"image\/jpeg","filesize":147160,"source_url":"https:\/\/feuerwehr-vglambrecht.de\/cms\/wp-content\/uploads\/2025\/08\/IMG_0110-768x576.jpeg"},"1536x1536":{"file":"IMG_0110-1536x1152.jpeg","width":1536,"height":1152,"mime-type":"image\/jpeg","filesize":438435,"source_url":"https:\/\/feuerwehr-vglambrecht.de\/cms\/wp-content\/uploads\/2025\/08\/IMG_0110-1536x1152.jpeg"},"2048x2048":{"file":"IMG_0110-2048x1536.jpeg","width":2048,"height":1536,"mime-type":"image\/jpeg","filesize":718406,"source_url":"https:\/\/feuerwehr-vglambrecht.de\/cms\/wp-content\/uploads\/2025\/08\/IMG_0110-2048x1536.jpeg"},"wptouch-new-thumbnail":{"file":"IMG_0110-144x144.jpeg","width":144,"height":144,"mime-type":"image\/jpeg","filesize":48396,"source_url":"https:\/\/feuerwehr-vglambrecht.de\/cms\/wp-content\/uploads\/2025\/08\/IMG_0110-144x144.jpeg"},"landing_image":{"file":"IMG_0110-1024x460.jpeg","width":1024,"height":460,"mime-type":"image\/jpeg","filesize":158546,"source_url":"https:\/\/feuerwehr-vglambrecht.de\/cms\/wp-content\/uploads\/2025\/08\/IMG_0110-1024x460.jpeg"},"thumbnail":{"file":"IMG_0110-150x150.jpeg","width":150,"height":150,"source_url":"https:\/\/feuerwehr-vglambrecht.de\/cms\/wp-content\/uploads\/2025\/08\/IMG_0110-150x150.jpeg"},"medium":{"file":"IMG_0110-300x225.jpeg","width":300,"height":225,"source_url":"https:\/\/feuerwehr-vglambrecht.de\/cms\/wp-content\/uploads\/2025\/08\/IMG_0110-300x225.jpeg"},"large":{"file":"IMG_0110-1024x768.jpeg","width":1024,"height":768,"source_url":"https:\/\/feuerwehr-vglambrecht.de\/cms\/wp-content\/uploads\/2025\/08\/IMG_0110-1024x768.jpeg"}},"image_meta":{"aperture":"1.6","credit":"","camera":"iPhone 15","caption":"","created_timestamp":"1755972607","copyright":"","focal_length":"5.96","iso":"40","shutter_speed":"0.0082644628099174","title":"","orientation":1,"keywords":[]},"original_image":"IMG_0110.jpeg","image-converter":{"thumbnail":"IME","medium":"IME","large":"IME"}},"post":14130,"source_url":"https:\/\/feuerwehr-vglambrecht.de\/cms\/wp-content\/uploads\/2025\/08\/IMG_0110-scaled.jpeg"},"einsatz_ort":"K23","einsatz_ende":"2025-08-23 18:45","einsatz_beginn":"","_links":{"self":[{"href":"https:\/\/feuerwehr-vglambrecht.de\/cms\/wp-json\/wp\/v2\/einsatz\/14130","targetHints":{"allow":["GET"]}}],"collection":[{"href":"https:\/\/feuerwehr-vglambrecht.de\/cms\/wp-json\/wp\/v2\/einsatz"}],"about":[{"href":"https:\/\/feuerwehr-vglambrecht.de\/cms\/wp-json\/wp\/v2\/types\/einsatz"}],"author":[{"embeddable":true,"href":"https:\/\/feuerwehr-vglambrecht.de\/cms\/wp-json\/wp\/v2\/users\/17"}],"version-history":[{"count":2,"href":"https:\/\/feuerwehr-vglambrecht.de\/cms\/wp-json\/wp\/v2\/einsatz\/14130\/revisions"}],"predecessor-version":[{"id":14133,"href":"https:\/\/feuerwehr-vglambrecht.de\/cms\/wp-json\/wp\/v2\/einsatz\/14130\/revisions\/14133"}],"wp:featuredmedia":[{"embeddable":true,"href":"https:\/\/feuerwehr-vglambrecht.de\/cms\/wp-json\/wp\/v2\/media\/14131"}],"wp:attachment":[{"href":"https:\/\/feuerwehr-vglambrecht.de\/cms\/wp-json\/wp\/v2\/media?parent=14130"}],"wp:term":[{"taxonomy":"category","embeddable":true,"href":"https:\/\/feuerwehr-vglambrecht.de\/cms\/wp-json\/wp\/v2\/categories?post=14130"},{"taxonomy":"post_tag","embeddable":true,"href":"https:\/\/feuerwehr-vglambrecht.de\/cms\/wp-json\/wp\/v2\/tags?post=14130"},{"taxonomy":"einsatzart","embeddable":true,"href":"https:\/\/feuerwehr-vglambrecht.de\/cms\/wp-json\/wp\/v2\/einsatzart?post=14130"},{"taxonomy":"fahrzeug","embeddable":true,"href":"https:\/\/feuerwehr-vglambrecht.de\/cms\/wp-json\/wp\/v2\/fahrzeug?post=14130"},{"taxonomy":"exteinsatzmittel","embeddable":true,"href":"https:\/\/feuerwehr-vglambrecht.de\/cms\/wp-json\/wp\/v2\/exteinsatzmittel?post=14130"},{"taxonomy":"alarmierungsart","embeddable":true,"href":"https:\/\/feuerwehr-vglambrecht.de\/cms\/wp-json\/wp\/v2\/alarmierungsart?post=14130"},{"taxonomy":"evw_unit","embeddable":true,"href":"https:\/\/feuerwehr-vglambrecht.de\/cms\/wp-json\/wp\/v2\/evw_unit?post=14130"}],"curies":[{"name":"wp","href":"https:\/\/api.w.org\/{rel}","templated":true}]}}