{"id":14046,"date":"2025-07-17T15:06:00","date_gmt":"2025-07-17T13:06:00","guid":{"rendered":"https:\/\/feuerwehr-vglambrecht.de\/cms\/?post_type=einsatz&#038;p=14046"},"modified":"2025-07-19T13:22:34","modified_gmt":"2025-07-19T11:22:34","slug":"brandeinsatz-muellbrand-b1-01-2","status":"publish","type":"einsatz","link":"https:\/\/feuerwehr-vglambrecht.de\/cms\/einsatzberichte\/brandeinsatz-muellbrand-b1-01-2\/","title":{"rendered":"Brandeinsatz &#8211; M\u00fcllbrand (B1.01)"},"content":{"rendered":"<p>Am Donnerstag, 17.07.2025 wurde die Einheit Lambrecht um 15:06 Uhr zu einem M\u00fcllbrand im Bereich des Lambrechter Bahnhofs alarmiert. An der Einsatzstelle angekommen konnte ein brennender M\u00fcllbeh\u00e4lter festgestellt werden, der mittels tragbarer K\u00fcbelspritze abgel\u00f6scht wurde. Nach \u00dcbergabe der Einsatzstelle konnte der Einsatz nach etwa 20 Minuten beendet werden. Weshalb das M\u00fcllbeh\u00e4ltnis in Brand geriet, ist Gegenstand polizeilicher Ermittlungen.<\/p>\n","protected":false},"author":22,"featured_media":4814,"template":"","meta":{"einsatz_weight":1,"footnotes":""},"categories":[],"tags":[180,383,373,142,398],"einsatzart":[7],"fahrzeug":[54],"exteinsatzmittel":[99,18,299],"alarmierungsart":[10],"evw_unit":[571],"class_list":["post-14046","einsatz","type-einsatz","status-publish","has-post-thumbnail","hentry","tag-brand","tag-feuerwehrvglambrecht","tag-immerda","tag-lambrecht","tag-wirfuereuch","einsatzart-brand","fahrzeug-lambrecht-44","exteinsatzmittel-bundespolizei","exteinsatzmittel-fw_lam","exteinsatzmittel-fez-neustadt","alarmierungsart-dme-digitaler-meldeempfaenger","evw_unit-lambrecht"],"better_featured_image":{"id":4814,"alt_text":"","caption":"","description":"","media_type":"image","media_details":{"width":1024,"height":594,"file":"2016\/10\/img_6731.jpg","filesize":362293,"sizes":{"medium_large":{"file":"img_6731-768x446.jpg","width":768,"height":446,"mime-type":"image\/jpeg","filesize":114243,"source_url":"https:\/\/feuerwehr-vglambrecht.de\/cms\/wp-content\/uploads\/2016\/10\/img_6731-768x446.jpg"},"wptouch-new-thumbnail":{"file":"img_6731-144x144.jpg","width":144,"height":144,"mime-type":"image\/jpeg","filesize":30882,"source_url":"https:\/\/feuerwehr-vglambrecht.de\/cms\/wp-content\/uploads\/2016\/10\/img_6731-144x144.jpg"},"landing_image":{"file":"img_6731-1024x460.jpg","width":1024,"height":460,"mime-type":"image\/jpeg","filesize":155011,"source_url":"https:\/\/feuerwehr-vglambrecht.de\/cms\/wp-content\/uploads\/2016\/10\/img_6731-1024x460.jpg"},"foundation-featured-image":{"file":"img_6731-900x522.jpg","width":900,"height":522,"mime-type":"image\/jpeg","filesize":142463,"source_url":"https:\/\/feuerwehr-vglambrecht.de\/cms\/wp-content\/uploads\/2016\/10\/img_6731-900x522.jpg"},"thumbnail":{"file":"img_6731-150x150.jpg","width":150,"height":150,"source_url":"https:\/\/feuerwehr-vglambrecht.de\/cms\/wp-content\/uploads\/2016\/10\/img_6731-150x150.jpg"},"medium":{"file":"img_6731-300x174.jpg","width":300,"height":174,"source_url":"https:\/\/feuerwehr-vglambrecht.de\/cms\/wp-content\/uploads\/2016\/10\/img_6731-300x174.jpg"}},"image_meta":{"aperture":"4","credit":"(c) Jaron Schall","camera":"Canon EOS 1100D","caption":"","created_timestamp":"1428234311","copyright":"(c) Jaron Schall","focal_length":"35","iso":"160","shutter_speed":"0.0025","title":"","orientation":"1","keywords":[]},"image-converter":{"thumbnail":"IME","medium":"IME"}},"post":4813,"source_url":"https:\/\/feuerwehr-vglambrecht.de\/cms\/wp-content\/uploads\/2016\/10\/img_6731.jpg"},"einsatz_ort":"Lambrecht","einsatz_ende":"2025-07-17 15:27","einsatz_beginn":"","_links":{"self":[{"href":"https:\/\/feuerwehr-vglambrecht.de\/cms\/wp-json\/wp\/v2\/einsatz\/14046","targetHints":{"allow":["GET"]}}],"collection":[{"href":"https:\/\/feuerwehr-vglambrecht.de\/cms\/wp-json\/wp\/v2\/einsatz"}],"about":[{"href":"https:\/\/feuerwehr-vglambrecht.de\/cms\/wp-json\/wp\/v2\/types\/einsatz"}],"author":[{"embeddable":true,"href":"https:\/\/feuerwehr-vglambrecht.de\/cms\/wp-json\/wp\/v2\/users\/22"}],"version-history":[{"count":1,"href":"https:\/\/feuerwehr-vglambrecht.de\/cms\/wp-json\/wp\/v2\/einsatz\/14046\/revisions"}],"predecessor-version":[{"id":14047,"href":"https:\/\/feuerwehr-vglambrecht.de\/cms\/wp-json\/wp\/v2\/einsatz\/14046\/revisions\/14047"}],"wp:featuredmedia":[{"embeddable":true,"href":"https:\/\/feuerwehr-vglambrecht.de\/cms\/wp-json\/wp\/v2\/media\/4814"}],"wp:attachment":[{"href":"https:\/\/feuerwehr-vglambrecht.de\/cms\/wp-json\/wp\/v2\/media?parent=14046"}],"wp:term":[{"taxonomy":"category","embeddable":true,"href":"https:\/\/feuerwehr-vglambrecht.de\/cms\/wp-json\/wp\/v2\/categories?post=14046"},{"taxonomy":"post_tag","embeddable":true,"href":"https:\/\/feuerwehr-vglambrecht.de\/cms\/wp-json\/wp\/v2\/tags?post=14046"},{"taxonomy":"einsatzart","embeddable":true,"href":"https:\/\/feuerwehr-vglambrecht.de\/cms\/wp-json\/wp\/v2\/einsatzart?post=14046"},{"taxonomy":"fahrzeug","embeddable":true,"href":"https:\/\/feuerwehr-vglambrecht.de\/cms\/wp-json\/wp\/v2\/fahrzeug?post=14046"},{"taxonomy":"exteinsatzmittel","embeddable":true,"href":"https:\/\/feuerwehr-vglambrecht.de\/cms\/wp-json\/wp\/v2\/exteinsatzmittel?post=14046"},{"taxonomy":"alarmierungsart","embeddable":true,"href":"https:\/\/feuerwehr-vglambrecht.de\/cms\/wp-json\/wp\/v2\/alarmierungsart?post=14046"},{"taxonomy":"evw_unit","embeddable":true,"href":"https:\/\/feuerwehr-vglambrecht.de\/cms\/wp-json\/wp\/v2\/evw_unit?post=14046"}],"curies":[{"name":"wp","href":"https:\/\/api.w.org\/{rel}","templated":true}]}}