{"id":14004,"date":"2025-07-05T16:59:00","date_gmt":"2025-07-05T14:59:00","guid":{"rendered":"https:\/\/feuerwehr-vglambrecht.de\/cms\/?post_type=einsatz&#038;p=14004"},"modified":"2025-07-07T18:37:44","modified_gmt":"2025-07-07T16:37:44","slug":"hilfeleistung-tuer-oeffnen-dringend-h2-01-7","status":"publish","type":"einsatz","link":"https:\/\/feuerwehr-vglambrecht.de\/cms\/einsatzberichte\/hilfeleistung-tuer-oeffnen-dringend-h2-01-7\/","title":{"rendered":"Hilfeleistung &#8211; T\u00fcr \u00f6ffnen dringend (H2.01)"},"content":{"rendered":"<p>Am 05.07.2025 um 16:59 Uhr wurde die Einheit Lambrecht zu einer T\u00fcr\u00f6ffnung in Lambrecht alarmiert. Nach R\u00fccksprache vor Ort mit den parallel alarmierten Kr\u00e4ften von Polizei und Rettungsdienst konnte ein zerst\u00f6rungsfreier Zugang \u00fcber ein Fenster hergestellt und die T\u00fcr zur betreffenden Wohnung von innen ge\u00f6ffnet werden. Nach \u00dcbergabe der Einsatzstelle an die Polizei war der Einsatz nach knapp einer halben Stunde beendet.<\/p>\n","protected":false},"author":17,"featured_media":12478,"template":"","meta":{"einsatz_weight":1,"footnotes":""},"categories":[],"tags":[383,373,142,190,174,398],"einsatzart":[33],"fahrzeug":[49,53,54],"exteinsatzmittel":[18,299,187,30,323],"alarmierungsart":[10],"evw_unit":[571],"class_list":["post-14004","einsatz","type-einsatz","status-publish","has-post-thumbnail","hentry","tag-feuerwehrvglambrecht","tag-immerda","tag-lambrecht","tag-technische-hilfe","tag-tueroeffnung","tag-wirfuereuch","einsatzart-th","fahrzeug-lambrecht-11","fahrzeug-lambrecht-33","fahrzeug-lambrecht-44","exteinsatzmittel-fw_lam","exteinsatzmittel-fez-neustadt","exteinsatzmittel-notarzt","exteinsatzmittel-pol","exteinsatzmittel-rettungdienst","alarmierungsart-dme-digitaler-meldeempfaenger","evw_unit-lambrecht"],"better_featured_image":{"id":12478,"alt_text":"Feuerwehr Warndreieck Symbolbild","caption":"","description":"Feuerwehr Warndreieck Symbolbild","media_type":"image","media_details":{"width":1080,"height":608,"file":"2024\/03\/572709_1_detailsm2x_965834_NATIVE_62c2b1f29b9da.jpg","filesize":198988,"sizes":{"medium_large":{"file":"572709_1_detailsm2x_965834_NATIVE_62c2b1f29b9da-768x432.jpg","width":768,"height":432,"mime-type":"image\/jpeg","filesize":69185,"source_url":"https:\/\/feuerwehr-vglambrecht.de\/cms\/wp-content\/uploads\/2024\/03\/572709_1_detailsm2x_965834_NATIVE_62c2b1f29b9da-768x432.jpg"},"wptouch-new-thumbnail":{"file":"572709_1_detailsm2x_965834_NATIVE_62c2b1f29b9da-144x144.jpg","width":144,"height":144,"mime-type":"image\/jpeg","filesize":10222,"source_url":"https:\/\/feuerwehr-vglambrecht.de\/cms\/wp-content\/uploads\/2024\/03\/572709_1_detailsm2x_965834_NATIVE_62c2b1f29b9da-144x144.jpg"},"landing_image":{"file":"572709_1_detailsm2x_965834_NATIVE_62c2b1f29b9da-1024x460.jpg","width":1024,"height":460,"mime-type":"image\/jpeg","filesize":86467,"source_url":"https:\/\/feuerwehr-vglambrecht.de\/cms\/wp-content\/uploads\/2024\/03\/572709_1_detailsm2x_965834_NATIVE_62c2b1f29b9da-1024x460.jpg"},"thumbnail":{"file":"572709_1_detailsm2x_965834_NATIVE_62c2b1f29b9da-150x150.jpg","width":150,"height":150,"source_url":"https:\/\/feuerwehr-vglambrecht.de\/cms\/wp-content\/uploads\/2024\/03\/572709_1_detailsm2x_965834_NATIVE_62c2b1f29b9da-150x150.jpg"},"medium":{"file":"572709_1_detailsm2x_965834_NATIVE_62c2b1f29b9da-300x169.jpg","width":300,"height":169,"source_url":"https:\/\/feuerwehr-vglambrecht.de\/cms\/wp-content\/uploads\/2024\/03\/572709_1_detailsm2x_965834_NATIVE_62c2b1f29b9da-300x169.jpg"},"large":{"file":"572709_1_detailsm2x_965834_NATIVE_62c2b1f29b9da-1024x576.jpg","width":1024,"height":576,"source_url":"https:\/\/feuerwehr-vglambrecht.de\/cms\/wp-content\/uploads\/2024\/03\/572709_1_detailsm2x_965834_NATIVE_62c2b1f29b9da-1024x576.jpg"}},"image_meta":{"aperture":"9","credit":"","camera":"ILCE-7M3","caption":"","created_timestamp":"1597915246","copyright":"","focal_length":"105","iso":"500","shutter_speed":"0.0025","title":"","orientation":"1","keywords":[]},"image-converter":{"thumbnail":"IME","medium":"IME","large":"IME"}},"post":12477,"source_url":"https:\/\/feuerwehr-vglambrecht.de\/cms\/wp-content\/uploads\/2024\/03\/572709_1_detailsm2x_965834_NATIVE_62c2b1f29b9da.jpg"},"einsatz_ort":"Lambrecht","einsatz_ende":"2025-07-05 17:26","einsatz_beginn":"","_links":{"self":[{"href":"https:\/\/feuerwehr-vglambrecht.de\/cms\/wp-json\/wp\/v2\/einsatz\/14004","targetHints":{"allow":["GET"]}}],"collection":[{"href":"https:\/\/feuerwehr-vglambrecht.de\/cms\/wp-json\/wp\/v2\/einsatz"}],"about":[{"href":"https:\/\/feuerwehr-vglambrecht.de\/cms\/wp-json\/wp\/v2\/types\/einsatz"}],"author":[{"embeddable":true,"href":"https:\/\/feuerwehr-vglambrecht.de\/cms\/wp-json\/wp\/v2\/users\/17"}],"version-history":[{"count":1,"href":"https:\/\/feuerwehr-vglambrecht.de\/cms\/wp-json\/wp\/v2\/einsatz\/14004\/revisions"}],"predecessor-version":[{"id":14005,"href":"https:\/\/feuerwehr-vglambrecht.de\/cms\/wp-json\/wp\/v2\/einsatz\/14004\/revisions\/14005"}],"wp:featuredmedia":[{"embeddable":true,"href":"https:\/\/feuerwehr-vglambrecht.de\/cms\/wp-json\/wp\/v2\/media\/12478"}],"wp:attachment":[{"href":"https:\/\/feuerwehr-vglambrecht.de\/cms\/wp-json\/wp\/v2\/media?parent=14004"}],"wp:term":[{"taxonomy":"category","embeddable":true,"href":"https:\/\/feuerwehr-vglambrecht.de\/cms\/wp-json\/wp\/v2\/categories?post=14004"},{"taxonomy":"post_tag","embeddable":true,"href":"https:\/\/feuerwehr-vglambrecht.de\/cms\/wp-json\/wp\/v2\/tags?post=14004"},{"taxonomy":"einsatzart","embeddable":true,"href":"https:\/\/feuerwehr-vglambrecht.de\/cms\/wp-json\/wp\/v2\/einsatzart?post=14004"},{"taxonomy":"fahrzeug","embeddable":true,"href":"https:\/\/feuerwehr-vglambrecht.de\/cms\/wp-json\/wp\/v2\/fahrzeug?post=14004"},{"taxonomy":"exteinsatzmittel","embeddable":true,"href":"https:\/\/feuerwehr-vglambrecht.de\/cms\/wp-json\/wp\/v2\/exteinsatzmittel?post=14004"},{"taxonomy":"alarmierungsart","embeddable":true,"href":"https:\/\/feuerwehr-vglambrecht.de\/cms\/wp-json\/wp\/v2\/alarmierungsart?post=14004"},{"taxonomy":"evw_unit","embeddable":true,"href":"https:\/\/feuerwehr-vglambrecht.de\/cms\/wp-json\/wp\/v2\/evw_unit?post=14004"}],"curies":[{"name":"wp","href":"https:\/\/api.w.org\/{rel}","templated":true}]}}