{"id":13828,"date":"2025-05-13T15:37:00","date_gmt":"2025-05-13T13:37:00","guid":{"rendered":"https:\/\/feuerwehr-vglambrecht.de\/cms\/?post_type=einsatz&#038;p=13828"},"modified":"2025-05-14T20:25:31","modified_gmt":"2025-05-14T18:25:31","slug":"gefahrstoffeinsatz-oelspur-g1-01","status":"publish","type":"einsatz","link":"https:\/\/feuerwehr-vglambrecht.de\/cms\/einsatzberichte\/gefahrstoffeinsatz-oelspur-g1-01\/","title":{"rendered":"Gefahrstoffeinsatz &#8211; \u00d6lspur (G1.01)"},"content":{"rendered":"<p>Ausgelaufener Dieselkraftstoff an einem geparkten PKW machte am Dienstag, den 13.05.2025 den Einsatz der Einheit Lambrecht erforderlich. Der Halter selbst hatte sich um 15:37 Uhr mit einem Hilfeersuchen an die Leitstelle gewendet. Da der Stra\u00dfenbaulasttr\u00e4ger zun\u00e4chst nicht erreichbar war, wurde der ausgetretene Kraftstoff durch Kr\u00e4fte der Feuerwehr mit \u00d6lbindemittel aufgenommen. Nach gut 40 Minuten konnte der Einsatz abgeschlossen werden.<\/p>\n","protected":false},"author":22,"featured_media":12478,"template":"","meta":{"einsatz_weight":1,"footnotes":""},"categories":[],"tags":[383,373,142,197,398],"einsatzart":[23],"fahrzeug":[54],"exteinsatzmittel":[18,299,30],"alarmierungsart":[10],"evw_unit":[571],"class_list":["post-13828","einsatz","type-einsatz","status-publish","has-post-thumbnail","hentry","tag-feuerwehrvglambrecht","tag-immerda","tag-lambrecht","tag-oelspur","tag-wirfuereuch","einsatzart-gff","fahrzeug-lambrecht-44","exteinsatzmittel-fw_lam","exteinsatzmittel-fez-neustadt","exteinsatzmittel-pol","alarmierungsart-dme-digitaler-meldeempfaenger","evw_unit-lambrecht"],"better_featured_image":{"id":12478,"alt_text":"Feuerwehr Warndreieck Symbolbild","caption":"","description":"Feuerwehr Warndreieck Symbolbild","media_type":"image","media_details":{"width":1080,"height":608,"file":"2024\/03\/572709_1_detailsm2x_965834_NATIVE_62c2b1f29b9da.jpg","filesize":198988,"sizes":{"medium_large":{"file":"572709_1_detailsm2x_965834_NATIVE_62c2b1f29b9da-768x432.jpg","width":768,"height":432,"mime-type":"image\/jpeg","filesize":69185,"source_url":"https:\/\/feuerwehr-vglambrecht.de\/cms\/wp-content\/uploads\/2024\/03\/572709_1_detailsm2x_965834_NATIVE_62c2b1f29b9da-768x432.jpg"},"wptouch-new-thumbnail":{"file":"572709_1_detailsm2x_965834_NATIVE_62c2b1f29b9da-144x144.jpg","width":144,"height":144,"mime-type":"image\/jpeg","filesize":10222,"source_url":"https:\/\/feuerwehr-vglambrecht.de\/cms\/wp-content\/uploads\/2024\/03\/572709_1_detailsm2x_965834_NATIVE_62c2b1f29b9da-144x144.jpg"},"landing_image":{"file":"572709_1_detailsm2x_965834_NATIVE_62c2b1f29b9da-1024x460.jpg","width":1024,"height":460,"mime-type":"image\/jpeg","filesize":86467,"source_url":"https:\/\/feuerwehr-vglambrecht.de\/cms\/wp-content\/uploads\/2024\/03\/572709_1_detailsm2x_965834_NATIVE_62c2b1f29b9da-1024x460.jpg"},"thumbnail":{"file":"572709_1_detailsm2x_965834_NATIVE_62c2b1f29b9da-150x150.jpg","width":150,"height":150,"source_url":"https:\/\/feuerwehr-vglambrecht.de\/cms\/wp-content\/uploads\/2024\/03\/572709_1_detailsm2x_965834_NATIVE_62c2b1f29b9da-150x150.jpg"},"medium":{"file":"572709_1_detailsm2x_965834_NATIVE_62c2b1f29b9da-300x169.jpg","width":300,"height":169,"source_url":"https:\/\/feuerwehr-vglambrecht.de\/cms\/wp-content\/uploads\/2024\/03\/572709_1_detailsm2x_965834_NATIVE_62c2b1f29b9da-300x169.jpg"},"large":{"file":"572709_1_detailsm2x_965834_NATIVE_62c2b1f29b9da-1024x576.jpg","width":1024,"height":576,"source_url":"https:\/\/feuerwehr-vglambrecht.de\/cms\/wp-content\/uploads\/2024\/03\/572709_1_detailsm2x_965834_NATIVE_62c2b1f29b9da-1024x576.jpg"}},"image_meta":{"aperture":"9","credit":"","camera":"ILCE-7M3","caption":"","created_timestamp":"1597915246","copyright":"","focal_length":"105","iso":"500","shutter_speed":"0.0025","title":"","orientation":"1","keywords":[]},"image-converter":{"thumbnail":"IME","medium":"IME","large":"IME"}},"post":12477,"source_url":"https:\/\/feuerwehr-vglambrecht.de\/cms\/wp-content\/uploads\/2024\/03\/572709_1_detailsm2x_965834_NATIVE_62c2b1f29b9da.jpg"},"einsatz_ort":"","einsatz_ende":"2025-05-13 16:14","einsatz_beginn":"","_links":{"self":[{"href":"https:\/\/feuerwehr-vglambrecht.de\/cms\/wp-json\/wp\/v2\/einsatz\/13828","targetHints":{"allow":["GET"]}}],"collection":[{"href":"https:\/\/feuerwehr-vglambrecht.de\/cms\/wp-json\/wp\/v2\/einsatz"}],"about":[{"href":"https:\/\/feuerwehr-vglambrecht.de\/cms\/wp-json\/wp\/v2\/types\/einsatz"}],"author":[{"embeddable":true,"href":"https:\/\/feuerwehr-vglambrecht.de\/cms\/wp-json\/wp\/v2\/users\/22"}],"version-history":[{"count":1,"href":"https:\/\/feuerwehr-vglambrecht.de\/cms\/wp-json\/wp\/v2\/einsatz\/13828\/revisions"}],"predecessor-version":[{"id":13829,"href":"https:\/\/feuerwehr-vglambrecht.de\/cms\/wp-json\/wp\/v2\/einsatz\/13828\/revisions\/13829"}],"wp:featuredmedia":[{"embeddable":true,"href":"https:\/\/feuerwehr-vglambrecht.de\/cms\/wp-json\/wp\/v2\/media\/12478"}],"wp:attachment":[{"href":"https:\/\/feuerwehr-vglambrecht.de\/cms\/wp-json\/wp\/v2\/media?parent=13828"}],"wp:term":[{"taxonomy":"category","embeddable":true,"href":"https:\/\/feuerwehr-vglambrecht.de\/cms\/wp-json\/wp\/v2\/categories?post=13828"},{"taxonomy":"post_tag","embeddable":true,"href":"https:\/\/feuerwehr-vglambrecht.de\/cms\/wp-json\/wp\/v2\/tags?post=13828"},{"taxonomy":"einsatzart","embeddable":true,"href":"https:\/\/feuerwehr-vglambrecht.de\/cms\/wp-json\/wp\/v2\/einsatzart?post=13828"},{"taxonomy":"fahrzeug","embeddable":true,"href":"https:\/\/feuerwehr-vglambrecht.de\/cms\/wp-json\/wp\/v2\/fahrzeug?post=13828"},{"taxonomy":"exteinsatzmittel","embeddable":true,"href":"https:\/\/feuerwehr-vglambrecht.de\/cms\/wp-json\/wp\/v2\/exteinsatzmittel?post=13828"},{"taxonomy":"alarmierungsart","embeddable":true,"href":"https:\/\/feuerwehr-vglambrecht.de\/cms\/wp-json\/wp\/v2\/alarmierungsart?post=13828"},{"taxonomy":"evw_unit","embeddable":true,"href":"https:\/\/feuerwehr-vglambrecht.de\/cms\/wp-json\/wp\/v2\/evw_unit?post=13828"}],"curies":[{"name":"wp","href":"https:\/\/api.w.org\/{rel}","templated":true}]}}