{"id":13692,"date":"2025-03-25T18:51:00","date_gmt":"2025-03-25T17:51:00","guid":{"rendered":"https:\/\/feuerwehr-vglambrecht.de\/cms\/?post_type=einsatz&#038;p=13692"},"modified":"2025-03-26T07:49:48","modified_gmt":"2025-03-26T06:49:48","slug":"gefahrstoffeinsatz-gasgeruch-g2-03-2","status":"publish","type":"einsatz","link":"https:\/\/feuerwehr-vglambrecht.de\/cms\/einsatzberichte\/gefahrstoffeinsatz-gasgeruch-g2-03-2\/","title":{"rendered":"Gefahrstoffeinsatz &#8211; Gasgeruch (G2.03)"},"content":{"rendered":"<p>Eine mit Gas\u00f6fen ausgestattete Wohnung machte am 25.03.2025 um 18:51 Uhr den Einsatz der Einheit Lambrecht erforderlich. Ein aufgrund der Heizart verbauter CO-Gaswarnmelder hatte ausgel\u00f6st und die Bewohnerin daraufhin einen Notruf abgesetzt. Bei den vor Ort durchgef\u00fchrten Messungen konnte das toxische Gas nicht nachgewiesen werden und der Einsatz war f\u00fcr die Kr\u00e4fte der Feuerwehr nach etwas mehr als 30 Minuten beendet.<\/p>\n","protected":false},"author":22,"featured_media":12478,"template":"","meta":{"einsatz_weight":1,"footnotes":""},"categories":[],"tags":[388,383,373,398],"einsatzart":[23],"fahrzeug":[49,54],"exteinsatzmittel":[18,30,31],"alarmierungsart":[],"evw_unit":[571],"class_list":["post-13692","einsatz","type-einsatz","status-publish","has-post-thumbnail","hentry","tag-ehrenamt","tag-feuerwehrvglambrecht","tag-immerda","tag-wirfuereuch","einsatzart-gff","fahrzeug-lambrecht-11","fahrzeug-lambrecht-44","exteinsatzmittel-fw_lam","exteinsatzmittel-pol","exteinsatzmittel-drk","evw_unit-lambrecht"],"better_featured_image":{"id":12478,"alt_text":"Feuerwehr Warndreieck Symbolbild","caption":"","description":"Feuerwehr Warndreieck Symbolbild","media_type":"image","media_details":{"width":1080,"height":608,"file":"2024\/03\/572709_1_detailsm2x_965834_NATIVE_62c2b1f29b9da.jpg","filesize":198988,"sizes":{"medium_large":{"file":"572709_1_detailsm2x_965834_NATIVE_62c2b1f29b9da-768x432.jpg","width":768,"height":432,"mime-type":"image\/jpeg","filesize":69185,"source_url":"https:\/\/feuerwehr-vglambrecht.de\/cms\/wp-content\/uploads\/2024\/03\/572709_1_detailsm2x_965834_NATIVE_62c2b1f29b9da-768x432.jpg"},"wptouch-new-thumbnail":{"file":"572709_1_detailsm2x_965834_NATIVE_62c2b1f29b9da-144x144.jpg","width":144,"height":144,"mime-type":"image\/jpeg","filesize":10222,"source_url":"https:\/\/feuerwehr-vglambrecht.de\/cms\/wp-content\/uploads\/2024\/03\/572709_1_detailsm2x_965834_NATIVE_62c2b1f29b9da-144x144.jpg"},"landing_image":{"file":"572709_1_detailsm2x_965834_NATIVE_62c2b1f29b9da-1024x460.jpg","width":1024,"height":460,"mime-type":"image\/jpeg","filesize":86467,"source_url":"https:\/\/feuerwehr-vglambrecht.de\/cms\/wp-content\/uploads\/2024\/03\/572709_1_detailsm2x_965834_NATIVE_62c2b1f29b9da-1024x460.jpg"},"thumbnail":{"file":"572709_1_detailsm2x_965834_NATIVE_62c2b1f29b9da-150x150.jpg","width":150,"height":150,"source_url":"https:\/\/feuerwehr-vglambrecht.de\/cms\/wp-content\/uploads\/2024\/03\/572709_1_detailsm2x_965834_NATIVE_62c2b1f29b9da-150x150.jpg"},"medium":{"file":"572709_1_detailsm2x_965834_NATIVE_62c2b1f29b9da-300x169.jpg","width":300,"height":169,"source_url":"https:\/\/feuerwehr-vglambrecht.de\/cms\/wp-content\/uploads\/2024\/03\/572709_1_detailsm2x_965834_NATIVE_62c2b1f29b9da-300x169.jpg"},"large":{"file":"572709_1_detailsm2x_965834_NATIVE_62c2b1f29b9da-1024x576.jpg","width":1024,"height":576,"source_url":"https:\/\/feuerwehr-vglambrecht.de\/cms\/wp-content\/uploads\/2024\/03\/572709_1_detailsm2x_965834_NATIVE_62c2b1f29b9da-1024x576.jpg"}},"image_meta":{"aperture":"9","credit":"","camera":"ILCE-7M3","caption":"","created_timestamp":"1597915246","copyright":"","focal_length":"105","iso":"500","shutter_speed":"0.0025","title":"","orientation":"1","keywords":[]},"image-converter":{"thumbnail":"IME","medium":"IME","large":"IME"}},"post":12477,"source_url":"https:\/\/feuerwehr-vglambrecht.de\/cms\/wp-content\/uploads\/2024\/03\/572709_1_detailsm2x_965834_NATIVE_62c2b1f29b9da.jpg"},"einsatz_ort":"Lambrecht","einsatz_ende":"2025-03-25 19:25","einsatz_beginn":"","_links":{"self":[{"href":"https:\/\/feuerwehr-vglambrecht.de\/cms\/wp-json\/wp\/v2\/einsatz\/13692","targetHints":{"allow":["GET"]}}],"collection":[{"href":"https:\/\/feuerwehr-vglambrecht.de\/cms\/wp-json\/wp\/v2\/einsatz"}],"about":[{"href":"https:\/\/feuerwehr-vglambrecht.de\/cms\/wp-json\/wp\/v2\/types\/einsatz"}],"author":[{"embeddable":true,"href":"https:\/\/feuerwehr-vglambrecht.de\/cms\/wp-json\/wp\/v2\/users\/22"}],"version-history":[{"count":1,"href":"https:\/\/feuerwehr-vglambrecht.de\/cms\/wp-json\/wp\/v2\/einsatz\/13692\/revisions"}],"predecessor-version":[{"id":13693,"href":"https:\/\/feuerwehr-vglambrecht.de\/cms\/wp-json\/wp\/v2\/einsatz\/13692\/revisions\/13693"}],"wp:featuredmedia":[{"embeddable":true,"href":"https:\/\/feuerwehr-vglambrecht.de\/cms\/wp-json\/wp\/v2\/media\/12478"}],"wp:attachment":[{"href":"https:\/\/feuerwehr-vglambrecht.de\/cms\/wp-json\/wp\/v2\/media?parent=13692"}],"wp:term":[{"taxonomy":"category","embeddable":true,"href":"https:\/\/feuerwehr-vglambrecht.de\/cms\/wp-json\/wp\/v2\/categories?post=13692"},{"taxonomy":"post_tag","embeddable":true,"href":"https:\/\/feuerwehr-vglambrecht.de\/cms\/wp-json\/wp\/v2\/tags?post=13692"},{"taxonomy":"einsatzart","embeddable":true,"href":"https:\/\/feuerwehr-vglambrecht.de\/cms\/wp-json\/wp\/v2\/einsatzart?post=13692"},{"taxonomy":"fahrzeug","embeddable":true,"href":"https:\/\/feuerwehr-vglambrecht.de\/cms\/wp-json\/wp\/v2\/fahrzeug?post=13692"},{"taxonomy":"exteinsatzmittel","embeddable":true,"href":"https:\/\/feuerwehr-vglambrecht.de\/cms\/wp-json\/wp\/v2\/exteinsatzmittel?post=13692"},{"taxonomy":"alarmierungsart","embeddable":true,"href":"https:\/\/feuerwehr-vglambrecht.de\/cms\/wp-json\/wp\/v2\/alarmierungsart?post=13692"},{"taxonomy":"evw_unit","embeddable":true,"href":"https:\/\/feuerwehr-vglambrecht.de\/cms\/wp-json\/wp\/v2\/evw_unit?post=13692"}],"curies":[{"name":"wp","href":"https:\/\/api.w.org\/{rel}","templated":true}]}}