{"id":13340,"date":"2024-11-21T15:04:00","date_gmt":"2024-11-21T14:04:00","guid":{"rendered":"https:\/\/feuerwehr-vglambrecht.de\/cms\/?post_type=einsatz&#038;p=13340"},"modified":"2024-11-22T15:46:10","modified_gmt":"2024-11-22T14:46:10","slug":"brandeinsatz-brandmeldeanlage-bma-b2-07-fehlalarm","status":"publish","type":"einsatz","link":"https:\/\/feuerwehr-vglambrecht.de\/cms\/einsatzberichte\/brandeinsatz-brandmeldeanlage-bma-b2-07-fehlalarm\/","title":{"rendered":"Brandeinsatz Brandmeldeanlage BMA ( B2.07 ) &#8211; Fehlalarm"},"content":{"rendered":"<p>Zu einer ausgel\u00f6sten Brandmeldeanlage in einem Neidenfelser Industriebetrieb wurden die Feuerwehren Neidenfels und Weidenthal am \u00a021.November 2024 um 15:04 Uhr alarmiert. <!--more-->Vor Ort stellte sich heraus, dass es sich um einen Fehlalarm handelte. Die Anlage wurde zur\u00fcckgesetzt und die Einsatzstelle an den Betreiber \u00fcbergeben. Es waren keine weiteren Ma\u00dfnahmen der Feuerwehr erforderlich.<\/p>\n<p><strong><u>\u00a0<\/u><\/strong><\/p>\n","protected":false},"author":17,"featured_media":12584,"template":"","meta":{"einsatz_weight":1,"footnotes":""},"categories":[],"tags":[163,388,383,373,135],"einsatzart":[8],"fahrzeug":[59,63],"exteinsatzmittel":[68,21,299,30,468,31],"alarmierungsart":[10],"evw_unit":[574,569],"class_list":["post-13340","einsatz","type-einsatz","status-publish","has-post-thumbnail","hentry","tag-brandmeldeanlage","tag-ehrenamt","tag-feuerwehrvglambrecht","tag-immerda","tag-neidenfels","einsatzart-bma","fahrzeug-neidenfels-47","fahrzeug-weidenthal-73","exteinsatzmittel-fw_nei","exteinsatzmittel-fw_wei","exteinsatzmittel-fez-neustadt","exteinsatzmittel-pol","exteinsatzmittel-presseteam-feuerwehr-vg-lambrecht","exteinsatzmittel-drk","alarmierungsart-dme-digitaler-meldeempfaenger","evw_unit-neidenfels","evw_unit-weidenthal"],"better_featured_image":{"id":12584,"alt_text":"","caption":"","description":"","media_type":"image","media_details":{"width":800,"height":417,"file":"2024\/04\/5710203091912407553.jpeg","filesize":52889,"sizes":{"medium_large":{"file":"5710203091912407553-768x400.jpeg","width":768,"height":400,"mime-type":"image\/jpeg","filesize":53808,"source_url":"https:\/\/feuerwehr-vglambrecht.de\/cms\/wp-content\/uploads\/2024\/04\/5710203091912407553-768x400.jpeg"},"wptouch-new-thumbnail":{"file":"5710203091912407553-144x144.jpeg","width":144,"height":144,"mime-type":"image\/jpeg","filesize":4559,"source_url":"https:\/\/feuerwehr-vglambrecht.de\/cms\/wp-content\/uploads\/2024\/04\/5710203091912407553-144x144.jpeg"},"thumbnail":{"file":"5710203091912407553-150x150.jpeg","width":150,"height":150,"source_url":"https:\/\/feuerwehr-vglambrecht.de\/cms\/wp-content\/uploads\/2024\/04\/5710203091912407553-150x150.jpeg"},"medium":{"file":"5710203091912407553-300x156.jpeg","width":300,"height":156,"source_url":"https:\/\/feuerwehr-vglambrecht.de\/cms\/wp-content\/uploads\/2024\/04\/5710203091912407553-300x156.jpeg"}},"image_meta":{"aperture":"0","credit":"","camera":"","caption":"","created_timestamp":"0","copyright":"","focal_length":"0","iso":"0","shutter_speed":"0","title":"","orientation":"0","keywords":[]},"image-converter":{"thumbnail":"IME","medium":"IME"}},"post":12583,"source_url":"https:\/\/feuerwehr-vglambrecht.de\/cms\/wp-content\/uploads\/2024\/04\/5710203091912407553.jpeg"},"einsatz_ort":"Neidenfels Staatsstra\u00dfe","einsatz_ende":"2024-11-21 15:28","einsatz_beginn":"","_links":{"self":[{"href":"https:\/\/feuerwehr-vglambrecht.de\/cms\/wp-json\/wp\/v2\/einsatz\/13340","targetHints":{"allow":["GET"]}}],"collection":[{"href":"https:\/\/feuerwehr-vglambrecht.de\/cms\/wp-json\/wp\/v2\/einsatz"}],"about":[{"href":"https:\/\/feuerwehr-vglambrecht.de\/cms\/wp-json\/wp\/v2\/types\/einsatz"}],"author":[{"embeddable":true,"href":"https:\/\/feuerwehr-vglambrecht.de\/cms\/wp-json\/wp\/v2\/users\/17"}],"version-history":[{"count":1,"href":"https:\/\/feuerwehr-vglambrecht.de\/cms\/wp-json\/wp\/v2\/einsatz\/13340\/revisions"}],"predecessor-version":[{"id":13341,"href":"https:\/\/feuerwehr-vglambrecht.de\/cms\/wp-json\/wp\/v2\/einsatz\/13340\/revisions\/13341"}],"wp:featuredmedia":[{"embeddable":true,"href":"https:\/\/feuerwehr-vglambrecht.de\/cms\/wp-json\/wp\/v2\/media\/12584"}],"wp:attachment":[{"href":"https:\/\/feuerwehr-vglambrecht.de\/cms\/wp-json\/wp\/v2\/media?parent=13340"}],"wp:term":[{"taxonomy":"category","embeddable":true,"href":"https:\/\/feuerwehr-vglambrecht.de\/cms\/wp-json\/wp\/v2\/categories?post=13340"},{"taxonomy":"post_tag","embeddable":true,"href":"https:\/\/feuerwehr-vglambrecht.de\/cms\/wp-json\/wp\/v2\/tags?post=13340"},{"taxonomy":"einsatzart","embeddable":true,"href":"https:\/\/feuerwehr-vglambrecht.de\/cms\/wp-json\/wp\/v2\/einsatzart?post=13340"},{"taxonomy":"fahrzeug","embeddable":true,"href":"https:\/\/feuerwehr-vglambrecht.de\/cms\/wp-json\/wp\/v2\/fahrzeug?post=13340"},{"taxonomy":"exteinsatzmittel","embeddable":true,"href":"https:\/\/feuerwehr-vglambrecht.de\/cms\/wp-json\/wp\/v2\/exteinsatzmittel?post=13340"},{"taxonomy":"alarmierungsart","embeddable":true,"href":"https:\/\/feuerwehr-vglambrecht.de\/cms\/wp-json\/wp\/v2\/alarmierungsart?post=13340"},{"taxonomy":"evw_unit","embeddable":true,"href":"https:\/\/feuerwehr-vglambrecht.de\/cms\/wp-json\/wp\/v2\/evw_unit?post=13340"}],"curies":[{"name":"wp","href":"https:\/\/api.w.org\/{rel}","templated":true}]}}