{"id":13041,"date":"2024-10-01T10:25:00","date_gmt":"2024-10-01T08:25:00","guid":{"rendered":"https:\/\/feuerwehr-vglambrecht.de\/cms\/?post_type=einsatz&#038;p=13041"},"modified":"2024-10-01T18:17:50","modified_gmt":"2024-10-01T16:17:50","slug":"rauchwarnmelder-haeuslich-b2-06-3","status":"publish","type":"einsatz","link":"https:\/\/feuerwehr-vglambrecht.de\/cms\/einsatzberichte\/rauchwarnmelder-haeuslich-b2-06-3\/","title":{"rendered":"Rauchwarnmelder h\u00e4uslich (B2.06)"},"content":{"rendered":"<p>Die Feuerwehren Weidenthal und Neidenfels wurden am 01.10.2024 um 10:25 Uhr aufgrund eines ausgel\u00f6sten Rauchwarnmelders in Weidenthal alarmiert.<\/p>\n<p>Mitarbeiter eines Weidenthaler Betriebs alarmierten die Feuerwehr, nachdem eine Gruppe von Funkrauchmeldern gleichzeitig ausgel\u00f6st hatte. Beim Eintreffen der Einsatzkr\u00e4fte informierten sie die Feuerwehr bereits dar\u00fcber, dass angebranntes Essen die Ursache war. Die Feuerwehr kontrollierte die R\u00e4umlichkeiten und sorgte durch das \u00d6ffnen der Fenster f\u00fcr eine ausreichende Bel\u00fcftung.<\/p>\n","protected":false},"author":1,"featured_media":12470,"template":"","meta":{"einsatz_weight":1,"footnotes":""},"categories":[],"tags":[383,135,555,136],"einsatzart":[7],"fahrzeug":[59,498],"exteinsatzmittel":[68,21,31],"alarmierungsart":[10],"evw_unit":[574,569],"class_list":["post-13041","einsatz","type-einsatz","status-publish","has-post-thumbnail","hentry","tag-feuerwehrvglambrecht","tag-neidenfels","tag-rauchwarnmelder","tag-weidenthal","einsatzart-brand","fahrzeug-neidenfels-47","fahrzeug-7-44-1","exteinsatzmittel-fw_nei","exteinsatzmittel-fw_wei","exteinsatzmittel-drk","alarmierungsart-dme-digitaler-meldeempfaenger","evw_unit-neidenfels","evw_unit-weidenthal"],"better_featured_image":{"id":12470,"alt_text":"","caption":"","description":"","media_type":"image","media_details":{"width":1200,"height":600,"file":"2024\/03\/rauchmeldertag-16-1200x600-1.jpeg","filesize":270043,"sizes":{"medium_large":{"file":"rauchmeldertag-16-1200x600-1-768x384.jpeg","width":768,"height":384,"mime-type":"image\/jpeg","filesize":91515,"source_url":"https:\/\/feuerwehr-vglambrecht.de\/cms\/wp-content\/uploads\/2024\/03\/rauchmeldertag-16-1200x600-1-768x384.jpeg"},"wptouch-new-thumbnail":{"file":"rauchmeldertag-16-1200x600-1-144x144.jpeg","width":144,"height":144,"mime-type":"image\/jpeg","filesize":13710,"source_url":"https:\/\/feuerwehr-vglambrecht.de\/cms\/wp-content\/uploads\/2024\/03\/rauchmeldertag-16-1200x600-1-144x144.jpeg"},"landing_image":{"file":"rauchmeldertag-16-1200x600-1-1024x460.jpeg","width":1024,"height":460,"mime-type":"image\/jpeg","filesize":126557,"source_url":"https:\/\/feuerwehr-vglambrecht.de\/cms\/wp-content\/uploads\/2024\/03\/rauchmeldertag-16-1200x600-1-1024x460.jpeg"},"thumbnail":{"file":"rauchmeldertag-16-1200x600-1-150x150.jpeg","width":150,"height":150,"source_url":"https:\/\/feuerwehr-vglambrecht.de\/cms\/wp-content\/uploads\/2024\/03\/rauchmeldertag-16-1200x600-1-150x150.jpeg"},"medium":{"file":"rauchmeldertag-16-1200x600-1-300x150.jpeg","width":300,"height":150,"source_url":"https:\/\/feuerwehr-vglambrecht.de\/cms\/wp-content\/uploads\/2024\/03\/rauchmeldertag-16-1200x600-1-300x150.jpeg"},"large":{"file":"rauchmeldertag-16-1200x600-1-1024x512.jpeg","width":1024,"height":512,"source_url":"https:\/\/feuerwehr-vglambrecht.de\/cms\/wp-content\/uploads\/2024\/03\/rauchmeldertag-16-1200x600-1-1024x512.jpeg"}},"image_meta":{"aperture":"0","credit":"Pat Scheidemann","camera":"","caption":"","created_timestamp":"1710591130","copyright":"pat scheidemann","focal_length":"0","iso":"0","shutter_speed":"0","title":"","orientation":"0","keywords":[]},"image-converter":{"thumbnail":"IME","medium":"IME","large":"IME"}},"post":12469,"source_url":"https:\/\/feuerwehr-vglambrecht.de\/cms\/wp-content\/uploads\/2024\/03\/rauchmeldertag-16-1200x600-1.jpeg"},"einsatz_ort":"","einsatz_ende":"2024-10-01 11:01","einsatz_beginn":"","_links":{"self":[{"href":"https:\/\/feuerwehr-vglambrecht.de\/cms\/wp-json\/wp\/v2\/einsatz\/13041","targetHints":{"allow":["GET"]}}],"collection":[{"href":"https:\/\/feuerwehr-vglambrecht.de\/cms\/wp-json\/wp\/v2\/einsatz"}],"about":[{"href":"https:\/\/feuerwehr-vglambrecht.de\/cms\/wp-json\/wp\/v2\/types\/einsatz"}],"author":[{"embeddable":true,"href":"https:\/\/feuerwehr-vglambrecht.de\/cms\/wp-json\/wp\/v2\/users\/1"}],"version-history":[{"count":2,"href":"https:\/\/feuerwehr-vglambrecht.de\/cms\/wp-json\/wp\/v2\/einsatz\/13041\/revisions"}],"predecessor-version":[{"id":13043,"href":"https:\/\/feuerwehr-vglambrecht.de\/cms\/wp-json\/wp\/v2\/einsatz\/13041\/revisions\/13043"}],"wp:featuredmedia":[{"embeddable":true,"href":"https:\/\/feuerwehr-vglambrecht.de\/cms\/wp-json\/wp\/v2\/media\/12470"}],"wp:attachment":[{"href":"https:\/\/feuerwehr-vglambrecht.de\/cms\/wp-json\/wp\/v2\/media?parent=13041"}],"wp:term":[{"taxonomy":"category","embeddable":true,"href":"https:\/\/feuerwehr-vglambrecht.de\/cms\/wp-json\/wp\/v2\/categories?post=13041"},{"taxonomy":"post_tag","embeddable":true,"href":"https:\/\/feuerwehr-vglambrecht.de\/cms\/wp-json\/wp\/v2\/tags?post=13041"},{"taxonomy":"einsatzart","embeddable":true,"href":"https:\/\/feuerwehr-vglambrecht.de\/cms\/wp-json\/wp\/v2\/einsatzart?post=13041"},{"taxonomy":"fahrzeug","embeddable":true,"href":"https:\/\/feuerwehr-vglambrecht.de\/cms\/wp-json\/wp\/v2\/fahrzeug?post=13041"},{"taxonomy":"exteinsatzmittel","embeddable":true,"href":"https:\/\/feuerwehr-vglambrecht.de\/cms\/wp-json\/wp\/v2\/exteinsatzmittel?post=13041"},{"taxonomy":"alarmierungsart","embeddable":true,"href":"https:\/\/feuerwehr-vglambrecht.de\/cms\/wp-json\/wp\/v2\/alarmierungsart?post=13041"},{"taxonomy":"evw_unit","embeddable":true,"href":"https:\/\/feuerwehr-vglambrecht.de\/cms\/wp-json\/wp\/v2\/evw_unit?post=13041"}],"curies":[{"name":"wp","href":"https:\/\/api.w.org\/{rel}","templated":true}]}}