{"id":13007,"date":"2024-09-18T11:21:00","date_gmt":"2024-09-18T09:21:00","guid":{"rendered":"https:\/\/feuerwehr-vglambrecht.de\/cms\/?post_type=einsatz&#038;p=13007"},"modified":"2024-09-20T08:13:12","modified_gmt":"2024-09-20T06:13:12","slug":"hilfeleistung-tueroeffnung-dringend-h2-01-2","status":"publish","type":"einsatz","link":"https:\/\/feuerwehr-vglambrecht.de\/cms\/einsatzberichte\/hilfeleistung-tueroeffnung-dringend-h2-01-2\/","title":{"rendered":"Hilfeleistung &#8211; T\u00fcr\u00f6ffnung dringend (H2.01)"},"content":{"rendered":"<p>Am 18.09.2024 um 11:21 wurde die Einheit Lambrecht zusammen mit dem Rettungsdienst und der Polizei zu einer dringenden T\u00fcr\u00f6ffnung alarmiert. Nachdem der Zugang zu einer Wohnung in Lambrecht kurz nach Eintreffen mit Mitteln der Feuerwehr erm\u00f6glicht werden konnte, wurde die Einsatzstelle an die Polizei \u00fcbergeben und der Einsatz nach etwa 25 Minuten beendet.<\/p>\n","protected":false},"author":22,"featured_media":12229,"template":"","meta":{"einsatz_weight":1,"footnotes":""},"categories":[],"tags":[395,383,373,142,174,398],"einsatzart":[33],"fahrzeug":[53,54],"exteinsatzmittel":[18,30,31],"alarmierungsart":[10],"evw_unit":[571],"class_list":["post-13007","einsatz","type-einsatz","status-publish","has-post-thumbnail","hentry","tag-blaulicht","tag-feuerwehrvglambrecht","tag-immerda","tag-lambrecht","tag-tueroeffnung","tag-wirfuereuch","einsatzart-th","fahrzeug-lambrecht-33","fahrzeug-lambrecht-44","exteinsatzmittel-fw_lam","exteinsatzmittel-pol","exteinsatzmittel-drk","alarmierungsart-dme-digitaler-meldeempfaenger","evw_unit-lambrecht"],"better_featured_image":{"id":12229,"alt_text":"","caption":"","description":"","media_type":"image","media_details":{"width":233,"height":300,"file":"2024\/01\/Tueroeffnung-cut.png","filesize":98357,"sizes":{"wptouch-new-thumbnail":{"file":"Tueroeffnung-cut-144x144.png","width":144,"height":144,"mime-type":"image\/png","filesize":30084,"source_url":"https:\/\/feuerwehr-vglambrecht.de\/cms\/wp-content\/uploads\/2024\/01\/Tueroeffnung-cut-144x144.png"},"thumbnail":{"file":"Tueroeffnung-cut-150x150.png","width":150,"height":150,"source_url":"https:\/\/feuerwehr-vglambrecht.de\/cms\/wp-content\/uploads\/2024\/01\/Tueroeffnung-cut-150x150.png"}},"image_meta":{"aperture":"0","credit":"","camera":"","caption":"","created_timestamp":"0","copyright":"","focal_length":"0","iso":"0","shutter_speed":"0","title":"","orientation":"0","keywords":[]},"image-converter":{"thumbnail":"IME"}},"post":null,"source_url":"https:\/\/feuerwehr-vglambrecht.de\/cms\/wp-content\/uploads\/2024\/01\/Tueroeffnung-cut.png"},"einsatz_ort":"Lambrecht","einsatz_ende":"2024-09-18 11:45","einsatz_beginn":"","_links":{"self":[{"href":"https:\/\/feuerwehr-vglambrecht.de\/cms\/wp-json\/wp\/v2\/einsatz\/13007","targetHints":{"allow":["GET"]}}],"collection":[{"href":"https:\/\/feuerwehr-vglambrecht.de\/cms\/wp-json\/wp\/v2\/einsatz"}],"about":[{"href":"https:\/\/feuerwehr-vglambrecht.de\/cms\/wp-json\/wp\/v2\/types\/einsatz"}],"author":[{"embeddable":true,"href":"https:\/\/feuerwehr-vglambrecht.de\/cms\/wp-json\/wp\/v2\/users\/22"}],"version-history":[{"count":1,"href":"https:\/\/feuerwehr-vglambrecht.de\/cms\/wp-json\/wp\/v2\/einsatz\/13007\/revisions"}],"predecessor-version":[{"id":13008,"href":"https:\/\/feuerwehr-vglambrecht.de\/cms\/wp-json\/wp\/v2\/einsatz\/13007\/revisions\/13008"}],"wp:featuredmedia":[{"embeddable":true,"href":"https:\/\/feuerwehr-vglambrecht.de\/cms\/wp-json\/wp\/v2\/media\/12229"}],"wp:attachment":[{"href":"https:\/\/feuerwehr-vglambrecht.de\/cms\/wp-json\/wp\/v2\/media?parent=13007"}],"wp:term":[{"taxonomy":"category","embeddable":true,"href":"https:\/\/feuerwehr-vglambrecht.de\/cms\/wp-json\/wp\/v2\/categories?post=13007"},{"taxonomy":"post_tag","embeddable":true,"href":"https:\/\/feuerwehr-vglambrecht.de\/cms\/wp-json\/wp\/v2\/tags?post=13007"},{"taxonomy":"einsatzart","embeddable":true,"href":"https:\/\/feuerwehr-vglambrecht.de\/cms\/wp-json\/wp\/v2\/einsatzart?post=13007"},{"taxonomy":"fahrzeug","embeddable":true,"href":"https:\/\/feuerwehr-vglambrecht.de\/cms\/wp-json\/wp\/v2\/fahrzeug?post=13007"},{"taxonomy":"exteinsatzmittel","embeddable":true,"href":"https:\/\/feuerwehr-vglambrecht.de\/cms\/wp-json\/wp\/v2\/exteinsatzmittel?post=13007"},{"taxonomy":"alarmierungsart","embeddable":true,"href":"https:\/\/feuerwehr-vglambrecht.de\/cms\/wp-json\/wp\/v2\/alarmierungsart?post=13007"},{"taxonomy":"evw_unit","embeddable":true,"href":"https:\/\/feuerwehr-vglambrecht.de\/cms\/wp-json\/wp\/v2\/evw_unit?post=13007"}],"curies":[{"name":"wp","href":"https:\/\/api.w.org\/{rel}","templated":true}]}}