{"id":12921,"date":"2024-08-15T20:41:00","date_gmt":"2024-08-15T18:41:00","guid":{"rendered":"https:\/\/feuerwehr-vglambrecht.de\/cms\/?post_type=einsatz&#038;p=12921"},"modified":"2024-08-16T13:29:15","modified_gmt":"2024-08-16T11:29:15","slug":"brandeinsatz-bma-b2-07-7","status":"publish","type":"einsatz","link":"https:\/\/feuerwehr-vglambrecht.de\/cms\/einsatzberichte\/brandeinsatz-bma-b2-07-7\/","title":{"rendered":"Brandeinsatz &#8211; BMA (B2.07)"},"content":{"rendered":"<p>Am 15.08.2024 um 20:41 Uhr wurden die Einheiten Lambrecht und Lindenberg zu einer ausgel\u00f6sten Brandmeldeanlage in einem Lambrechter Pflegeheim alarmiert. Ein Melder hatte aus nicht nachvollziehbaren Gr\u00fcnden ausgel\u00f6st, nach R\u00fcckstellung der Anlage wurde die Einsatzstelle zur\u00fcck an den Betreiber \u00fcbergeben und der Einsatz nach etwa 15 Minuten beendet.<\/p>\n","protected":false},"author":22,"featured_media":12584,"template":"","meta":{"einsatz_weight":1,"footnotes":""},"categories":[],"tags":[163,383,373,142,137],"einsatzart":[8],"fahrzeug":[54,57],"exteinsatzmittel":[18,19,30,31],"alarmierungsart":[10],"evw_unit":[],"class_list":["post-12921","einsatz","type-einsatz","status-publish","has-post-thumbnail","hentry","tag-brandmeldeanlage","tag-feuerwehrvglambrecht","tag-immerda","tag-lambrecht","tag-lindenberg","einsatzart-bma","fahrzeug-lambrecht-44","fahrzeug-lindenberg-47","exteinsatzmittel-fw_lam","exteinsatzmittel-fw_lin","exteinsatzmittel-pol","exteinsatzmittel-drk","alarmierungsart-dme-digitaler-meldeempfaenger"],"better_featured_image":{"id":12584,"alt_text":"","caption":"","description":"","media_type":"image","media_details":{"width":800,"height":417,"file":"2024\/04\/5710203091912407553.jpeg","filesize":52889,"sizes":{"medium_large":{"file":"5710203091912407553-768x400.jpeg","width":768,"height":400,"mime-type":"image\/jpeg","filesize":53808,"source_url":"https:\/\/feuerwehr-vglambrecht.de\/cms\/wp-content\/uploads\/2024\/04\/5710203091912407553-768x400.jpeg"},"wptouch-new-thumbnail":{"file":"5710203091912407553-144x144.jpeg","width":144,"height":144,"mime-type":"image\/jpeg","filesize":4559,"source_url":"https:\/\/feuerwehr-vglambrecht.de\/cms\/wp-content\/uploads\/2024\/04\/5710203091912407553-144x144.jpeg"},"thumbnail":{"file":"5710203091912407553-150x150.jpeg","width":150,"height":150,"source_url":"https:\/\/feuerwehr-vglambrecht.de\/cms\/wp-content\/uploads\/2024\/04\/5710203091912407553-150x150.jpeg"},"medium":{"file":"5710203091912407553-300x156.jpeg","width":300,"height":156,"source_url":"https:\/\/feuerwehr-vglambrecht.de\/cms\/wp-content\/uploads\/2024\/04\/5710203091912407553-300x156.jpeg"}},"image_meta":{"aperture":"0","credit":"","camera":"","caption":"","created_timestamp":"0","copyright":"","focal_length":"0","iso":"0","shutter_speed":"0","title":"","orientation":"0","keywords":[]},"image-converter":{"thumbnail":"IME","medium":"IME"}},"post":12583,"source_url":"https:\/\/feuerwehr-vglambrecht.de\/cms\/wp-content\/uploads\/2024\/04\/5710203091912407553.jpeg"},"einsatz_ort":"Lambrecht","einsatz_ende":"2024-08-15 20:57","einsatz_beginn":"","_links":{"self":[{"href":"https:\/\/feuerwehr-vglambrecht.de\/cms\/wp-json\/wp\/v2\/einsatz\/12921","targetHints":{"allow":["GET"]}}],"collection":[{"href":"https:\/\/feuerwehr-vglambrecht.de\/cms\/wp-json\/wp\/v2\/einsatz"}],"about":[{"href":"https:\/\/feuerwehr-vglambrecht.de\/cms\/wp-json\/wp\/v2\/types\/einsatz"}],"author":[{"embeddable":true,"href":"https:\/\/feuerwehr-vglambrecht.de\/cms\/wp-json\/wp\/v2\/users\/22"}],"version-history":[{"count":3,"href":"https:\/\/feuerwehr-vglambrecht.de\/cms\/wp-json\/wp\/v2\/einsatz\/12921\/revisions"}],"predecessor-version":[{"id":12924,"href":"https:\/\/feuerwehr-vglambrecht.de\/cms\/wp-json\/wp\/v2\/einsatz\/12921\/revisions\/12924"}],"wp:featuredmedia":[{"embeddable":true,"href":"https:\/\/feuerwehr-vglambrecht.de\/cms\/wp-json\/wp\/v2\/media\/12584"}],"wp:attachment":[{"href":"https:\/\/feuerwehr-vglambrecht.de\/cms\/wp-json\/wp\/v2\/media?parent=12921"}],"wp:term":[{"taxonomy":"category","embeddable":true,"href":"https:\/\/feuerwehr-vglambrecht.de\/cms\/wp-json\/wp\/v2\/categories?post=12921"},{"taxonomy":"post_tag","embeddable":true,"href":"https:\/\/feuerwehr-vglambrecht.de\/cms\/wp-json\/wp\/v2\/tags?post=12921"},{"taxonomy":"einsatzart","embeddable":true,"href":"https:\/\/feuerwehr-vglambrecht.de\/cms\/wp-json\/wp\/v2\/einsatzart?post=12921"},{"taxonomy":"fahrzeug","embeddable":true,"href":"https:\/\/feuerwehr-vglambrecht.de\/cms\/wp-json\/wp\/v2\/fahrzeug?post=12921"},{"taxonomy":"exteinsatzmittel","embeddable":true,"href":"https:\/\/feuerwehr-vglambrecht.de\/cms\/wp-json\/wp\/v2\/exteinsatzmittel?post=12921"},{"taxonomy":"alarmierungsart","embeddable":true,"href":"https:\/\/feuerwehr-vglambrecht.de\/cms\/wp-json\/wp\/v2\/alarmierungsart?post=12921"},{"taxonomy":"evw_unit","embeddable":true,"href":"https:\/\/feuerwehr-vglambrecht.de\/cms\/wp-json\/wp\/v2\/evw_unit?post=12921"}],"curies":[{"name":"wp","href":"https:\/\/api.w.org\/{rel}","templated":true}]}}