{"id":12541,"date":"2024-04-02T16:05:00","date_gmt":"2024-04-02T14:05:00","guid":{"rendered":"https:\/\/feuerwehr-vglambrecht.de\/cms\/?post_type=einsatz&#038;p=12541"},"modified":"2024-04-02T17:32:32","modified_gmt":"2024-04-02T15:32:32","slug":"brandmeldeanlage-b2-07-77","status":"publish","type":"einsatz","link":"https:\/\/feuerwehr-vglambrecht.de\/cms\/einsatzberichte\/brandmeldeanlage-b2-07-77\/","title":{"rendered":"Brandmeldeanlage (B2.07)"},"content":{"rendered":"<p>Die Feuerwehren Neidenfels und Weidenthal wurden am 02. April 2024 um 16:05 Uhr zu einer ausgel\u00f6sten Brandmeldeanlage in Neidenfels alarmiert.<span id=\"more-12493\"><\/span> Vor Ort stellte sich heraus, dass es sich um einen Fehlalarm aufgrund eines technischen Defekts handelte. Die Anlage wurde zur\u00fcckgesetzt und die Einsatzstelle an den Betreiber \u00fcbergeben. Es waren keine weiteren Ma\u00dfnahmen der Feuerwehr erforderlich.<\/p>\n","protected":false},"author":1,"featured_media":11218,"template":"","meta":{"einsatz_weight":1,"footnotes":""},"categories":[],"tags":[],"einsatzart":[8],"fahrzeug":[59,61,498],"exteinsatzmittel":[68,21,30,31],"alarmierungsart":[10],"evw_unit":[],"class_list":["post-12541","einsatz","type-einsatz","status-publish","has-post-thumbnail","hentry","einsatzart-bma","fahrzeug-neidenfels-47","fahrzeug-neidenfels-73","fahrzeug-7-44-1","exteinsatzmittel-fw_nei","exteinsatzmittel-fw_wei","exteinsatzmittel-pol","exteinsatzmittel-drk","alarmierungsart-dme-digitaler-meldeempfaenger"],"better_featured_image":{"id":11218,"alt_text":"","caption":"","description":"","media_type":"image","media_details":{"width":800,"height":460,"file":"2023\/01\/BMA-800x460-1.jpeg","filesize":84846,"sizes":{"medium_large":{"file":"BMA-800x460-1-768x442.jpeg","width":768,"height":442,"mime-type":"image\/jpeg","filesize":71031,"source_url":"https:\/\/feuerwehr-vglambrecht.de\/cms\/wp-content\/uploads\/2023\/01\/BMA-800x460-1-768x442.jpeg"},"wptouch-new-thumbnail":{"file":"BMA-800x460-1-144x144.jpeg","width":144,"height":144,"mime-type":"image\/jpeg","filesize":5808,"source_url":"https:\/\/feuerwehr-vglambrecht.de\/cms\/wp-content\/uploads\/2023\/01\/BMA-800x460-1-144x144.jpeg"},"thumbnail":{"file":"BMA-800x460-1-150x150.jpeg","width":150,"height":150,"source_url":"https:\/\/feuerwehr-vglambrecht.de\/cms\/wp-content\/uploads\/2023\/01\/BMA-800x460-1-150x150.jpeg"},"medium":{"file":"BMA-800x460-1-300x173.jpeg","width":300,"height":173,"source_url":"https:\/\/feuerwehr-vglambrecht.de\/cms\/wp-content\/uploads\/2023\/01\/BMA-800x460-1-300x173.jpeg"}},"image_meta":{"aperture":"0","credit":"","camera":"","caption":"","created_timestamp":"0","copyright":"","focal_length":"0","iso":"0","shutter_speed":"0","title":"","orientation":"0","keywords":[]},"image-converter":{"thumbnail":"IME","medium":"IME"}},"post":11216,"source_url":"https:\/\/feuerwehr-vglambrecht.de\/cms\/wp-content\/uploads\/2023\/01\/BMA-800x460-1.jpeg"},"einsatz_ort":"Neidenfels","einsatz_ende":"2024-04-02 16:29","einsatz_beginn":"","_links":{"self":[{"href":"https:\/\/feuerwehr-vglambrecht.de\/cms\/wp-json\/wp\/v2\/einsatz\/12541","targetHints":{"allow":["GET"]}}],"collection":[{"href":"https:\/\/feuerwehr-vglambrecht.de\/cms\/wp-json\/wp\/v2\/einsatz"}],"about":[{"href":"https:\/\/feuerwehr-vglambrecht.de\/cms\/wp-json\/wp\/v2\/types\/einsatz"}],"author":[{"embeddable":true,"href":"https:\/\/feuerwehr-vglambrecht.de\/cms\/wp-json\/wp\/v2\/users\/1"}],"version-history":[{"count":2,"href":"https:\/\/feuerwehr-vglambrecht.de\/cms\/wp-json\/wp\/v2\/einsatz\/12541\/revisions"}],"predecessor-version":[{"id":12543,"href":"https:\/\/feuerwehr-vglambrecht.de\/cms\/wp-json\/wp\/v2\/einsatz\/12541\/revisions\/12543"}],"wp:featuredmedia":[{"embeddable":true,"href":"https:\/\/feuerwehr-vglambrecht.de\/cms\/wp-json\/wp\/v2\/media\/11218"}],"wp:attachment":[{"href":"https:\/\/feuerwehr-vglambrecht.de\/cms\/wp-json\/wp\/v2\/media?parent=12541"}],"wp:term":[{"taxonomy":"category","embeddable":true,"href":"https:\/\/feuerwehr-vglambrecht.de\/cms\/wp-json\/wp\/v2\/categories?post=12541"},{"taxonomy":"post_tag","embeddable":true,"href":"https:\/\/feuerwehr-vglambrecht.de\/cms\/wp-json\/wp\/v2\/tags?post=12541"},{"taxonomy":"einsatzart","embeddable":true,"href":"https:\/\/feuerwehr-vglambrecht.de\/cms\/wp-json\/wp\/v2\/einsatzart?post=12541"},{"taxonomy":"fahrzeug","embeddable":true,"href":"https:\/\/feuerwehr-vglambrecht.de\/cms\/wp-json\/wp\/v2\/fahrzeug?post=12541"},{"taxonomy":"exteinsatzmittel","embeddable":true,"href":"https:\/\/feuerwehr-vglambrecht.de\/cms\/wp-json\/wp\/v2\/exteinsatzmittel?post=12541"},{"taxonomy":"alarmierungsart","embeddable":true,"href":"https:\/\/feuerwehr-vglambrecht.de\/cms\/wp-json\/wp\/v2\/alarmierungsart?post=12541"},{"taxonomy":"evw_unit","embeddable":true,"href":"https:\/\/feuerwehr-vglambrecht.de\/cms\/wp-json\/wp\/v2\/evw_unit?post=12541"}],"curies":[{"name":"wp","href":"https:\/\/api.w.org\/{rel}","templated":true}]}}