{"id":12360,"date":"2024-02-05T19:44:00","date_gmt":"2024-02-05T18:44:00","guid":{"rendered":"https:\/\/feuerwehr-vglambrecht.de\/cms\/?post_type=einsatz&#038;p=12360"},"modified":"2024-02-06T16:02:29","modified_gmt":"2024-02-06T15:02:29","slug":"tuer-oeffnen-dringend-h2-01-21","status":"publish","type":"einsatz","link":"https:\/\/feuerwehr-vglambrecht.de\/cms\/einsatzberichte\/tuer-oeffnen-dringend-h2-01-21\/","title":{"rendered":"T\u00fcr \u00f6ffnen dringend (H2.01)"},"content":{"rendered":"<p>&nbsp;<\/p>\n<p><strong>T\u00fcr\u00f6ffnung dringend <\/strong><\/p>\n<p><strong>( Bewohnerin l\u00f6st Hausnotruf aus)<\/strong><\/p>\n<p><strong>\u00a0<\/strong>Am 5. Februar 2024 um 19:44 Uhr wurden die Feuerwehren Esthal und Frankeneck zu einer <strong>\u201eT\u00fcr\u00f6ffnung dringend\u201c <\/strong>in die Brunnenstra\u00dfe in Esthal alarmiert.<\/p>\n<p>Wegen eines Notfalls dr\u00fcckte eine \u00e4ltere Bewohnerin den Notrufknopf des DRK (Deutsches Rotes Kreuz) -Hausnotrufes. Der Helfer des DRK gelangte trotz Schl\u00fcssel nicht in das Haus der Bewohnerin und alarmierte die Feuerwehr. Die T\u00fcr wurde durch die Feuerwehr ge\u00f6ffnet. Bis zum Eintreffen des Regelrettungsdienst wurde die Person durch die Feuerwehr und dem Helfer betreut.<\/p>\n\n<div class=\"ngg-galleryoverview\" id=\"ngg-gallery-469-12360\">\n\n\t<!-- Slideshow link -->\n\t<div class=\"slideshowlink\">\n\t\t<a class=\"slideshowlink\" href=\"https:\/\/feuerwehr-vglambrecht.de\/cms\/einsatzberichte\/tuer-oeffnen-dringend-h2-01-21\/nggallery\/slideshow\">\n\t\t\t[Show as slideshow]\t\t<\/a>\n\t<\/div>\n\n\t\n\t<!-- Thumbnails -->\n\t\t\n\t<div id=\"ngg-image-2695\" class=\"ngg-gallery-thumbnail-box\"  >\n\t\t<div class=\"ngg-gallery-thumbnail\" >\n\t\t\t<a href=\"https:\/\/feuerwehr-vglambrecht.de\/cms\/wp-content\/gallery\/tueroeffnung-esthal\/img_3287.jpg\" title=\" \" class=\"shutterset_set_469\" >\n\t\t\t\t\t\t\t\t<img loading=\"lazy\" decoding=\"async\" title=\"img_3287\" alt=\"img_3287\" src=\"https:\/\/feuerwehr-vglambrecht.de\/cms\/wp-content\/gallery\/tueroeffnung-esthal\/thumbs\/thumbs_img_3287.jpg\" width=\"100\" height=\"75\" \/>\n\t\t\t\t\t\t\t<\/a>\n\t\t<\/div>\n\t<\/div>\n\t\n\t\t\n \t\t\n\t<div id=\"ngg-image-2696\" class=\"ngg-gallery-thumbnail-box\"  >\n\t\t<div class=\"ngg-gallery-thumbnail\" >\n\t\t\t<a href=\"https:\/\/feuerwehr-vglambrecht.de\/cms\/wp-content\/gallery\/tueroeffnung-esthal\/img_3289.jpg\" title=\" \" class=\"shutterset_set_469\" >\n\t\t\t\t\t\t\t\t<img loading=\"lazy\" decoding=\"async\" title=\"img_3289\" alt=\"img_3289\" src=\"https:\/\/feuerwehr-vglambrecht.de\/cms\/wp-content\/gallery\/tueroeffnung-esthal\/thumbs\/thumbs_img_3289.jpg\" width=\"100\" height=\"75\" \/>\n\t\t\t\t\t\t\t<\/a>\n\t\t<\/div>\n\t<\/div>\n\t\n\t\t\n \t \t\n\t<!-- Pagination -->\n \t<div class='ngg-clear'><\/div>\n \t\n<\/div>\n\n\n","protected":false},"author":5,"featured_media":12364,"template":"","meta":{"einsatz_weight":1,"footnotes":""},"categories":[6,70],"tags":[388,138,383,141,373,190,186],"einsatzart":[33],"fahrzeug":[350,307,44],"exteinsatzmittel":[12,13,299,31],"alarmierungsart":[10],"evw_unit":[],"class_list":["post-12360","einsatz","type-einsatz","status-publish","has-post-thumbnail","hentry","category-fw_esthal","category-fw_frankeneck","tag-ehrenamt","tag-esthal","tag-feuerwehrvglambrecht","tag-frankeneck","tag-immerda","tag-technische-hilfe","tag-tueroeffnung-sos","einsatzart-th","fahrzeug-esthal-19-2","fahrzeug-307","fahrzeug-frankeneck-40","exteinsatzmittel-fw_est","exteinsatzmittel-fw_fra","exteinsatzmittel-fez-neustadt","exteinsatzmittel-drk","alarmierungsart-dme-digitaler-meldeempfaenger"],"better_featured_image":{"id":12364,"alt_text":"","caption":"","description":"","media_type":"image","media_details":{"width":1920,"height":1390,"file":"2024\/02\/IMG_3289-scaled-e1707231287285.jpg","filesize":694448,"sizes":{"medium_large":{"file":"IMG_3289-scaled-e1707231287285-768x556.jpg","width":768,"height":556,"mime-type":"image\/jpeg","filesize":80011,"source_url":"https:\/\/feuerwehr-vglambrecht.de\/cms\/wp-content\/uploads\/2024\/02\/IMG_3289-scaled-e1707231287285-768x556.jpg"},"1536x1536":{"file":"IMG_3289-scaled-e1707231287285-1536x1112.jpg","width":1536,"height":1112,"mime-type":"image\/jpeg","filesize":251616,"source_url":"https:\/\/feuerwehr-vglambrecht.de\/cms\/wp-content\/uploads\/2024\/02\/IMG_3289-scaled-e1707231287285-1536x1112.jpg"},"2048x2048":{"file":"IMG_3289-1536x2048.jpg","width":1536,"height":2048,"mime-type":"image\/jpeg","filesize":465398,"source_url":"https:\/\/feuerwehr-vglambrecht.de\/cms\/wp-content\/uploads\/2024\/02\/IMG_3289-1536x2048.jpg"},"wptouch-new-thumbnail":{"file":"IMG_3289-scaled-e1707231287285-144x144.jpg","width":144,"height":144,"mime-type":"image\/jpeg","filesize":13972,"source_url":"https:\/\/feuerwehr-vglambrecht.de\/cms\/wp-content\/uploads\/2024\/02\/IMG_3289-scaled-e1707231287285-144x144.jpg"},"landing_image":{"file":"IMG_3289-scaled-e1707231287285-1024x460.jpg","width":1024,"height":460,"mime-type":"image\/jpeg","filesize":98358,"source_url":"https:\/\/feuerwehr-vglambrecht.de\/cms\/wp-content\/uploads\/2024\/02\/IMG_3289-scaled-e1707231287285-1024x460.jpg"},"thumbnail":{"file":"IMG_3289-scaled-e1707231287285-150x150.jpg","width":150,"height":150,"mime-type":"image\/jpeg","filesize":14400,"source_url":"https:\/\/feuerwehr-vglambrecht.de\/cms\/wp-content\/uploads\/2024\/02\/IMG_3289-scaled-e1707231287285-150x150.jpg"},"medium":{"file":"IMG_3289-scaled-e1707231287285-300x217.jpg","width":300,"height":217,"mime-type":"image\/jpeg","filesize":22677,"source_url":"https:\/\/feuerwehr-vglambrecht.de\/cms\/wp-content\/uploads\/2024\/02\/IMG_3289-scaled-e1707231287285-300x217.jpg"},"large":{"file":"IMG_3289-scaled-e1707231287285-1024x741.jpg","width":1024,"height":741,"mime-type":"image\/jpeg","filesize":128391,"source_url":"https:\/\/feuerwehr-vglambrecht.de\/cms\/wp-content\/uploads\/2024\/02\/IMG_3289-scaled-e1707231287285-1024x741.jpg"}},"image_meta":{"aperture":"1.6","credit":"","camera":"iPhone 13","caption":"","created_timestamp":"1707163769","copyright":"","focal_length":"5.1","iso":"1000","shutter_speed":"0.05","title":"","orientation":1,"keywords":[]},"original_image":"IMG_3289.jpg","image-converter":{"thumbnail":"IME","medium":"IME","large":"IME"}},"post":12360,"source_url":"https:\/\/feuerwehr-vglambrecht.de\/cms\/wp-content\/uploads\/2024\/02\/IMG_3289-scaled-e1707231287285.jpg"},"einsatz_ort":"Esthal","einsatz_ende":"2024-02-05 20:15","einsatz_beginn":"","_links":{"self":[{"href":"https:\/\/feuerwehr-vglambrecht.de\/cms\/wp-json\/wp\/v2\/einsatz\/12360","targetHints":{"allow":["GET"]}}],"collection":[{"href":"https:\/\/feuerwehr-vglambrecht.de\/cms\/wp-json\/wp\/v2\/einsatz"}],"about":[{"href":"https:\/\/feuerwehr-vglambrecht.de\/cms\/wp-json\/wp\/v2\/types\/einsatz"}],"author":[{"embeddable":true,"href":"https:\/\/feuerwehr-vglambrecht.de\/cms\/wp-json\/wp\/v2\/users\/5"}],"version-history":[{"count":4,"href":"https:\/\/feuerwehr-vglambrecht.de\/cms\/wp-json\/wp\/v2\/einsatz\/12360\/revisions"}],"predecessor-version":[{"id":12365,"href":"https:\/\/feuerwehr-vglambrecht.de\/cms\/wp-json\/wp\/v2\/einsatz\/12360\/revisions\/12365"}],"wp:featuredmedia":[{"embeddable":true,"href":"https:\/\/feuerwehr-vglambrecht.de\/cms\/wp-json\/wp\/v2\/media\/12364"}],"wp:attachment":[{"href":"https:\/\/feuerwehr-vglambrecht.de\/cms\/wp-json\/wp\/v2\/media?parent=12360"}],"wp:term":[{"taxonomy":"category","embeddable":true,"href":"https:\/\/feuerwehr-vglambrecht.de\/cms\/wp-json\/wp\/v2\/categories?post=12360"},{"taxonomy":"post_tag","embeddable":true,"href":"https:\/\/feuerwehr-vglambrecht.de\/cms\/wp-json\/wp\/v2\/tags?post=12360"},{"taxonomy":"einsatzart","embeddable":true,"href":"https:\/\/feuerwehr-vglambrecht.de\/cms\/wp-json\/wp\/v2\/einsatzart?post=12360"},{"taxonomy":"fahrzeug","embeddable":true,"href":"https:\/\/feuerwehr-vglambrecht.de\/cms\/wp-json\/wp\/v2\/fahrzeug?post=12360"},{"taxonomy":"exteinsatzmittel","embeddable":true,"href":"https:\/\/feuerwehr-vglambrecht.de\/cms\/wp-json\/wp\/v2\/exteinsatzmittel?post=12360"},{"taxonomy":"alarmierungsart","embeddable":true,"href":"https:\/\/feuerwehr-vglambrecht.de\/cms\/wp-json\/wp\/v2\/alarmierungsart?post=12360"},{"taxonomy":"evw_unit","embeddable":true,"href":"https:\/\/feuerwehr-vglambrecht.de\/cms\/wp-json\/wp\/v2\/evw_unit?post=12360"}],"curies":[{"name":"wp","href":"https:\/\/api.w.org\/{rel}","templated":true}]}}