{"id":12279,"date":"2024-01-18T14:16:00","date_gmt":"2024-01-18T13:16:00","guid":{"rendered":"https:\/\/feuerwehr-vglambrecht.de\/cms\/?post_type=einsatz&#038;p=12279"},"modified":"2024-01-19T07:09:50","modified_gmt":"2024-01-19T06:09:50","slug":"wohnungsbrand-b2-08-10","status":"publish","type":"einsatz","link":"https:\/\/feuerwehr-vglambrecht.de\/cms\/einsatzberichte\/wohnungsbrand-b2-08-10\/","title":{"rendered":"Wohnungsbrand (B2.08)"},"content":{"rendered":"<p>Am Donnerstagmittag um 14:16 Uhr wurden die Einheiten Esthal, Frankeneck und Lambrecht zu einem K\u00fcchenbrand in Frankeneck alarmiert.<\/p>\n<p>Beim Eintreffen war der Brand bereits mittels einer L\u00f6schdecke durch die Anwohnerin gel\u00f6scht. Ein Trupp unter Atemschutz kontrollierte, ob das Feuer vollst\u00e4ndig gel\u00f6scht war und brachte den Topf ins Freie. Anschlie\u00dfend wurde das Wohnhaus mittels L\u00fcfter vom Rauch befreit und die K\u00fcche nochmals kontrolliert.\u00a0Verletzt wurde hierbei niemand.<\/p>\n","protected":false},"author":9,"featured_media":12282,"template":"","meta":{"einsatz_weight":1,"footnotes":""},"categories":[70],"tags":[],"einsatzart":[7],"fahrzeug":[350,44,54],"exteinsatzmittel":[12,13,18,30,31],"alarmierungsart":[10],"evw_unit":[],"class_list":["post-12279","einsatz","type-einsatz","status-publish","has-post-thumbnail","hentry","category-fw_frankeneck","einsatzart-brand","fahrzeug-esthal-19-2","fahrzeug-frankeneck-40","fahrzeug-lambrecht-44","exteinsatzmittel-fw_est","exteinsatzmittel-fw_fra","exteinsatzmittel-fw_lam","exteinsatzmittel-pol","exteinsatzmittel-drk","alarmierungsart-dme-digitaler-meldeempfaenger"],"better_featured_image":{"id":12282,"alt_text":"","caption":"","description":"","media_type":"image","media_details":{"width":2560,"height":1707,"file":"2024\/01\/DLK-scaled.jpg","filesize":625347,"sizes":{"medium_large":{"file":"DLK-768x512.jpg","width":768,"height":512,"mime-type":"image\/jpeg","filesize":92039,"source_url":"https:\/\/feuerwehr-vglambrecht.de\/cms\/wp-content\/uploads\/2024\/01\/DLK-768x512.jpg"},"1536x1536":{"file":"DLK-1536x1024.jpg","width":1536,"height":1024,"mime-type":"image\/jpeg","filesize":273753,"source_url":"https:\/\/feuerwehr-vglambrecht.de\/cms\/wp-content\/uploads\/2024\/01\/DLK-1536x1024.jpg"},"2048x2048":{"file":"DLK-2048x1365.jpg","width":2048,"height":1365,"mime-type":"image\/jpeg","filesize":436892,"source_url":"https:\/\/feuerwehr-vglambrecht.de\/cms\/wp-content\/uploads\/2024\/01\/DLK-2048x1365.jpg"},"wptouch-new-thumbnail":{"file":"DLK-144x144.jpg","width":144,"height":144,"mime-type":"image\/jpeg","filesize":14933,"source_url":"https:\/\/feuerwehr-vglambrecht.de\/cms\/wp-content\/uploads\/2024\/01\/DLK-144x144.jpg"},"landing_image":{"file":"DLK-1024x460.jpg","width":1024,"height":460,"mime-type":"image\/jpeg","filesize":106443,"source_url":"https:\/\/feuerwehr-vglambrecht.de\/cms\/wp-content\/uploads\/2024\/01\/DLK-1024x460.jpg"},"thumbnail":{"file":"DLK-150x150.jpg","width":150,"height":150,"source_url":"https:\/\/feuerwehr-vglambrecht.de\/cms\/wp-content\/uploads\/2024\/01\/DLK-150x150.jpg"},"medium":{"file":"DLK-300x200.jpg","width":300,"height":200,"source_url":"https:\/\/feuerwehr-vglambrecht.de\/cms\/wp-content\/uploads\/2024\/01\/DLK-300x200.jpg"},"large":{"file":"DLK-1024x683.jpg","width":1024,"height":683,"source_url":"https:\/\/feuerwehr-vglambrecht.de\/cms\/wp-content\/uploads\/2024\/01\/DLK-1024x683.jpg"}},"image_meta":{"aperture":"4.5","credit":"","camera":"Canon EOS 1300D","caption":"","created_timestamp":"1509461142","copyright":"","focal_length":"35","iso":"500","shutter_speed":"0.002","title":"","orientation":"0","keywords":[]},"original_image":"DLK.jpg","image-converter":{"thumbnail":"IME","medium":"IME","large":"IME"}},"post":12279,"source_url":"https:\/\/feuerwehr-vglambrecht.de\/cms\/wp-content\/uploads\/2024\/01\/DLK-scaled.jpg"},"einsatz_ort":"Frankeneck Buchental","einsatz_ende":"2024-01-18 14:59","einsatz_beginn":"","_links":{"self":[{"href":"https:\/\/feuerwehr-vglambrecht.de\/cms\/wp-json\/wp\/v2\/einsatz\/12279","targetHints":{"allow":["GET"]}}],"collection":[{"href":"https:\/\/feuerwehr-vglambrecht.de\/cms\/wp-json\/wp\/v2\/einsatz"}],"about":[{"href":"https:\/\/feuerwehr-vglambrecht.de\/cms\/wp-json\/wp\/v2\/types\/einsatz"}],"author":[{"embeddable":true,"href":"https:\/\/feuerwehr-vglambrecht.de\/cms\/wp-json\/wp\/v2\/users\/9"}],"version-history":[{"count":3,"href":"https:\/\/feuerwehr-vglambrecht.de\/cms\/wp-json\/wp\/v2\/einsatz\/12279\/revisions"}],"predecessor-version":[{"id":12283,"href":"https:\/\/feuerwehr-vglambrecht.de\/cms\/wp-json\/wp\/v2\/einsatz\/12279\/revisions\/12283"}],"wp:featuredmedia":[{"embeddable":true,"href":"https:\/\/feuerwehr-vglambrecht.de\/cms\/wp-json\/wp\/v2\/media\/12282"}],"wp:attachment":[{"href":"https:\/\/feuerwehr-vglambrecht.de\/cms\/wp-json\/wp\/v2\/media?parent=12279"}],"wp:term":[{"taxonomy":"category","embeddable":true,"href":"https:\/\/feuerwehr-vglambrecht.de\/cms\/wp-json\/wp\/v2\/categories?post=12279"},{"taxonomy":"post_tag","embeddable":true,"href":"https:\/\/feuerwehr-vglambrecht.de\/cms\/wp-json\/wp\/v2\/tags?post=12279"},{"taxonomy":"einsatzart","embeddable":true,"href":"https:\/\/feuerwehr-vglambrecht.de\/cms\/wp-json\/wp\/v2\/einsatzart?post=12279"},{"taxonomy":"fahrzeug","embeddable":true,"href":"https:\/\/feuerwehr-vglambrecht.de\/cms\/wp-json\/wp\/v2\/fahrzeug?post=12279"},{"taxonomy":"exteinsatzmittel","embeddable":true,"href":"https:\/\/feuerwehr-vglambrecht.de\/cms\/wp-json\/wp\/v2\/exteinsatzmittel?post=12279"},{"taxonomy":"alarmierungsart","embeddable":true,"href":"https:\/\/feuerwehr-vglambrecht.de\/cms\/wp-json\/wp\/v2\/alarmierungsart?post=12279"},{"taxonomy":"evw_unit","embeddable":true,"href":"https:\/\/feuerwehr-vglambrecht.de\/cms\/wp-json\/wp\/v2\/evw_unit?post=12279"}],"curies":[{"name":"wp","href":"https:\/\/api.w.org\/{rel}","templated":true}]}}