{"id":12169,"date":"2023-12-01T11:31:00","date_gmt":"2023-12-01T10:31:00","guid":{"rendered":"https:\/\/feuerwehr-vglambrecht.de\/cms\/?post_type=einsatz&#038;p=12169"},"modified":"2023-12-01T13:36:32","modified_gmt":"2023-12-01T12:36:32","slug":"tuer-oeffnen-dringend-h2-01-20","status":"publish","type":"einsatz","link":"https:\/\/feuerwehr-vglambrecht.de\/cms\/einsatzberichte\/tuer-oeffnen-dringend-h2-01-20\/","title":{"rendered":"T\u00fcr \u00f6ffnen dringend (H2.01)"},"content":{"rendered":"<p><strong><u>\u00a0<\/u><\/strong><\/p>\n<p><strong>T\u00fcr\u00f6ffnung dringend in Frankeneck<\/strong><\/p>\n<p>Am 1. Dezember 2023 gegen 11:31 Uhr wurden die Feuerwehren Frankeneck und Esthal zu einer \u201e <strong>T\u00fcr \u00f6ffnen dringend<\/strong> \u201e in die Talstra\u00dfe in Frankeneck alarmiert.<!--more--><\/p>\n<p>Weil es seit gestern keinen Kontakt zu der im Haus lebenden Person gab, alarmierte die gesetzliche Betreuerin die Rettungskr\u00e4fte. Die Feuerwehr \u00f6ffnete nach mehrfachem klingeln und klopfen die Eingangst\u00fcr, im Beisein der Polizei.\u00a0 Die Person wurde wohl auf im Haus vorgefunden.<\/p>\n<p>Die Einsatzstelle wurde zur weiteren Vorgehensweise der Polizei und dem Rettungsdienst \u00fcbergeben.<\/p>\n<p><strong><u>\u00a0<\/u><\/strong><\/p>\n","protected":false},"author":5,"featured_media":11502,"template":"","meta":{"einsatz_weight":1,"footnotes":""},"categories":[],"tags":[388,138,383,141,373,190,186],"einsatzart":[33],"fahrzeug":[350,307,44],"exteinsatzmittel":[12,13,299,30,31],"alarmierungsart":[10],"evw_unit":[],"class_list":["post-12169","einsatz","type-einsatz","status-publish","has-post-thumbnail","hentry","tag-ehrenamt","tag-esthal","tag-feuerwehrvglambrecht","tag-frankeneck","tag-immerda","tag-technische-hilfe","tag-tueroeffnung-sos","einsatzart-th","fahrzeug-esthal-19-2","fahrzeug-307","fahrzeug-frankeneck-40","exteinsatzmittel-fw_est","exteinsatzmittel-fw_fra","exteinsatzmittel-fez-neustadt","exteinsatzmittel-pol","exteinsatzmittel-drk","alarmierungsart-dme-digitaler-meldeempfaenger"],"better_featured_image":{"id":11502,"alt_text":"","caption":"","description":"","media_type":"image","media_details":{"width":233,"height":300,"file":"2023\/04\/Tueroeffnung-cut.png","filesize":98357,"sizes":{"wptouch-new-thumbnail":{"file":"Tueroeffnung-cut-144x144.png","width":144,"height":144,"mime-type":"image\/png","filesize":30084,"source_url":"https:\/\/feuerwehr-vglambrecht.de\/cms\/wp-content\/uploads\/2023\/04\/Tueroeffnung-cut-144x144.png"},"thumbnail":{"file":"Tueroeffnung-cut-150x150.png","width":150,"height":150,"source_url":"https:\/\/feuerwehr-vglambrecht.de\/cms\/wp-content\/uploads\/2023\/04\/Tueroeffnung-cut-150x150.png"}},"image_meta":{"aperture":"0","credit":"","camera":"","caption":"","created_timestamp":"0","copyright":"","focal_length":"0","iso":"0","shutter_speed":"0","title":"","orientation":"0","keywords":[]},"image-converter":{"thumbnail":"IME"}},"post":11499,"source_url":"https:\/\/feuerwehr-vglambrecht.de\/cms\/wp-content\/uploads\/2023\/04\/Tueroeffnung-cut.png"},"einsatz_ort":"Talstra\u00dfe Frankeneck","einsatz_ende":"2023-12-01 12:14","einsatz_beginn":"","_links":{"self":[{"href":"https:\/\/feuerwehr-vglambrecht.de\/cms\/wp-json\/wp\/v2\/einsatz\/12169","targetHints":{"allow":["GET"]}}],"collection":[{"href":"https:\/\/feuerwehr-vglambrecht.de\/cms\/wp-json\/wp\/v2\/einsatz"}],"about":[{"href":"https:\/\/feuerwehr-vglambrecht.de\/cms\/wp-json\/wp\/v2\/types\/einsatz"}],"author":[{"embeddable":true,"href":"https:\/\/feuerwehr-vglambrecht.de\/cms\/wp-json\/wp\/v2\/users\/5"}],"version-history":[{"count":4,"href":"https:\/\/feuerwehr-vglambrecht.de\/cms\/wp-json\/wp\/v2\/einsatz\/12169\/revisions"}],"predecessor-version":[{"id":12174,"href":"https:\/\/feuerwehr-vglambrecht.de\/cms\/wp-json\/wp\/v2\/einsatz\/12169\/revisions\/12174"}],"wp:featuredmedia":[{"embeddable":true,"href":"https:\/\/feuerwehr-vglambrecht.de\/cms\/wp-json\/wp\/v2\/media\/11502"}],"wp:attachment":[{"href":"https:\/\/feuerwehr-vglambrecht.de\/cms\/wp-json\/wp\/v2\/media?parent=12169"}],"wp:term":[{"taxonomy":"category","embeddable":true,"href":"https:\/\/feuerwehr-vglambrecht.de\/cms\/wp-json\/wp\/v2\/categories?post=12169"},{"taxonomy":"post_tag","embeddable":true,"href":"https:\/\/feuerwehr-vglambrecht.de\/cms\/wp-json\/wp\/v2\/tags?post=12169"},{"taxonomy":"einsatzart","embeddable":true,"href":"https:\/\/feuerwehr-vglambrecht.de\/cms\/wp-json\/wp\/v2\/einsatzart?post=12169"},{"taxonomy":"fahrzeug","embeddable":true,"href":"https:\/\/feuerwehr-vglambrecht.de\/cms\/wp-json\/wp\/v2\/fahrzeug?post=12169"},{"taxonomy":"exteinsatzmittel","embeddable":true,"href":"https:\/\/feuerwehr-vglambrecht.de\/cms\/wp-json\/wp\/v2\/exteinsatzmittel?post=12169"},{"taxonomy":"alarmierungsart","embeddable":true,"href":"https:\/\/feuerwehr-vglambrecht.de\/cms\/wp-json\/wp\/v2\/alarmierungsart?post=12169"},{"taxonomy":"evw_unit","embeddable":true,"href":"https:\/\/feuerwehr-vglambrecht.de\/cms\/wp-json\/wp\/v2\/evw_unit?post=12169"}],"curies":[{"name":"wp","href":"https:\/\/api.w.org\/{rel}","templated":true}]}}