{"id":11908,"date":"2023-08-30T20:03:00","date_gmt":"2023-08-30T18:03:00","guid":{"rendered":"https:\/\/feuerwehr-vglambrecht.de\/cms\/?post_type=einsatz&#038;p=11908"},"modified":"2023-08-31T08:50:27","modified_gmt":"2023-08-31T06:50:27","slug":"einfache-hilfeleistung-h1-07-27","status":"publish","type":"einsatz","link":"https:\/\/feuerwehr-vglambrecht.de\/cms\/einsatzberichte\/einfache-hilfeleistung-h1-07-27\/","title":{"rendered":"Einfache Hilfeleistung (H1.07)"},"content":{"rendered":"<p>Zu einem Baum auf der Fahrbahn der Kreisstra\u00dfe 23 zwischen Sattelm\u00fchle und Esthal wurde der Ausr\u00fcckebereich West der Feuerwehr VG Lambrecht alarmiert, nachdem ein Fahrzeug nicht mehr ganz ausweichen konnte, und den Baum leicht touchiert hatte. Das Verkehrshindernis wurde mittels Kettens\u00e4ge beseitigt und die Stra\u00dfe gereinigt. W\u00e4hrend der Arbeiten musste die K23 kurzzeitig gesperrt werden.<\/p>\n<p>&nbsp;<\/p>\n","protected":false},"author":3,"featured_media":10235,"template":"","meta":{"einsatz_weight":1,"footnotes":""},"categories":[],"tags":[191,138,141,373,190],"einsatzart":[],"fahrzeug":[350,307,45],"exteinsatzmittel":[12,13,30],"alarmierungsart":[10],"evw_unit":[],"class_list":["post-11908","einsatz","type-einsatz","status-publish","has-post-thumbnail","hentry","tag-baum-ueber-strasse","tag-esthal","tag-frankeneck","tag-immerda","tag-technische-hilfe","fahrzeug-esthal-19-2","fahrzeug-307","fahrzeug-frankeneck-73","exteinsatzmittel-fw_est","exteinsatzmittel-fw_fra","exteinsatzmittel-pol","alarmierungsart-dme-digitaler-meldeempfaenger"],"better_featured_image":{"id":10235,"alt_text":"","caption":"","description":"","media_type":"image","media_details":{"width":346,"height":346,"file":"2022\/02\/2170_4538_1_m.jpg","filesize":81156,"sizes":{"wptouch-new-thumbnail":{"file":"2170_4538_1_m-144x144.jpg","width":144,"height":144,"mime-type":"image\/jpeg","filesize":25040,"source_url":"https:\/\/feuerwehr-vglambrecht.de\/cms\/wp-content\/uploads\/2022\/02\/2170_4538_1_m-144x144.jpg"},"thumbnail":{"file":"2170_4538_1_m-150x150.jpg","width":150,"height":150,"source_url":"https:\/\/feuerwehr-vglambrecht.de\/cms\/wp-content\/uploads\/2022\/02\/2170_4538_1_m-150x150.jpg"},"medium":{"file":"2170_4538_1_m-300x300.jpg","width":300,"height":300,"source_url":"https:\/\/feuerwehr-vglambrecht.de\/cms\/wp-content\/uploads\/2022\/02\/2170_4538_1_m-300x300.jpg"}},"image_meta":{"aperture":"0","credit":"winterbilder - stock.adobe.com","camera":"","caption":"","created_timestamp":"1486798391","copyright":"\u00a9winterbilder - stock.adobe.com","focal_length":"0","iso":"0","shutter_speed":"0","title":"Notruf Stempel","orientation":"1","keywords":["notruf","stempel","logo","zeichen","symbol","polizei","112","110","telefon","telefonh\u00f6rer","not","internationaler","international","notdienst","europ\u00e4ischer","emblem","schild","retten","rettung","lebensrettung","notarzt","sanit\u00e4ter","notfall","notfallsanit\u00e4ter","hilfe","feuerwehr","blaulicht","unfall","ungl\u00fcck","feuer","einbruch","polizist","feuerwehrmann","l\u00f6schzug","verkehrsunfall","notrufnummer","anrufen","sos","brand","krankenwagen","rettungswagen","polizeiauto","rettungsdienste","lebensretter","helfen","erste","notfallretter","notfallrettung","deutsche","deutschland"]},"image-converter":{"thumbnail":"IME","medium":"IME"}},"post":10234,"source_url":"https:\/\/feuerwehr-vglambrecht.de\/cms\/wp-content\/uploads\/2022\/02\/2170_4538_1_m.jpg"},"einsatz_ort":"Kreisstra\u00dfe 23","einsatz_ende":"2023-08-30 20:26","einsatz_beginn":"","_links":{"self":[{"href":"https:\/\/feuerwehr-vglambrecht.de\/cms\/wp-json\/wp\/v2\/einsatz\/11908","targetHints":{"allow":["GET"]}}],"collection":[{"href":"https:\/\/feuerwehr-vglambrecht.de\/cms\/wp-json\/wp\/v2\/einsatz"}],"about":[{"href":"https:\/\/feuerwehr-vglambrecht.de\/cms\/wp-json\/wp\/v2\/types\/einsatz"}],"author":[{"embeddable":true,"href":"https:\/\/feuerwehr-vglambrecht.de\/cms\/wp-json\/wp\/v2\/users\/3"}],"version-history":[{"count":3,"href":"https:\/\/feuerwehr-vglambrecht.de\/cms\/wp-json\/wp\/v2\/einsatz\/11908\/revisions"}],"predecessor-version":[{"id":11911,"href":"https:\/\/feuerwehr-vglambrecht.de\/cms\/wp-json\/wp\/v2\/einsatz\/11908\/revisions\/11911"}],"wp:featuredmedia":[{"embeddable":true,"href":"https:\/\/feuerwehr-vglambrecht.de\/cms\/wp-json\/wp\/v2\/media\/10235"}],"wp:attachment":[{"href":"https:\/\/feuerwehr-vglambrecht.de\/cms\/wp-json\/wp\/v2\/media?parent=11908"}],"wp:term":[{"taxonomy":"category","embeddable":true,"href":"https:\/\/feuerwehr-vglambrecht.de\/cms\/wp-json\/wp\/v2\/categories?post=11908"},{"taxonomy":"post_tag","embeddable":true,"href":"https:\/\/feuerwehr-vglambrecht.de\/cms\/wp-json\/wp\/v2\/tags?post=11908"},{"taxonomy":"einsatzart","embeddable":true,"href":"https:\/\/feuerwehr-vglambrecht.de\/cms\/wp-json\/wp\/v2\/einsatzart?post=11908"},{"taxonomy":"fahrzeug","embeddable":true,"href":"https:\/\/feuerwehr-vglambrecht.de\/cms\/wp-json\/wp\/v2\/fahrzeug?post=11908"},{"taxonomy":"exteinsatzmittel","embeddable":true,"href":"https:\/\/feuerwehr-vglambrecht.de\/cms\/wp-json\/wp\/v2\/exteinsatzmittel?post=11908"},{"taxonomy":"alarmierungsart","embeddable":true,"href":"https:\/\/feuerwehr-vglambrecht.de\/cms\/wp-json\/wp\/v2\/alarmierungsart?post=11908"},{"taxonomy":"evw_unit","embeddable":true,"href":"https:\/\/feuerwehr-vglambrecht.de\/cms\/wp-json\/wp\/v2\/evw_unit?post=11908"}],"curies":[{"name":"wp","href":"https:\/\/api.w.org\/{rel}","templated":true}]}}