{"id":11828,"date":"2023-08-01T05:17:00","date_gmt":"2023-08-01T03:17:00","guid":{"rendered":"https:\/\/feuerwehr-vglambrecht.de\/cms\/?post_type=einsatz&#038;p=11828"},"modified":"2023-08-01T10:56:02","modified_gmt":"2023-08-01T08:56:02","slug":"personenrettung-unterstuetzung-rettungsdienst-h1-08","status":"publish","type":"einsatz","link":"https:\/\/feuerwehr-vglambrecht.de\/cms\/einsatzberichte\/personenrettung-unterstuetzung-rettungsdienst-h1-08\/","title":{"rendered":"Personenrettung; Unterst\u00fctzung Rettungsdienst (H1.08)"},"content":{"rendered":"<p>Am fr\u00fchen Dienstagmorgen wurde die Feuerwehr durch den Rettungsdienst zur Unterst\u00fctzung aufgrund eines medizinischen Notfalls angefordert. Aufgrund der beengten baulichen Situation in einem Einfamilienhaus in Esthal, musste die betroffene Person durch die Feuerwehr ins Freie zum Rettungswagen gebracht werden. Eine Rettung mittels Standardtrage des Rettungswagens war nicht m\u00f6glich.<\/p>\n","protected":false},"author":3,"featured_media":11830,"template":"","meta":{"einsatz_weight":1,"footnotes":""},"categories":[],"tags":[138,383,141,373,246],"einsatzart":[33],"fahrzeug":[350,307,44],"exteinsatzmittel":[12,13,31],"alarmierungsart":[10],"evw_unit":[],"class_list":["post-11828","einsatz","type-einsatz","status-publish","has-post-thumbnail","hentry","tag-esthal","tag-feuerwehrvglambrecht","tag-frankeneck","tag-immerda","tag-personenrettung","einsatzart-th","fahrzeug-esthal-19-2","fahrzeug-307","fahrzeug-frankeneck-40","exteinsatzmittel-fw_est","exteinsatzmittel-fw_fra","exteinsatzmittel-drk","alarmierungsart-dme-digitaler-meldeempfaenger"],"better_featured_image":{"id":11830,"alt_text":"","caption":"","description":"","media_type":"image","media_details":{"width":2560,"height":1402,"file":"2023\/08\/AB_West1-scaled.jpeg","filesize":674366,"sizes":{"medium_large":{"file":"AB_West1-768x421.jpeg","width":768,"height":421,"mime-type":"image\/jpeg","filesize":84104,"source_url":"https:\/\/feuerwehr-vglambrecht.de\/cms\/wp-content\/uploads\/2023\/08\/AB_West1-768x421.jpeg"},"1536x1536":{"file":"AB_West1-1536x841.jpeg","width":1536,"height":841,"mime-type":"image\/jpeg","filesize":281333,"source_url":"https:\/\/feuerwehr-vglambrecht.de\/cms\/wp-content\/uploads\/2023\/08\/AB_West1-1536x841.jpeg"},"2048x2048":{"file":"AB_West1-2048x1121.jpeg","width":2048,"height":1121,"mime-type":"image\/jpeg","filesize":462119,"source_url":"https:\/\/feuerwehr-vglambrecht.de\/cms\/wp-content\/uploads\/2023\/08\/AB_West1-2048x1121.jpeg"},"wptouch-new-thumbnail":{"file":"AB_West1-144x144.jpeg","width":144,"height":144,"mime-type":"image\/jpeg","filesize":10086,"source_url":"https:\/\/feuerwehr-vglambrecht.de\/cms\/wp-content\/uploads\/2023\/08\/AB_West1-144x144.jpeg"},"landing_image":{"file":"AB_West1-1024x460.jpeg","width":1024,"height":460,"mime-type":"image\/jpeg","filesize":120195,"source_url":"https:\/\/feuerwehr-vglambrecht.de\/cms\/wp-content\/uploads\/2023\/08\/AB_West1-1024x460.jpeg"},"thumbnail":{"file":"AB_West1-150x150.jpeg","width":150,"height":150,"source_url":"https:\/\/feuerwehr-vglambrecht.de\/cms\/wp-content\/uploads\/2023\/08\/AB_West1-150x150.jpeg"},"medium":{"file":"AB_West1-300x164.jpeg","width":300,"height":164,"source_url":"https:\/\/feuerwehr-vglambrecht.de\/cms\/wp-content\/uploads\/2023\/08\/AB_West1-300x164.jpeg"},"large":{"file":"AB_West1-1024x561.jpeg","width":1024,"height":561,"source_url":"https:\/\/feuerwehr-vglambrecht.de\/cms\/wp-content\/uploads\/2023\/08\/AB_West1-1024x561.jpeg"}},"image_meta":{"aperture":"5.6","credit":"","camera":"Canon EOS 2000D","caption":"","created_timestamp":"1582972471","copyright":"","focal_length":"18","iso":"100","shutter_speed":"0.0025","title":"","orientation":"1","keywords":[]},"original_image":"AB_West1.jpeg","image-converter":{"thumbnail":"IME","medium":"IME","large":"IME"}},"post":11828,"source_url":"https:\/\/feuerwehr-vglambrecht.de\/cms\/wp-content\/uploads\/2023\/08\/AB_West1-scaled.jpeg"},"einsatz_ort":"Hauptstra\u00dfe Esthal","einsatz_ende":"2023-08-01 05:41","einsatz_beginn":"","_links":{"self":[{"href":"https:\/\/feuerwehr-vglambrecht.de\/cms\/wp-json\/wp\/v2\/einsatz\/11828","targetHints":{"allow":["GET"]}}],"collection":[{"href":"https:\/\/feuerwehr-vglambrecht.de\/cms\/wp-json\/wp\/v2\/einsatz"}],"about":[{"href":"https:\/\/feuerwehr-vglambrecht.de\/cms\/wp-json\/wp\/v2\/types\/einsatz"}],"author":[{"embeddable":true,"href":"https:\/\/feuerwehr-vglambrecht.de\/cms\/wp-json\/wp\/v2\/users\/3"}],"version-history":[{"count":1,"href":"https:\/\/feuerwehr-vglambrecht.de\/cms\/wp-json\/wp\/v2\/einsatz\/11828\/revisions"}],"predecessor-version":[{"id":11829,"href":"https:\/\/feuerwehr-vglambrecht.de\/cms\/wp-json\/wp\/v2\/einsatz\/11828\/revisions\/11829"}],"wp:featuredmedia":[{"embeddable":true,"href":"https:\/\/feuerwehr-vglambrecht.de\/cms\/wp-json\/wp\/v2\/media\/11830"}],"wp:attachment":[{"href":"https:\/\/feuerwehr-vglambrecht.de\/cms\/wp-json\/wp\/v2\/media?parent=11828"}],"wp:term":[{"taxonomy":"category","embeddable":true,"href":"https:\/\/feuerwehr-vglambrecht.de\/cms\/wp-json\/wp\/v2\/categories?post=11828"},{"taxonomy":"post_tag","embeddable":true,"href":"https:\/\/feuerwehr-vglambrecht.de\/cms\/wp-json\/wp\/v2\/tags?post=11828"},{"taxonomy":"einsatzart","embeddable":true,"href":"https:\/\/feuerwehr-vglambrecht.de\/cms\/wp-json\/wp\/v2\/einsatzart?post=11828"},{"taxonomy":"fahrzeug","embeddable":true,"href":"https:\/\/feuerwehr-vglambrecht.de\/cms\/wp-json\/wp\/v2\/fahrzeug?post=11828"},{"taxonomy":"exteinsatzmittel","embeddable":true,"href":"https:\/\/feuerwehr-vglambrecht.de\/cms\/wp-json\/wp\/v2\/exteinsatzmittel?post=11828"},{"taxonomy":"alarmierungsart","embeddable":true,"href":"https:\/\/feuerwehr-vglambrecht.de\/cms\/wp-json\/wp\/v2\/alarmierungsart?post=11828"},{"taxonomy":"evw_unit","embeddable":true,"href":"https:\/\/feuerwehr-vglambrecht.de\/cms\/wp-json\/wp\/v2\/evw_unit?post=11828"}],"curies":[{"name":"wp","href":"https:\/\/api.w.org\/{rel}","templated":true}]}}