{"id":11694,"date":"2023-06-22T19:17:00","date_gmt":"2023-06-22T17:17:00","guid":{"rendered":"https:\/\/feuerwehr-vglambrecht.de\/cms\/?post_type=einsatz&#038;p=11694"},"modified":"2023-06-23T06:59:03","modified_gmt":"2023-06-23T04:59:03","slug":"einfache-hilfeleistung-h1-07-24","status":"publish","type":"einsatz","link":"https:\/\/feuerwehr-vglambrecht.de\/cms\/einsatzberichte\/einfache-hilfeleistung-h1-07-24\/","title":{"rendered":"Einfache Hilfeleistung (H1.07)"},"content":{"rendered":"<p>Zu einem Baum der umzust\u00fcrzen drohte, wurden die Einheiten Esthal und Frankeneck am Donnerstag Abend alarmiert. Beim Eintreffen war der Baum bereits umgest\u00fcrzt und blockierte die Stra\u00dfenseite in Fahrtrichtung Elmstein. Der Baum wurde mittels Kettens\u00e4ge beseitigt und die Stra\u00dfe anschlie\u00dfend gereinigt.\u00a0Die nachfolgenden Kr\u00e4fte beseitigten auf dem Weg zur Einsatzstelle eine \u00dcberflutung der Stra\u00dfe im Kurvenbereich zwischen Frankeneck und Erfenstein.<\/p>\n","protected":false},"author":17,"featured_media":11695,"template":"","meta":{"einsatz_weight":1,"footnotes":""},"categories":[],"tags":[138,141,373],"einsatzart":[33],"fahrzeug":[350,307,44,45],"exteinsatzmittel":[12,13],"alarmierungsart":[10],"evw_unit":[],"class_list":["post-11694","einsatz","type-einsatz","status-publish","has-post-thumbnail","hentry","tag-esthal","tag-frankeneck","tag-immerda","einsatzart-th","fahrzeug-esthal-19-2","fahrzeug-307","fahrzeug-frankeneck-40","fahrzeug-frankeneck-73","exteinsatzmittel-fw_est","exteinsatzmittel-fw_fra","alarmierungsart-dme-digitaler-meldeempfaenger"],"better_featured_image":{"id":11695,"alt_text":"","caption":"","description":"","media_type":"image","media_details":{"width":1600,"height":1200,"file":"2023\/06\/FW.jpg","filesize":575976,"sizes":{"medium_large":{"file":"FW-768x576.jpg","width":768,"height":576,"mime-type":"image\/jpeg","filesize":124844,"source_url":"https:\/\/feuerwehr-vglambrecht.de\/cms\/wp-content\/uploads\/2023\/06\/FW-768x576.jpg"},"1536x1536":{"file":"FW-1536x1152.jpg","width":1536,"height":1152,"mime-type":"image\/jpeg","filesize":406757,"source_url":"https:\/\/feuerwehr-vglambrecht.de\/cms\/wp-content\/uploads\/2023\/06\/FW-1536x1152.jpg"},"wptouch-new-thumbnail":{"file":"FW-144x144.jpg","width":144,"height":144,"mime-type":"image\/jpeg","filesize":6407,"source_url":"https:\/\/feuerwehr-vglambrecht.de\/cms\/wp-content\/uploads\/2023\/06\/FW-144x144.jpg"},"landing_image":{"file":"FW-1024x460.jpg","width":1024,"height":460,"mime-type":"image\/jpeg","filesize":131629,"source_url":"https:\/\/feuerwehr-vglambrecht.de\/cms\/wp-content\/uploads\/2023\/06\/FW-1024x460.jpg"},"thumbnail":{"file":"FW-150x150.jpg","width":150,"height":150,"source_url":"https:\/\/feuerwehr-vglambrecht.de\/cms\/wp-content\/uploads\/2023\/06\/FW-150x150.jpg"},"medium":{"file":"FW-300x225.jpg","width":300,"height":225,"source_url":"https:\/\/feuerwehr-vglambrecht.de\/cms\/wp-content\/uploads\/2023\/06\/FW-300x225.jpg"},"large":{"file":"FW-1024x768.jpg","width":1024,"height":768,"source_url":"https:\/\/feuerwehr-vglambrecht.de\/cms\/wp-content\/uploads\/2023\/06\/FW-1024x768.jpg"}},"image_meta":{"aperture":"0","credit":"","camera":"","caption":"","created_timestamp":"0","copyright":"","focal_length":"0","iso":"0","shutter_speed":"0","title":"","orientation":"0","keywords":[]},"image-converter":{"thumbnail":"IME","medium":"IME","large":"IME"}},"post":11694,"source_url":"https:\/\/feuerwehr-vglambrecht.de\/cms\/wp-content\/uploads\/2023\/06\/FW.jpg"},"einsatz_ort":"L 499","einsatz_ende":"2023-06-22 19:45","einsatz_beginn":"","_links":{"self":[{"href":"https:\/\/feuerwehr-vglambrecht.de\/cms\/wp-json\/wp\/v2\/einsatz\/11694","targetHints":{"allow":["GET"]}}],"collection":[{"href":"https:\/\/feuerwehr-vglambrecht.de\/cms\/wp-json\/wp\/v2\/einsatz"}],"about":[{"href":"https:\/\/feuerwehr-vglambrecht.de\/cms\/wp-json\/wp\/v2\/types\/einsatz"}],"author":[{"embeddable":true,"href":"https:\/\/feuerwehr-vglambrecht.de\/cms\/wp-json\/wp\/v2\/users\/17"}],"version-history":[{"count":1,"href":"https:\/\/feuerwehr-vglambrecht.de\/cms\/wp-json\/wp\/v2\/einsatz\/11694\/revisions"}],"predecessor-version":[{"id":11696,"href":"https:\/\/feuerwehr-vglambrecht.de\/cms\/wp-json\/wp\/v2\/einsatz\/11694\/revisions\/11696"}],"wp:featuredmedia":[{"embeddable":true,"href":"https:\/\/feuerwehr-vglambrecht.de\/cms\/wp-json\/wp\/v2\/media\/11695"}],"wp:attachment":[{"href":"https:\/\/feuerwehr-vglambrecht.de\/cms\/wp-json\/wp\/v2\/media?parent=11694"}],"wp:term":[{"taxonomy":"category","embeddable":true,"href":"https:\/\/feuerwehr-vglambrecht.de\/cms\/wp-json\/wp\/v2\/categories?post=11694"},{"taxonomy":"post_tag","embeddable":true,"href":"https:\/\/feuerwehr-vglambrecht.de\/cms\/wp-json\/wp\/v2\/tags?post=11694"},{"taxonomy":"einsatzart","embeddable":true,"href":"https:\/\/feuerwehr-vglambrecht.de\/cms\/wp-json\/wp\/v2\/einsatzart?post=11694"},{"taxonomy":"fahrzeug","embeddable":true,"href":"https:\/\/feuerwehr-vglambrecht.de\/cms\/wp-json\/wp\/v2\/fahrzeug?post=11694"},{"taxonomy":"exteinsatzmittel","embeddable":true,"href":"https:\/\/feuerwehr-vglambrecht.de\/cms\/wp-json\/wp\/v2\/exteinsatzmittel?post=11694"},{"taxonomy":"alarmierungsart","embeddable":true,"href":"https:\/\/feuerwehr-vglambrecht.de\/cms\/wp-json\/wp\/v2\/alarmierungsart?post=11694"},{"taxonomy":"evw_unit","embeddable":true,"href":"https:\/\/feuerwehr-vglambrecht.de\/cms\/wp-json\/wp\/v2\/evw_unit?post=11694"}],"curies":[{"name":"wp","href":"https:\/\/api.w.org\/{rel}","templated":true}]}}