{"id":11687,"date":"2023-06-21T17:53:00","date_gmt":"2023-06-21T15:53:00","guid":{"rendered":"https:\/\/feuerwehr-vglambrecht.de\/cms\/?post_type=einsatz&#038;p=11687"},"modified":"2023-06-22T08:00:21","modified_gmt":"2023-06-22T06:00:21","slug":"muellbehaelterbrand-b1-0","status":"publish","type":"einsatz","link":"https:\/\/feuerwehr-vglambrecht.de\/cms\/einsatzberichte\/muellbehaelterbrand-b1-0\/","title":{"rendered":"M\u00fcllbeh\u00e4lterbrand (B1.0)"},"content":{"rendered":"<p style=\"text-align: left;\">Aufgrund eines M\u00fcllbeh\u00e4lterbrandes auf dem Spielgel\u00e4nde der Grundschule Esthal musste die Feuerwehr heute in Esthal t\u00e4tig werden. Beim beabsichtigten Absetzen des Notrufes durch eine Passantin, fuhr zuf\u00e4llig ein von einer Dienstfahrt zur\u00fcckkehrendes Feuerwehrfahrzeug an der Einsatzstelle vorbei. Dadurch konnte der Brand schnellstens vollends gel\u00f6scht werden, bevor angrenzende Hecken und Stauden in Brand geraten konnten, wodurch weitere Einsatzkr\u00e4fte h\u00e4tten alarmiert werden m\u00fcssen. Der M\u00fcllbeh\u00e4lter ist komplett ausgebrannt und schwer besch\u00e4digt. Au\u00dferdem war angrenzendes Holzhackschnitzel bereits in Brand geraten. Die Einsatzstelle wurde der Ortsgemeinde Esthal zur weiteren Veranlassung n\u00f6tiger Schritte \u00fcbergeben.<\/p>\n","protected":false},"author":3,"featured_media":11690,"template":"","meta":{"einsatz_weight":1,"footnotes":""},"categories":[],"tags":[138,383],"einsatzart":[7],"fahrzeug":[350],"exteinsatzmittel":[12,524],"alarmierungsart":[320],"evw_unit":[],"class_list":["post-11687","einsatz","type-einsatz","status-publish","has-post-thumbnail","hentry","tag-esthal","tag-feuerwehrvglambrecht","einsatzart-brand","fahrzeug-esthal-19-2","exteinsatzmittel-fw_est","exteinsatzmittel-ortsbuergermeister-esthal","alarmierungsart-sonstige"],"better_featured_image":{"id":11690,"alt_text":"","caption":"","description":"","media_type":"image","media_details":{"width":1512,"height":2016,"file":"2023\/06\/a7dfc787-4e08-47bf-a241-eaa807990bae.jpeg","filesize":671705,"sizes":{"medium_large":{"file":"a7dfc787-4e08-47bf-a241-eaa807990bae-768x1024.jpeg","width":768,"height":1024,"mime-type":"image\/jpeg","filesize":223621,"source_url":"https:\/\/feuerwehr-vglambrecht.de\/cms\/wp-content\/uploads\/2023\/06\/a7dfc787-4e08-47bf-a241-eaa807990bae-768x1024.jpeg"},"1536x1536":{"file":"a7dfc787-4e08-47bf-a241-eaa807990bae-1152x1536.jpeg","width":1152,"height":1536,"mime-type":"image\/jpeg","filesize":469727,"source_url":"https:\/\/feuerwehr-vglambrecht.de\/cms\/wp-content\/uploads\/2023\/06\/a7dfc787-4e08-47bf-a241-eaa807990bae-1152x1536.jpeg"},"wptouch-new-thumbnail":{"file":"a7dfc787-4e08-47bf-a241-eaa807990bae-144x144.jpeg","width":144,"height":144,"mime-type":"image\/jpeg","filesize":6117,"source_url":"https:\/\/feuerwehr-vglambrecht.de\/cms\/wp-content\/uploads\/2023\/06\/a7dfc787-4e08-47bf-a241-eaa807990bae-144x144.jpeg"},"landing_image":{"file":"a7dfc787-4e08-47bf-a241-eaa807990bae-1024x460.jpeg","width":1024,"height":460,"mime-type":"image\/jpeg","filesize":142972,"source_url":"https:\/\/feuerwehr-vglambrecht.de\/cms\/wp-content\/uploads\/2023\/06\/a7dfc787-4e08-47bf-a241-eaa807990bae-1024x460.jpeg"},"thumbnail":{"file":"a7dfc787-4e08-47bf-a241-eaa807990bae-150x150.jpeg","width":150,"height":150,"source_url":"https:\/\/feuerwehr-vglambrecht.de\/cms\/wp-content\/uploads\/2023\/06\/a7dfc787-4e08-47bf-a241-eaa807990bae-150x150.jpeg"},"medium":{"file":"a7dfc787-4e08-47bf-a241-eaa807990bae-225x300.jpeg","width":225,"height":300,"source_url":"https:\/\/feuerwehr-vglambrecht.de\/cms\/wp-content\/uploads\/2023\/06\/a7dfc787-4e08-47bf-a241-eaa807990bae-225x300.jpeg"},"large":{"file":"a7dfc787-4e08-47bf-a241-eaa807990bae-768x1024.jpeg","width":768,"height":1024,"source_url":"https:\/\/feuerwehr-vglambrecht.de\/cms\/wp-content\/uploads\/2023\/06\/a7dfc787-4e08-47bf-a241-eaa807990bae-768x1024.jpeg"}},"image_meta":{"aperture":"0","credit":"","camera":"","caption":"","created_timestamp":"0","copyright":"","focal_length":"0","iso":"0","shutter_speed":"0","title":"","orientation":"0","keywords":[]},"image-converter":{"thumbnail":"IME","medium":"IME","large":"IME"}},"post":11687,"source_url":"https:\/\/feuerwehr-vglambrecht.de\/cms\/wp-content\/uploads\/2023\/06\/a7dfc787-4e08-47bf-a241-eaa807990bae.jpeg"},"einsatz_ort":"Hauptstra\u00dfe 63, Esthal (Spielgel\u00e4nde Grundschule)","einsatz_ende":"2023-06-21 18:00","einsatz_beginn":"","_links":{"self":[{"href":"https:\/\/feuerwehr-vglambrecht.de\/cms\/wp-json\/wp\/v2\/einsatz\/11687","targetHints":{"allow":["GET"]}}],"collection":[{"href":"https:\/\/feuerwehr-vglambrecht.de\/cms\/wp-json\/wp\/v2\/einsatz"}],"about":[{"href":"https:\/\/feuerwehr-vglambrecht.de\/cms\/wp-json\/wp\/v2\/types\/einsatz"}],"author":[{"embeddable":true,"href":"https:\/\/feuerwehr-vglambrecht.de\/cms\/wp-json\/wp\/v2\/users\/3"}],"version-history":[{"count":3,"href":"https:\/\/feuerwehr-vglambrecht.de\/cms\/wp-json\/wp\/v2\/einsatz\/11687\/revisions"}],"predecessor-version":[{"id":11692,"href":"https:\/\/feuerwehr-vglambrecht.de\/cms\/wp-json\/wp\/v2\/einsatz\/11687\/revisions\/11692"}],"wp:featuredmedia":[{"embeddable":true,"href":"https:\/\/feuerwehr-vglambrecht.de\/cms\/wp-json\/wp\/v2\/media\/11690"}],"wp:attachment":[{"href":"https:\/\/feuerwehr-vglambrecht.de\/cms\/wp-json\/wp\/v2\/media?parent=11687"}],"wp:term":[{"taxonomy":"category","embeddable":true,"href":"https:\/\/feuerwehr-vglambrecht.de\/cms\/wp-json\/wp\/v2\/categories?post=11687"},{"taxonomy":"post_tag","embeddable":true,"href":"https:\/\/feuerwehr-vglambrecht.de\/cms\/wp-json\/wp\/v2\/tags?post=11687"},{"taxonomy":"einsatzart","embeddable":true,"href":"https:\/\/feuerwehr-vglambrecht.de\/cms\/wp-json\/wp\/v2\/einsatzart?post=11687"},{"taxonomy":"fahrzeug","embeddable":true,"href":"https:\/\/feuerwehr-vglambrecht.de\/cms\/wp-json\/wp\/v2\/fahrzeug?post=11687"},{"taxonomy":"exteinsatzmittel","embeddable":true,"href":"https:\/\/feuerwehr-vglambrecht.de\/cms\/wp-json\/wp\/v2\/exteinsatzmittel?post=11687"},{"taxonomy":"alarmierungsart","embeddable":true,"href":"https:\/\/feuerwehr-vglambrecht.de\/cms\/wp-json\/wp\/v2\/alarmierungsart?post=11687"},{"taxonomy":"evw_unit","embeddable":true,"href":"https:\/\/feuerwehr-vglambrecht.de\/cms\/wp-json\/wp\/v2\/evw_unit?post=11687"}],"curies":[{"name":"wp","href":"https:\/\/api.w.org\/{rel}","templated":true}]}}