{"id":11663,"date":"2023-06-18T09:17:00","date_gmt":"2023-06-18T07:17:00","guid":{"rendered":"https:\/\/feuerwehr-vglambrecht.de\/cms\/?post_type=einsatz&#038;p=11663"},"modified":"2023-06-20T05:46:28","modified_gmt":"2023-06-20T03:46:28","slug":"auslaufende-betriebsstoffe-g1-02-22","status":"publish","type":"einsatz","link":"https:\/\/feuerwehr-vglambrecht.de\/cms\/einsatzberichte\/auslaufende-betriebsstoffe-g1-02-22\/","title":{"rendered":"Auslaufende Betriebsstoffe (G1.02)"},"content":{"rendered":"<p>Aufgrund eines technischen Defekts am Motor eines Reisebusses, der zu einem massiven Motor\u00f6laustritt f\u00fchrte, wurden die Feuerwehren des Ausr\u00fcckebereichs West (FW Esthal, FW Frankeneck) nach Esthal in die Hauptstra\u00dfe alarmiert. Das auslaufende Motor\u00f6l konnte bereits durch den Fahrer des Fahrzeugs weitgehend aufgefangen werden, sodass ein Einlaufen in die Kanalisation gl\u00fccklicherweise noch rechtzeitig vermieden werden konnte. Im weiteren Verlauf wurde das Auslaufen gestoppt, sowie die betroffenen Verkehrsfl\u00e4chen bis zum Eintreffen des Reinigungsfahrzeugs gesichert. W\u00e4hrend des laufenden Einsatzes wurde festgestellt, dass sich die \u00d6lspur von Neustadt (AVG) bis nach Esthal zog. Entsprechende Ma\u00dfnahmen und Information an weitere Kr\u00e4fte (Feuerwehr Neustadt, Bauhof Neustadt, Bauhof Lambrecht, Polizei, Landesbetrieb Mobilit\u00e4t) wurden durch den Einsatzleiter in die Wege geleitet.<\/p>\n<p>Bereits am fr\u00fchen Sonntagmorgen von 01:30 Uhr &#8211; 04:00 Uhr waren die beiden Wehren zu einer Personensuche in Esthal-Sattelm\u00fchle im Einsatz.<\/p>\n<p>&nbsp;<\/p>\n\n<div class=\"ngg-galleryoverview\" id=\"ngg-gallery-431-11663\">\n\n\t<!-- Slideshow link -->\n\t<div class=\"slideshowlink\">\n\t\t<a class=\"slideshowlink\" href=\"https:\/\/feuerwehr-vglambrecht.de\/cms\/einsatzberichte\/auslaufende-betriebsstoffe-g1-02-22\/nggallery\/slideshow\">\n\t\t\t[Show as slideshow]\t\t<\/a>\n\t<\/div>\n\n\t\n\t<!-- Thumbnails -->\n\t\t\n\t<div id=\"ngg-image-2442\" class=\"ngg-gallery-thumbnail-box\"  >\n\t\t<div class=\"ngg-gallery-thumbnail\" >\n\t\t\t<a href=\"https:\/\/feuerwehr-vglambrecht.de\/cms\/wp-content\/gallery\/auslaufende-betriebsstoffe-esthal\/8901dd3a-e44c-4802-8ebd-b2e2c672fb16.jpg\" title=\" \" class=\"shutterset_set_431\" >\n\t\t\t\t\t\t\t\t<img loading=\"lazy\" decoding=\"async\" title=\"8901dd3a-e44c-4802-8ebd-b2e2c672fb16\" alt=\"8901dd3a-e44c-4802-8ebd-b2e2c672fb16\" src=\"https:\/\/feuerwehr-vglambrecht.de\/cms\/wp-content\/gallery\/auslaufende-betriebsstoffe-esthal\/thumbs\/thumbs_8901dd3a-e44c-4802-8ebd-b2e2c672fb16.jpg\" width=\"100\" height=\"75\" \/>\n\t\t\t\t\t\t\t<\/a>\n\t\t<\/div>\n\t<\/div>\n\t\n\t\t\n \t\t\n\t<div id=\"ngg-image-2443\" class=\"ngg-gallery-thumbnail-box\"  >\n\t\t<div class=\"ngg-gallery-thumbnail\" >\n\t\t\t<a href=\"https:\/\/feuerwehr-vglambrecht.de\/cms\/wp-content\/gallery\/auslaufende-betriebsstoffe-esthal\/img_7608.jpg\" title=\" \" class=\"shutterset_set_431\" >\n\t\t\t\t\t\t\t\t<img loading=\"lazy\" decoding=\"async\" title=\"img_7608\" alt=\"img_7608\" src=\"https:\/\/feuerwehr-vglambrecht.de\/cms\/wp-content\/gallery\/auslaufende-betriebsstoffe-esthal\/thumbs\/thumbs_img_7608.jpg\" width=\"100\" height=\"75\" \/>\n\t\t\t\t\t\t\t<\/a>\n\t\t<\/div>\n\t<\/div>\n\t\n\t\t\n \t\t\n\t<div id=\"ngg-image-2444\" class=\"ngg-gallery-thumbnail-box\"  >\n\t\t<div class=\"ngg-gallery-thumbnail\" >\n\t\t\t<a href=\"https:\/\/feuerwehr-vglambrecht.de\/cms\/wp-content\/gallery\/auslaufende-betriebsstoffe-esthal\/img_7609.jpg\" title=\" \" class=\"shutterset_set_431\" >\n\t\t\t\t\t\t\t\t<img loading=\"lazy\" decoding=\"async\" title=\"img_7609\" alt=\"img_7609\" src=\"https:\/\/feuerwehr-vglambrecht.de\/cms\/wp-content\/gallery\/auslaufende-betriebsstoffe-esthal\/thumbs\/thumbs_img_7609.jpg\" width=\"100\" height=\"75\" \/>\n\t\t\t\t\t\t\t<\/a>\n\t\t<\/div>\n\t<\/div>\n\t\n\t\t\n \t \t\n\t<!-- Pagination -->\n \t<div class='ngg-clear'><\/div>\n \t\n<\/div>\n\n\n","protected":false},"author":3,"featured_media":11657,"template":"","meta":{"einsatz_weight":1,"footnotes":""},"categories":[],"tags":[195,138,141,373],"einsatzart":[23],"fahrzeug":[350,307,44,45],"exteinsatzmittel":[325,188,12,13,112,30],"alarmierungsart":[10],"evw_unit":[],"class_list":["post-11663","einsatz","type-einsatz","status-publish","has-post-thumbnail","hentry","tag-auslaufende-betriebsstoffe","tag-esthal","tag-frankeneck","tag-immerda","einsatzart-gff","fahrzeug-esthal-19-2","fahrzeug-307","fahrzeug-frankeneck-40","fahrzeug-frankeneck-73","exteinsatzmittel-bauhof-lambrecht","exteinsatzmittel-bauhof-ortsgemeinde-esthal","exteinsatzmittel-fw_est","exteinsatzmittel-fw_fra","exteinsatzmittel-landesbetrieb-mobilitaet","exteinsatzmittel-pol","alarmierungsart-dme-digitaler-meldeempfaenger"],"better_featured_image":{"id":11657,"alt_text":"","caption":"","description":"","media_type":"image","media_details":{"width":2560,"height":1920,"file":"2023\/06\/IMG_7609-scaled.jpg","filesize":921400,"sizes":{"medium_large":{"file":"IMG_7609-768x576.jpg","width":768,"height":576,"mime-type":"image\/jpeg","filesize":118688,"source_url":"https:\/\/feuerwehr-vglambrecht.de\/cms\/wp-content\/uploads\/2023\/06\/IMG_7609-768x576.jpg"},"1536x1536":{"file":"IMG_7609-1536x1152.jpg","width":1536,"height":1152,"mime-type":"image\/jpeg","filesize":397066,"source_url":"https:\/\/feuerwehr-vglambrecht.de\/cms\/wp-content\/uploads\/2023\/06\/IMG_7609-1536x1152.jpg"},"2048x2048":{"file":"IMG_7609-2048x1536.jpg","width":2048,"height":1536,"mime-type":"image\/jpeg","filesize":642077,"source_url":"https:\/\/feuerwehr-vglambrecht.de\/cms\/wp-content\/uploads\/2023\/06\/IMG_7609-2048x1536.jpg"},"wptouch-new-thumbnail":{"file":"IMG_7609-144x144.jpg","width":144,"height":144,"mime-type":"image\/jpeg","filesize":12251,"source_url":"https:\/\/feuerwehr-vglambrecht.de\/cms\/wp-content\/uploads\/2023\/06\/IMG_7609-144x144.jpg"},"landing_image":{"file":"IMG_7609-1024x460.jpg","width":1024,"height":460,"mime-type":"image\/jpeg","filesize":119849,"source_url":"https:\/\/feuerwehr-vglambrecht.de\/cms\/wp-content\/uploads\/2023\/06\/IMG_7609-1024x460.jpg"},"thumbnail":{"file":"IMG_7609-150x150.jpg","width":150,"height":150,"source_url":"https:\/\/feuerwehr-vglambrecht.de\/cms\/wp-content\/uploads\/2023\/06\/IMG_7609-150x150.jpg"},"medium":{"file":"IMG_7609-300x225.jpg","width":300,"height":225,"source_url":"https:\/\/feuerwehr-vglambrecht.de\/cms\/wp-content\/uploads\/2023\/06\/IMG_7609-300x225.jpg"},"large":{"file":"IMG_7609-1024x768.jpg","width":1024,"height":768,"source_url":"https:\/\/feuerwehr-vglambrecht.de\/cms\/wp-content\/uploads\/2023\/06\/IMG_7609-1024x768.jpg"}},"image_meta":{"aperture":"1.6","credit":"","camera":"iPhone 13","caption":"","created_timestamp":"1687080582","copyright":"","focal_length":"5.1","iso":"50","shutter_speed":"0.00031897926634769","title":"","orientation":"0","keywords":[]},"original_image":"IMG_7609.jpg","image-converter":{"thumbnail":"IME","medium":"IME","large":"IME"}},"post":null,"source_url":"https:\/\/feuerwehr-vglambrecht.de\/cms\/wp-content\/uploads\/2023\/06\/IMG_7609-scaled.jpg"},"einsatz_ort":"Haupstra\u00dfe Esthal, K23, L499","einsatz_ende":"2023-06-18 10:10","einsatz_beginn":"","_links":{"self":[{"href":"https:\/\/feuerwehr-vglambrecht.de\/cms\/wp-json\/wp\/v2\/einsatz\/11663","targetHints":{"allow":["GET"]}}],"collection":[{"href":"https:\/\/feuerwehr-vglambrecht.de\/cms\/wp-json\/wp\/v2\/einsatz"}],"about":[{"href":"https:\/\/feuerwehr-vglambrecht.de\/cms\/wp-json\/wp\/v2\/types\/einsatz"}],"author":[{"embeddable":true,"href":"https:\/\/feuerwehr-vglambrecht.de\/cms\/wp-json\/wp\/v2\/users\/3"}],"version-history":[{"count":3,"href":"https:\/\/feuerwehr-vglambrecht.de\/cms\/wp-json\/wp\/v2\/einsatz\/11663\/revisions"}],"predecessor-version":[{"id":11666,"href":"https:\/\/feuerwehr-vglambrecht.de\/cms\/wp-json\/wp\/v2\/einsatz\/11663\/revisions\/11666"}],"wp:featuredmedia":[{"embeddable":true,"href":"https:\/\/feuerwehr-vglambrecht.de\/cms\/wp-json\/wp\/v2\/media\/11657"}],"wp:attachment":[{"href":"https:\/\/feuerwehr-vglambrecht.de\/cms\/wp-json\/wp\/v2\/media?parent=11663"}],"wp:term":[{"taxonomy":"category","embeddable":true,"href":"https:\/\/feuerwehr-vglambrecht.de\/cms\/wp-json\/wp\/v2\/categories?post=11663"},{"taxonomy":"post_tag","embeddable":true,"href":"https:\/\/feuerwehr-vglambrecht.de\/cms\/wp-json\/wp\/v2\/tags?post=11663"},{"taxonomy":"einsatzart","embeddable":true,"href":"https:\/\/feuerwehr-vglambrecht.de\/cms\/wp-json\/wp\/v2\/einsatzart?post=11663"},{"taxonomy":"fahrzeug","embeddable":true,"href":"https:\/\/feuerwehr-vglambrecht.de\/cms\/wp-json\/wp\/v2\/fahrzeug?post=11663"},{"taxonomy":"exteinsatzmittel","embeddable":true,"href":"https:\/\/feuerwehr-vglambrecht.de\/cms\/wp-json\/wp\/v2\/exteinsatzmittel?post=11663"},{"taxonomy":"alarmierungsart","embeddable":true,"href":"https:\/\/feuerwehr-vglambrecht.de\/cms\/wp-json\/wp\/v2\/alarmierungsart?post=11663"},{"taxonomy":"evw_unit","embeddable":true,"href":"https:\/\/feuerwehr-vglambrecht.de\/cms\/wp-json\/wp\/v2\/evw_unit?post=11663"}],"curies":[{"name":"wp","href":"https:\/\/api.w.org\/{rel}","templated":true}]}}