{"id":11550,"date":"2023-04-30T19:33:00","date_gmt":"2023-04-30T17:33:00","guid":{"rendered":"https:\/\/feuerwehr-vglambrecht.de\/cms\/?post_type=einsatz&#038;p=11550"},"modified":"2023-05-13T11:53:51","modified_gmt":"2023-05-13T09:53:51","slug":"brandmeldeanlage-b2-07-60","status":"publish","type":"einsatz","link":"https:\/\/feuerwehr-vglambrecht.de\/cms\/einsatzberichte\/brandmeldeanlage-b2-07-60\/","title":{"rendered":"Brandmeldeanlage (B2.07)"},"content":{"rendered":"<p>Die Feuerwehren Neidenfels und Weidenthal wurden am 30.04.2022 um 19:33 Uhr zu einer ausgel\u00f6sten Brandmeldeanlage in Neidenfels alarmiert. Vor Ort stellte sich heraus, dass es sich um einen Fehlalarm handelte. Die Anlage wurde zur\u00fcckgesetzt und die Einsatzstelle an den Betreiber \u00fcbergeben. Es waren keine weiteren Ma\u00dfnahmen der Feuerwehr erforderlich.<\/p>\n","protected":false},"author":1,"featured_media":11218,"template":"","meta":{"einsatz_weight":1,"footnotes":""},"categories":[],"tags":[],"einsatzart":[8],"fahrzeug":[59,498],"exteinsatzmittel":[68,21,31],"alarmierungsart":[10],"evw_unit":[],"class_list":["post-11550","einsatz","type-einsatz","status-publish","has-post-thumbnail","hentry","einsatzart-bma","fahrzeug-neidenfels-47","fahrzeug-7-44-1","exteinsatzmittel-fw_nei","exteinsatzmittel-fw_wei","exteinsatzmittel-drk","alarmierungsart-dme-digitaler-meldeempfaenger"],"better_featured_image":{"id":11218,"alt_text":"","caption":"","description":"","media_type":"image","media_details":{"width":800,"height":460,"file":"2023\/01\/BMA-800x460-1.jpeg","filesize":84846,"sizes":{"medium_large":{"file":"BMA-800x460-1-768x442.jpeg","width":768,"height":442,"mime-type":"image\/jpeg","filesize":71031,"source_url":"https:\/\/feuerwehr-vglambrecht.de\/cms\/wp-content\/uploads\/2023\/01\/BMA-800x460-1-768x442.jpeg"},"wptouch-new-thumbnail":{"file":"BMA-800x460-1-144x144.jpeg","width":144,"height":144,"mime-type":"image\/jpeg","filesize":5808,"source_url":"https:\/\/feuerwehr-vglambrecht.de\/cms\/wp-content\/uploads\/2023\/01\/BMA-800x460-1-144x144.jpeg"},"thumbnail":{"file":"BMA-800x460-1-150x150.jpeg","width":150,"height":150,"source_url":"https:\/\/feuerwehr-vglambrecht.de\/cms\/wp-content\/uploads\/2023\/01\/BMA-800x460-1-150x150.jpeg"},"medium":{"file":"BMA-800x460-1-300x173.jpeg","width":300,"height":173,"source_url":"https:\/\/feuerwehr-vglambrecht.de\/cms\/wp-content\/uploads\/2023\/01\/BMA-800x460-1-300x173.jpeg"}},"image_meta":{"aperture":"0","credit":"","camera":"","caption":"","created_timestamp":"0","copyright":"","focal_length":"0","iso":"0","shutter_speed":"0","title":"","orientation":"0","keywords":[]},"image-converter":{"thumbnail":"IME","medium":"IME"}},"post":11216,"source_url":"https:\/\/feuerwehr-vglambrecht.de\/cms\/wp-content\/uploads\/2023\/01\/BMA-800x460-1.jpeg"},"einsatz_ort":"","einsatz_ende":"2023-04-30 19:58","einsatz_beginn":"","_links":{"self":[{"href":"https:\/\/feuerwehr-vglambrecht.de\/cms\/wp-json\/wp\/v2\/einsatz\/11550","targetHints":{"allow":["GET"]}}],"collection":[{"href":"https:\/\/feuerwehr-vglambrecht.de\/cms\/wp-json\/wp\/v2\/einsatz"}],"about":[{"href":"https:\/\/feuerwehr-vglambrecht.de\/cms\/wp-json\/wp\/v2\/types\/einsatz"}],"author":[{"embeddable":true,"href":"https:\/\/feuerwehr-vglambrecht.de\/cms\/wp-json\/wp\/v2\/users\/1"}],"version-history":[{"count":2,"href":"https:\/\/feuerwehr-vglambrecht.de\/cms\/wp-json\/wp\/v2\/einsatz\/11550\/revisions"}],"predecessor-version":[{"id":11554,"href":"https:\/\/feuerwehr-vglambrecht.de\/cms\/wp-json\/wp\/v2\/einsatz\/11550\/revisions\/11554"}],"wp:featuredmedia":[{"embeddable":true,"href":"https:\/\/feuerwehr-vglambrecht.de\/cms\/wp-json\/wp\/v2\/media\/11218"}],"wp:attachment":[{"href":"https:\/\/feuerwehr-vglambrecht.de\/cms\/wp-json\/wp\/v2\/media?parent=11550"}],"wp:term":[{"taxonomy":"category","embeddable":true,"href":"https:\/\/feuerwehr-vglambrecht.de\/cms\/wp-json\/wp\/v2\/categories?post=11550"},{"taxonomy":"post_tag","embeddable":true,"href":"https:\/\/feuerwehr-vglambrecht.de\/cms\/wp-json\/wp\/v2\/tags?post=11550"},{"taxonomy":"einsatzart","embeddable":true,"href":"https:\/\/feuerwehr-vglambrecht.de\/cms\/wp-json\/wp\/v2\/einsatzart?post=11550"},{"taxonomy":"fahrzeug","embeddable":true,"href":"https:\/\/feuerwehr-vglambrecht.de\/cms\/wp-json\/wp\/v2\/fahrzeug?post=11550"},{"taxonomy":"exteinsatzmittel","embeddable":true,"href":"https:\/\/feuerwehr-vglambrecht.de\/cms\/wp-json\/wp\/v2\/exteinsatzmittel?post=11550"},{"taxonomy":"alarmierungsart","embeddable":true,"href":"https:\/\/feuerwehr-vglambrecht.de\/cms\/wp-json\/wp\/v2\/alarmierungsart?post=11550"},{"taxonomy":"evw_unit","embeddable":true,"href":"https:\/\/feuerwehr-vglambrecht.de\/cms\/wp-json\/wp\/v2\/evw_unit?post=11550"}],"curies":[{"name":"wp","href":"https:\/\/api.w.org\/{rel}","templated":true}]}}