{"id":11209,"date":"2023-01-14T09:49:00","date_gmt":"2023-01-14T08:49:00","guid":{"rendered":"https:\/\/feuerwehr-vglambrecht.de\/cms\/?post_type=einsatz&#038;p=11209"},"modified":"2023-01-14T13:49:57","modified_gmt":"2023-01-14T12:49:57","slug":"rauchwarnmelder-b2-06-10","status":"publish","type":"einsatz","link":"https:\/\/feuerwehr-vglambrecht.de\/cms\/einsatzberichte\/rauchwarnmelder-b2-06-10\/","title":{"rendered":"Rauchwarnmelder (B2.06)"},"content":{"rendered":"<blockquote><p><strong>Neuer Holzofen l\u00f6st Rauchwarnmelder aus<\/strong><\/p><\/blockquote>\n<p>Zu einem ausgel\u00f6sten Rauchwarnmelder, in Esthal, wurden die Feuerwehren Esthal und Frankeneck am 14. Januar 2023 gegen 9:49 Uhr alarmiert.<!--more--><\/p>\n<p>Durch das Anfeuern eines neuen Holzofens, kam es zu einer starken Verrauchung in einem Wohnhaus. Ein aufmerksamer Nachbar h\u00f6rte den ausgel\u00f6sten Rauchwarnmelder und verst\u00e4ndigte die Feuerwehr. Mit einem Hochleistungsl\u00fcfter wurde das Haus entraucht. Das Geb\u00e4ude wurde zur weiteren Vorgehensweise dem Besitzer \u00fcbergeben, der sich selbst mit dem zust\u00e4ndigen Schornsteinfeger in Verbindung setzt.<\/p>\n\n<div class=\"ngg-galleryoverview\" id=\"ngg-gallery-411-11209\">\n\n\t<!-- Slideshow link -->\n\t<div class=\"slideshowlink\">\n\t\t<a class=\"slideshowlink\" href=\"https:\/\/feuerwehr-vglambrecht.de\/cms\/einsatzberichte\/rauchwarnmelder-b2-06-10\/nggallery\/slideshow\">\n\t\t\t[Show as slideshow]\t\t<\/a>\n\t<\/div>\n\n\t\n\t<!-- Thumbnails -->\n\t\t\n\t<div id=\"ngg-image-2375\" class=\"ngg-gallery-thumbnail-box\"  >\n\t\t<div class=\"ngg-gallery-thumbnail\" >\n\t\t\t<a href=\"https:\/\/feuerwehr-vglambrecht.de\/cms\/wp-content\/gallery\/rauchwarnmelder-esthal\/img_1461.jpg\" title=\" \" class=\"shutterset_set_411\" >\n\t\t\t\t\t\t\t\t<img loading=\"lazy\" decoding=\"async\" title=\"img_1461\" alt=\"img_1461\" src=\"https:\/\/feuerwehr-vglambrecht.de\/cms\/wp-content\/gallery\/rauchwarnmelder-esthal\/thumbs\/thumbs_img_1461.jpg\" width=\"100\" height=\"75\" \/>\n\t\t\t\t\t\t\t<\/a>\n\t\t<\/div>\n\t<\/div>\n\t\n\t\t\n \t\t\n\t<div id=\"ngg-image-2376\" class=\"ngg-gallery-thumbnail-box\"  >\n\t\t<div class=\"ngg-gallery-thumbnail\" >\n\t\t\t<a href=\"https:\/\/feuerwehr-vglambrecht.de\/cms\/wp-content\/gallery\/rauchwarnmelder-esthal\/img_1464.jpg\" title=\" \" class=\"shutterset_set_411\" >\n\t\t\t\t\t\t\t\t<img loading=\"lazy\" decoding=\"async\" title=\"img_1464\" alt=\"img_1464\" src=\"https:\/\/feuerwehr-vglambrecht.de\/cms\/wp-content\/gallery\/rauchwarnmelder-esthal\/thumbs\/thumbs_img_1464.jpg\" width=\"100\" height=\"75\" \/>\n\t\t\t\t\t\t\t<\/a>\n\t\t<\/div>\n\t<\/div>\n\t\n\t\t\n \t \t\n\t<!-- Pagination -->\n \t<div class='ngg-clear'><\/div>\n \t\n<\/div>\n\n\n","protected":false},"author":5,"featured_media":11213,"template":"","meta":{"einsatz_weight":1,"footnotes":""},"categories":[6,70],"tags":[388,138,383,141,373],"einsatzart":[],"fahrzeug":[350,307,44],"exteinsatzmittel":[12,13,299,30,37,31],"alarmierungsart":[10],"evw_unit":[],"class_list":["post-11209","einsatz","type-einsatz","status-publish","has-post-thumbnail","hentry","category-fw_esthal","category-fw_frankeneck","tag-ehrenamt","tag-esthal","tag-feuerwehrvglambrecht","tag-frankeneck","tag-immerda","fahrzeug-esthal-19-2","fahrzeug-307","fahrzeug-frankeneck-40","exteinsatzmittel-fw_est","exteinsatzmittel-fw_fra","exteinsatzmittel-fez-neustadt","exteinsatzmittel-pol","exteinsatzmittel-fw_pre","exteinsatzmittel-drk","alarmierungsart-dme-digitaler-meldeempfaenger"],"better_featured_image":{"id":11213,"alt_text":"","caption":"","description":"","media_type":"image","media_details":{"width":1295,"height":861,"file":"2023\/01\/IMG_1464-rotated-e1673697821803.jpg","filesize":607687,"sizes":{"medium_large":{"file":"IMG_1464-rotated-e1673697821803-768x511.jpg","width":768,"height":511,"mime-type":"image\/jpeg","filesize":75347,"source_url":"https:\/\/feuerwehr-vglambrecht.de\/cms\/wp-content\/uploads\/2023\/01\/IMG_1464-rotated-e1673697821803-768x511.jpg"},"1536x1536":{"file":"IMG_1464-1152x1536.jpg","width":1152,"height":1536,"mime-type":"image\/jpeg","filesize":330023,"source_url":"https:\/\/feuerwehr-vglambrecht.de\/cms\/wp-content\/uploads\/2023\/01\/IMG_1464-1152x1536.jpg"},"wptouch-new-thumbnail":{"file":"IMG_1464-rotated-e1673697821803-144x144.jpg","width":144,"height":144,"mime-type":"image\/jpeg","filesize":8865,"source_url":"https:\/\/feuerwehr-vglambrecht.de\/cms\/wp-content\/uploads\/2023\/01\/IMG_1464-rotated-e1673697821803-144x144.jpg"},"landing_image":{"file":"IMG_1464-rotated-e1673697821803-1024x460.jpg","width":1024,"height":460,"mime-type":"image\/jpeg","filesize":85477,"source_url":"https:\/\/feuerwehr-vglambrecht.de\/cms\/wp-content\/uploads\/2023\/01\/IMG_1464-rotated-e1673697821803-1024x460.jpg"},"foundation-featured-image":{"file":"IMG_1464-rotated-e1673697821803-900x598.jpg","width":900,"height":598,"mime-type":"image\/jpeg","filesize":97989,"source_url":"https:\/\/feuerwehr-vglambrecht.de\/cms\/wp-content\/uploads\/2023\/01\/IMG_1464-rotated-e1673697821803-900x598.jpg"},"thumbnail":{"file":"IMG_1464-rotated-e1673697821803-150x150.jpg","width":150,"height":150,"mime-type":"image\/jpeg","filesize":9446,"source_url":"https:\/\/feuerwehr-vglambrecht.de\/cms\/wp-content\/uploads\/2023\/01\/IMG_1464-rotated-e1673697821803-150x150.jpg"},"medium":{"file":"IMG_1464-rotated-e1673697821803-300x199.jpg","width":300,"height":199,"mime-type":"image\/jpeg","filesize":17611,"source_url":"https:\/\/feuerwehr-vglambrecht.de\/cms\/wp-content\/uploads\/2023\/01\/IMG_1464-rotated-e1673697821803-300x199.jpg"},"large":{"file":"IMG_1464-rotated-e1673697821803-1024x681.jpg","width":1024,"height":681,"mime-type":"image\/jpeg","filesize":120337,"source_url":"https:\/\/feuerwehr-vglambrecht.de\/cms\/wp-content\/uploads\/2023\/01\/IMG_1464-rotated-e1673697821803-1024x681.jpg"}},"image_meta":{"aperture":"1.6","credit":"","camera":"iPhone 13","caption":"","created_timestamp":"1673690611","copyright":"","focal_length":"5.1","iso":"40","shutter_speed":"0.0081967213114754","title":"","orientation":1,"keywords":[]},"original_image":"IMG_1464.jpg","image-converter":{"thumbnail":"IME","medium":"IME","large":"IME"}},"post":11209,"source_url":"https:\/\/feuerwehr-vglambrecht.de\/cms\/wp-content\/uploads\/2023\/01\/IMG_1464-rotated-e1673697821803.jpg"},"einsatz_ort":"Esthal","einsatz_ende":"2023-01-14 10:42","einsatz_beginn":"","_links":{"self":[{"href":"https:\/\/feuerwehr-vglambrecht.de\/cms\/wp-json\/wp\/v2\/einsatz\/11209","targetHints":{"allow":["GET"]}}],"collection":[{"href":"https:\/\/feuerwehr-vglambrecht.de\/cms\/wp-json\/wp\/v2\/einsatz"}],"about":[{"href":"https:\/\/feuerwehr-vglambrecht.de\/cms\/wp-json\/wp\/v2\/types\/einsatz"}],"author":[{"embeddable":true,"href":"https:\/\/feuerwehr-vglambrecht.de\/cms\/wp-json\/wp\/v2\/users\/5"}],"version-history":[{"count":5,"href":"https:\/\/feuerwehr-vglambrecht.de\/cms\/wp-json\/wp\/v2\/einsatz\/11209\/revisions"}],"predecessor-version":[{"id":11215,"href":"https:\/\/feuerwehr-vglambrecht.de\/cms\/wp-json\/wp\/v2\/einsatz\/11209\/revisions\/11215"}],"wp:featuredmedia":[{"embeddable":true,"href":"https:\/\/feuerwehr-vglambrecht.de\/cms\/wp-json\/wp\/v2\/media\/11213"}],"wp:attachment":[{"href":"https:\/\/feuerwehr-vglambrecht.de\/cms\/wp-json\/wp\/v2\/media?parent=11209"}],"wp:term":[{"taxonomy":"category","embeddable":true,"href":"https:\/\/feuerwehr-vglambrecht.de\/cms\/wp-json\/wp\/v2\/categories?post=11209"},{"taxonomy":"post_tag","embeddable":true,"href":"https:\/\/feuerwehr-vglambrecht.de\/cms\/wp-json\/wp\/v2\/tags?post=11209"},{"taxonomy":"einsatzart","embeddable":true,"href":"https:\/\/feuerwehr-vglambrecht.de\/cms\/wp-json\/wp\/v2\/einsatzart?post=11209"},{"taxonomy":"fahrzeug","embeddable":true,"href":"https:\/\/feuerwehr-vglambrecht.de\/cms\/wp-json\/wp\/v2\/fahrzeug?post=11209"},{"taxonomy":"exteinsatzmittel","embeddable":true,"href":"https:\/\/feuerwehr-vglambrecht.de\/cms\/wp-json\/wp\/v2\/exteinsatzmittel?post=11209"},{"taxonomy":"alarmierungsart","embeddable":true,"href":"https:\/\/feuerwehr-vglambrecht.de\/cms\/wp-json\/wp\/v2\/alarmierungsart?post=11209"},{"taxonomy":"evw_unit","embeddable":true,"href":"https:\/\/feuerwehr-vglambrecht.de\/cms\/wp-json\/wp\/v2\/evw_unit?post=11209"}],"curies":[{"name":"wp","href":"https:\/\/api.w.org\/{rel}","templated":true}]}}