{"id":11145,"date":"2022-12-31T17:29:00","date_gmt":"2022-12-31T16:29:00","guid":{"rendered":"https:\/\/feuerwehr-vglambrecht.de\/cms\/?post_type=einsatz&#038;p=11145"},"modified":"2023-01-06T11:54:08","modified_gmt":"2023-01-06T10:54:08","slug":"wohnungsbrand-b2-08-9","status":"publish","type":"einsatz","link":"https:\/\/feuerwehr-vglambrecht.de\/cms\/einsatzberichte\/wohnungsbrand-b2-08-9\/","title":{"rendered":"Wohnungsbrand (B2.08)"},"content":{"rendered":"<p>Am Samstag den 31.12.2022 um 17:29 Uhr wurden die Feuerwehreinheiten Neidenfels, Weidenthal, Lambrecht und Esthal zu einem Wohnungsbrand in der Staatsstra\u00dfe in Neidenfels alarmiert.<!--more--><\/p>\n<p>Als die ersten Einsatzkr\u00e4fte an der \u00d6rtlichkeit eintrafen, konnte eine Rauchentwicklung aus dem Geb\u00e4ude festgestellt werden. Nach vorangegangener Erkundung konnte eine brennende Waschmaschine im Erdgeschoss als Brandherd ausgemacht werden. Die Feuerwehr setzte einen Trupp unter schwerem Atemschutz zur Brandbek\u00e4mpfung ein, welcher durch schnelles eingreifen ein ausbreiten der Flammen auf umliegende R\u00e4ume verhindern konnte.<\/p>\n<p>Die Bewohner konnten sich selbstst\u00e4ndig, noch vor Eintreffen der Einsatzkr\u00e4fte aus der Wohnung nach drau\u00dfen begeben und wurden an der Einsatzstelle durch den Rettungsdienst versorgt. Eine Vorstellung bei einem Arzt und das Verbringen in ein Krankenhaus war nicht notwendig. Die Bewohner blieben unverletzt.<\/p>\n<p>Es kam durch den Brand zu einer massiven Ausbreitung von Rauchgasen im Erdgeschoss, welche die Wohnung unbewohnbar machte. Durch die Verbandsgemeinde-Verwaltung Lambrecht konnte die betroffene Familie in einer anderen Wohnung untergebracht werden.<\/p>\n<p>Das Geb\u00e4ude wurde im Anschluss an die L\u00f6scharbeiten mittels Hochleistungsl\u00fcfter entraucht und bel\u00fcftet. Die Einsatzstelle wurde an die Polizei \u00fcbergeben.<\/p>\n\n<div class=\"ngg-galleryoverview\" id=\"ngg-gallery-408-11145\">\n\n\t<!-- Slideshow link -->\n\t<div class=\"slideshowlink\">\n\t\t<a class=\"slideshowlink\" href=\"https:\/\/feuerwehr-vglambrecht.de\/cms\/einsatzberichte\/wohnungsbrand-b2-08-9\/nggallery\/slideshow\">\n\t\t\t[Show as slideshow]\t\t<\/a>\n\t<\/div>\n\n\t\n\t<!-- Thumbnails -->\n\t\t\n\t<div id=\"ngg-image-2363\" class=\"ngg-gallery-thumbnail-box\"  >\n\t\t<div class=\"ngg-gallery-thumbnail\" >\n\t\t\t<a href=\"https:\/\/feuerwehr-vglambrecht.de\/cms\/wp-content\/gallery\/b2-08-neidenfels-31-12-2022\/img_5314.jpg\" title=\" \" class=\"shutterset_set_408\" >\n\t\t\t\t\t\t\t\t<img loading=\"lazy\" decoding=\"async\" title=\"img_5314\" alt=\"img_5314\" src=\"https:\/\/feuerwehr-vglambrecht.de\/cms\/wp-content\/gallery\/b2-08-neidenfels-31-12-2022\/thumbs\/thumbs_img_5314.jpg\" width=\"100\" height=\"75\" \/>\n\t\t\t\t\t\t\t<\/a>\n\t\t<\/div>\n\t<\/div>\n\t\n\t\t\n \t\t\n\t<div id=\"ngg-image-2366\" class=\"ngg-gallery-thumbnail-box\"  >\n\t\t<div class=\"ngg-gallery-thumbnail\" >\n\t\t\t<a href=\"https:\/\/feuerwehr-vglambrecht.de\/cms\/wp-content\/gallery\/b2-08-neidenfels-31-12-2022\/img_5317.jpg\" title=\" \" class=\"shutterset_set_408\" >\n\t\t\t\t\t\t\t\t<img loading=\"lazy\" decoding=\"async\" title=\"img_5317\" alt=\"img_5317\" src=\"https:\/\/feuerwehr-vglambrecht.de\/cms\/wp-content\/gallery\/b2-08-neidenfels-31-12-2022\/thumbs\/thumbs_img_5317.jpg\" width=\"100\" height=\"75\" \/>\n\t\t\t\t\t\t\t<\/a>\n\t\t<\/div>\n\t<\/div>\n\t\n\t\t\n \t \t\n\t<!-- Pagination -->\n \t<div class='ngg-clear'><\/div>\n \t\n<\/div>\n\n\n","protected":false},"author":20,"featured_media":11164,"template":"","meta":{"einsatz_weight":1,"footnotes":""},"categories":[],"tags":[383,135,452],"einsatzart":[7],"fahrzeug":[350,307,49,51,53,54,59,61,498,63],"exteinsatzmittel":[505,12,18,68,21,299,321,468,31,446],"alarmierungsart":[10],"evw_unit":[],"class_list":["post-11145","einsatz","type-einsatz","status-publish","has-post-thumbnail","hentry","tag-feuerwehrvglambrecht","tag-neidenfels","tag-wohnungsbrand","einsatzart-brand","fahrzeug-esthal-19-2","fahrzeug-307","fahrzeug-lambrecht-11","fahrzeug-lambrecht-241","fahrzeug-lambrecht-33","fahrzeug-lambrecht-44","fahrzeug-neidenfels-47","fahrzeug-neidenfels-73","fahrzeug-7-44-1","fahrzeug-weidenthal-73","exteinsatzmittel-ants-atemschutz-notfall-trainierte-staffel","exteinsatzmittel-fw_est","exteinsatzmittel-fw_lam","exteinsatzmittel-fw_nei","exteinsatzmittel-fw_wei","exteinsatzmittel-fez-neustadt","exteinsatzmittel-fez-lambrecht","exteinsatzmittel-presseteam-feuerwehr-vg-lambrecht","exteinsatzmittel-drk","exteinsatzmittel-wehrleitung-vg-lambrecht","alarmierungsart-dme-digitaler-meldeempfaenger"],"better_featured_image":{"id":11164,"alt_text":"","caption":"","description":"","media_type":"image","media_details":{"width":1920,"height":2560,"file":"2022\/11\/IMG_5319-scaled.jpeg","filesize":617822,"sizes":{"medium_large":{"file":"IMG_5319-768x1024.jpeg","width":768,"height":1024,"mime-type":"image\/jpeg","filesize":134387,"source_url":"https:\/\/feuerwehr-vglambrecht.de\/cms\/wp-content\/uploads\/2022\/11\/IMG_5319-768x1024.jpeg"},"1536x1536":{"file":"IMG_5319-1152x1536.jpeg","width":1152,"height":1536,"mime-type":"image\/jpeg","filesize":262455,"source_url":"https:\/\/feuerwehr-vglambrecht.de\/cms\/wp-content\/uploads\/2022\/11\/IMG_5319-1152x1536.jpeg"},"2048x2048":{"file":"IMG_5319-1536x2048.jpeg","width":1536,"height":2048,"mime-type":"image\/jpeg","filesize":425859,"source_url":"https:\/\/feuerwehr-vglambrecht.de\/cms\/wp-content\/uploads\/2022\/11\/IMG_5319-1536x2048.jpeg"},"wptouch-new-thumbnail":{"file":"IMG_5319-144x144.jpeg","width":144,"height":144,"mime-type":"image\/jpeg","filesize":15846,"source_url":"https:\/\/feuerwehr-vglambrecht.de\/cms\/wp-content\/uploads\/2022\/11\/IMG_5319-144x144.jpeg"},"landing_image":{"file":"IMG_5319-1024x460.jpeg","width":1024,"height":460,"mime-type":"image\/jpeg","filesize":91202,"source_url":"https:\/\/feuerwehr-vglambrecht.de\/cms\/wp-content\/uploads\/2022\/11\/IMG_5319-1024x460.jpeg"},"foundation-featured-image":{"file":"IMG_5319-900x1200.jpeg","width":900,"height":1200,"mime-type":"image\/jpeg","filesize":174512,"source_url":"https:\/\/feuerwehr-vglambrecht.de\/cms\/wp-content\/uploads\/2022\/11\/IMG_5319-900x1200.jpeg"},"thumbnail":{"file":"IMG_5319-150x150.jpeg","width":150,"height":150,"source_url":"https:\/\/feuerwehr-vglambrecht.de\/cms\/wp-content\/uploads\/2022\/11\/IMG_5319-150x150.jpeg"},"medium":{"file":"IMG_5319-225x300.jpeg","width":225,"height":300,"source_url":"https:\/\/feuerwehr-vglambrecht.de\/cms\/wp-content\/uploads\/2022\/11\/IMG_5319-225x300.jpeg"},"large":{"file":"IMG_5319-768x1024.jpeg","width":768,"height":1024,"source_url":"https:\/\/feuerwehr-vglambrecht.de\/cms\/wp-content\/uploads\/2022\/11\/IMG_5319-768x1024.jpeg"}},"image_meta":{"aperture":"0","credit":"","camera":"","caption":"","created_timestamp":"0","copyright":"","focal_length":"0","iso":"0","shutter_speed":"0","title":"","orientation":"0","keywords":[]},"original_image":"IMG_5319.jpeg","image-converter":{"thumbnail":"IME","medium":"IME","large":"IME"}},"post":null,"source_url":"https:\/\/feuerwehr-vglambrecht.de\/cms\/wp-content\/uploads\/2022\/11\/IMG_5319-scaled.jpeg"},"einsatz_ort":"Staatsstra\u00dfe Neidenfels","einsatz_ende":"2022-12-31 19:04","einsatz_beginn":"","_links":{"self":[{"href":"https:\/\/feuerwehr-vglambrecht.de\/cms\/wp-json\/wp\/v2\/einsatz\/11145","targetHints":{"allow":["GET"]}}],"collection":[{"href":"https:\/\/feuerwehr-vglambrecht.de\/cms\/wp-json\/wp\/v2\/einsatz"}],"about":[{"href":"https:\/\/feuerwehr-vglambrecht.de\/cms\/wp-json\/wp\/v2\/types\/einsatz"}],"author":[{"embeddable":true,"href":"https:\/\/feuerwehr-vglambrecht.de\/cms\/wp-json\/wp\/v2\/users\/20"}],"version-history":[{"count":6,"href":"https:\/\/feuerwehr-vglambrecht.de\/cms\/wp-json\/wp\/v2\/einsatz\/11145\/revisions"}],"predecessor-version":[{"id":11172,"href":"https:\/\/feuerwehr-vglambrecht.de\/cms\/wp-json\/wp\/v2\/einsatz\/11145\/revisions\/11172"}],"wp:featuredmedia":[{"embeddable":true,"href":"https:\/\/feuerwehr-vglambrecht.de\/cms\/wp-json\/wp\/v2\/media\/11164"}],"wp:attachment":[{"href":"https:\/\/feuerwehr-vglambrecht.de\/cms\/wp-json\/wp\/v2\/media?parent=11145"}],"wp:term":[{"taxonomy":"category","embeddable":true,"href":"https:\/\/feuerwehr-vglambrecht.de\/cms\/wp-json\/wp\/v2\/categories?post=11145"},{"taxonomy":"post_tag","embeddable":true,"href":"https:\/\/feuerwehr-vglambrecht.de\/cms\/wp-json\/wp\/v2\/tags?post=11145"},{"taxonomy":"einsatzart","embeddable":true,"href":"https:\/\/feuerwehr-vglambrecht.de\/cms\/wp-json\/wp\/v2\/einsatzart?post=11145"},{"taxonomy":"fahrzeug","embeddable":true,"href":"https:\/\/feuerwehr-vglambrecht.de\/cms\/wp-json\/wp\/v2\/fahrzeug?post=11145"},{"taxonomy":"exteinsatzmittel","embeddable":true,"href":"https:\/\/feuerwehr-vglambrecht.de\/cms\/wp-json\/wp\/v2\/exteinsatzmittel?post=11145"},{"taxonomy":"alarmierungsart","embeddable":true,"href":"https:\/\/feuerwehr-vglambrecht.de\/cms\/wp-json\/wp\/v2\/alarmierungsart?post=11145"},{"taxonomy":"evw_unit","embeddable":true,"href":"https:\/\/feuerwehr-vglambrecht.de\/cms\/wp-json\/wp\/v2\/evw_unit?post=11145"}],"curies":[{"name":"wp","href":"https:\/\/api.w.org\/{rel}","templated":true}]}}