{"id":11107,"date":"2022-12-07T04:52:00","date_gmt":"2022-12-07T03:52:00","guid":{"rendered":"https:\/\/feuerwehr-vglambrecht.de\/cms\/?post_type=einsatz&#038;p=11107"},"modified":"2022-12-13T15:16:27","modified_gmt":"2022-12-13T14:16:27","slug":"brandmeldeanlage-b2-07-43","status":"publish","type":"einsatz","link":"https:\/\/feuerwehr-vglambrecht.de\/cms\/einsatzberichte\/brandmeldeanlage-b2-07-43\/","title":{"rendered":"Brandmeldeanlage (B2.07)"},"content":{"rendered":"<p>Die Feuerwehren Neidenfels und Weidenthal wurden am 06.12.2022 um 10:54 Uhr zu einer ausgel\u00f6sten Brandmeldeanlage in die Staatsstra\u00dfe in Neidenfels alarmiert.<!--more--><span id=\"more-10288\"><\/span><\/p>\n<p>Im betroffenen Objekt kam es erneut durch den Ausfall der L\u00fcftungsanlage zu einer zu hohen Luftfeuchtigkeit, weshalb die Brandmeldeanlage ausl\u00f6ste. Die Feuerwehr kontrollierte die \u00d6rtlichkeit, stellte die Brandmeldeanlage zur\u00fcck und \u00fcbergab diese dem Eigent\u00fcmer.<\/p>\n","protected":false},"author":17,"featured_media":0,"template":"","meta":{"einsatz_weight":1,"footnotes":""},"categories":[],"tags":[],"einsatzart":[8],"fahrzeug":[59,61,498],"exteinsatzmittel":[68,21],"alarmierungsart":[10],"evw_unit":[],"class_list":["post-11107","einsatz","type-einsatz","status-publish","hentry","einsatzart-bma","fahrzeug-neidenfels-47","fahrzeug-neidenfels-73","fahrzeug-7-44-1","exteinsatzmittel-fw_nei","exteinsatzmittel-fw_wei","alarmierungsart-dme-digitaler-meldeempfaenger"],"better_featured_image":null,"einsatz_ort":"Neidenfels, Staatsstra\u00dfe","einsatz_ende":"2022-12-07 05:20","einsatz_beginn":"","_links":{"self":[{"href":"https:\/\/feuerwehr-vglambrecht.de\/cms\/wp-json\/wp\/v2\/einsatz\/11107","targetHints":{"allow":["GET"]}}],"collection":[{"href":"https:\/\/feuerwehr-vglambrecht.de\/cms\/wp-json\/wp\/v2\/einsatz"}],"about":[{"href":"https:\/\/feuerwehr-vglambrecht.de\/cms\/wp-json\/wp\/v2\/types\/einsatz"}],"author":[{"embeddable":true,"href":"https:\/\/feuerwehr-vglambrecht.de\/cms\/wp-json\/wp\/v2\/users\/17"}],"version-history":[{"count":1,"href":"https:\/\/feuerwehr-vglambrecht.de\/cms\/wp-json\/wp\/v2\/einsatz\/11107\/revisions"}],"predecessor-version":[{"id":11108,"href":"https:\/\/feuerwehr-vglambrecht.de\/cms\/wp-json\/wp\/v2\/einsatz\/11107\/revisions\/11108"}],"wp:attachment":[{"href":"https:\/\/feuerwehr-vglambrecht.de\/cms\/wp-json\/wp\/v2\/media?parent=11107"}],"wp:term":[{"taxonomy":"category","embeddable":true,"href":"https:\/\/feuerwehr-vglambrecht.de\/cms\/wp-json\/wp\/v2\/categories?post=11107"},{"taxonomy":"post_tag","embeddable":true,"href":"https:\/\/feuerwehr-vglambrecht.de\/cms\/wp-json\/wp\/v2\/tags?post=11107"},{"taxonomy":"einsatzart","embeddable":true,"href":"https:\/\/feuerwehr-vglambrecht.de\/cms\/wp-json\/wp\/v2\/einsatzart?post=11107"},{"taxonomy":"fahrzeug","embeddable":true,"href":"https:\/\/feuerwehr-vglambrecht.de\/cms\/wp-json\/wp\/v2\/fahrzeug?post=11107"},{"taxonomy":"exteinsatzmittel","embeddable":true,"href":"https:\/\/feuerwehr-vglambrecht.de\/cms\/wp-json\/wp\/v2\/exteinsatzmittel?post=11107"},{"taxonomy":"alarmierungsart","embeddable":true,"href":"https:\/\/feuerwehr-vglambrecht.de\/cms\/wp-json\/wp\/v2\/alarmierungsart?post=11107"},{"taxonomy":"evw_unit","embeddable":true,"href":"https:\/\/feuerwehr-vglambrecht.de\/cms\/wp-json\/wp\/v2\/evw_unit?post=11107"}],"curies":[{"name":"wp","href":"https:\/\/api.w.org\/{rel}","templated":true}]}}