{"id":11037,"date":"2022-11-05T03:40:00","date_gmt":"2022-11-05T02:40:00","guid":{"rendered":"https:\/\/feuerwehr-vglambrecht.de\/cms\/?post_type=einsatz&#038;p=11037"},"modified":"2022-11-19T14:36:42","modified_gmt":"2022-11-19T13:36:42","slug":"tueroeffnung-dringend-h2-01-23","status":"publish","type":"einsatz","link":"https:\/\/feuerwehr-vglambrecht.de\/cms\/einsatzberichte\/tueroeffnung-dringend-h2-01-23\/","title":{"rendered":"T\u00fcr\u00f6ffnung dringend (H2.01)"},"content":{"rendered":"<p>Zu einer vermeintlichen T\u00fcr\u00f6ffnung wurden die Einheiten Neidenfels und Weidenthal in der Nacht des 05.11.2022 nach Weidenthal alarmiert. Noch auf der Anfahrt wurde der Einsatz durch die Leitstelle der Berufsfeuerwehr Ludwigshafen storniert.<\/p>\n","protected":false},"author":17,"featured_media":0,"template":"","meta":{"einsatz_weight":1,"footnotes":""},"categories":[],"tags":[],"einsatzart":[33],"fahrzeug":[],"exteinsatzmittel":[68,21,323],"alarmierungsart":[10],"evw_unit":[],"class_list":["post-11037","einsatz","type-einsatz","status-publish","hentry","einsatzart-th","exteinsatzmittel-fw_nei","exteinsatzmittel-fw_wei","exteinsatzmittel-rettungdienst","alarmierungsart-dme-digitaler-meldeempfaenger"],"better_featured_image":null,"einsatz_ort":"Weidenthal","einsatz_ende":"2022-11-05 03:45","einsatz_beginn":"","_links":{"self":[{"href":"https:\/\/feuerwehr-vglambrecht.de\/cms\/wp-json\/wp\/v2\/einsatz\/11037","targetHints":{"allow":["GET"]}}],"collection":[{"href":"https:\/\/feuerwehr-vglambrecht.de\/cms\/wp-json\/wp\/v2\/einsatz"}],"about":[{"href":"https:\/\/feuerwehr-vglambrecht.de\/cms\/wp-json\/wp\/v2\/types\/einsatz"}],"author":[{"embeddable":true,"href":"https:\/\/feuerwehr-vglambrecht.de\/cms\/wp-json\/wp\/v2\/users\/17"}],"version-history":[{"count":1,"href":"https:\/\/feuerwehr-vglambrecht.de\/cms\/wp-json\/wp\/v2\/einsatz\/11037\/revisions"}],"predecessor-version":[{"id":11038,"href":"https:\/\/feuerwehr-vglambrecht.de\/cms\/wp-json\/wp\/v2\/einsatz\/11037\/revisions\/11038"}],"wp:attachment":[{"href":"https:\/\/feuerwehr-vglambrecht.de\/cms\/wp-json\/wp\/v2\/media?parent=11037"}],"wp:term":[{"taxonomy":"category","embeddable":true,"href":"https:\/\/feuerwehr-vglambrecht.de\/cms\/wp-json\/wp\/v2\/categories?post=11037"},{"taxonomy":"post_tag","embeddable":true,"href":"https:\/\/feuerwehr-vglambrecht.de\/cms\/wp-json\/wp\/v2\/tags?post=11037"},{"taxonomy":"einsatzart","embeddable":true,"href":"https:\/\/feuerwehr-vglambrecht.de\/cms\/wp-json\/wp\/v2\/einsatzart?post=11037"},{"taxonomy":"fahrzeug","embeddable":true,"href":"https:\/\/feuerwehr-vglambrecht.de\/cms\/wp-json\/wp\/v2\/fahrzeug?post=11037"},{"taxonomy":"exteinsatzmittel","embeddable":true,"href":"https:\/\/feuerwehr-vglambrecht.de\/cms\/wp-json\/wp\/v2\/exteinsatzmittel?post=11037"},{"taxonomy":"alarmierungsart","embeddable":true,"href":"https:\/\/feuerwehr-vglambrecht.de\/cms\/wp-json\/wp\/v2\/alarmierungsart?post=11037"},{"taxonomy":"evw_unit","embeddable":true,"href":"https:\/\/feuerwehr-vglambrecht.de\/cms\/wp-json\/wp\/v2\/evw_unit?post=11037"}],"curies":[{"name":"wp","href":"https:\/\/api.w.org\/{rel}","templated":true}]}}