{"id":10890,"date":"2022-09-26T15:37:00","date_gmt":"2022-09-26T13:37:00","guid":{"rendered":"https:\/\/feuerwehr-vglambrecht.de\/cms\/?post_type=einsatz&#038;p=10890"},"modified":"2022-09-27T19:51:29","modified_gmt":"2022-09-27T17:51:29","slug":"tragehilfe-rettungsdienst-dlk-h2-08-5","status":"publish","type":"einsatz","link":"https:\/\/feuerwehr-vglambrecht.de\/cms\/einsatzberichte\/tragehilfe-rettungsdienst-dlk-h2-08-5\/","title":{"rendered":"Tragehilfe Rettungsdienst DLK (H2.08)"},"content":{"rendered":"<p>Am Montagmittag wurden die Feuerwehreinheiten Elmstein und Lambrecht zu einer Tragehilfe in Elmstein alarmiert.<!--more--><\/p>\n<div>Aufgrund der erschwerten \u00f6rtlichen Gegebenheiten war ein Transport des Patienten \u00fcber das Treppenhaus nicht m\u00f6glich. Der Patient wurde mittels Drehleiter aus dem Dachgeschoss des Geb\u00e4ude geborgen und anschlie\u00dfend dem Rettungsdienst \u00fcbergeben.<\/div>\n","protected":false},"author":17,"featured_media":10891,"template":"","meta":{"einsatz_weight":1,"footnotes":""},"categories":[],"tags":[395,388,139,383,373,142,246,386,190],"einsatzart":[33],"fahrzeug":[38,53,54],"exteinsatzmittel":[11,18,299,31],"alarmierungsart":[10],"evw_unit":[],"class_list":["post-10890","einsatz","type-einsatz","status-publish","has-post-thumbnail","hentry","tag-blaulicht","tag-ehrenamt","tag-elmstein","tag-feuerwehrvglambrecht","tag-immerda","tag-lambrecht","tag-personenrettung","tag-retterherzen","tag-technische-hilfe","einsatzart-th","fahrzeug-elmstein-44","fahrzeug-lambrecht-33","fahrzeug-lambrecht-44","exteinsatzmittel-fw_elm","exteinsatzmittel-fw_lam","exteinsatzmittel-fez-neustadt","exteinsatzmittel-drk","alarmierungsart-dme-digitaler-meldeempfaenger"],"better_featured_image":{"id":10891,"alt_text":"","caption":"","description":"","media_type":"image","media_details":{"width":1600,"height":1200,"file":"2022\/09\/F7CE63DA-3BF2-4343-A341-1FF4DB246E8F.jpeg","filesize":763997,"sizes":{"medium_large":{"file":"F7CE63DA-3BF2-4343-A341-1FF4DB246E8F-768x576.jpeg","width":768,"height":576,"mime-type":"image\/jpeg","filesize":104441,"source_url":"https:\/\/feuerwehr-vglambrecht.de\/cms\/wp-content\/uploads\/2022\/09\/F7CE63DA-3BF2-4343-A341-1FF4DB246E8F-768x576.jpeg"},"1536x1536":{"file":"F7CE63DA-3BF2-4343-A341-1FF4DB246E8F-1536x1152.jpeg","width":1536,"height":1152,"mime-type":"image\/jpeg","filesize":383594,"source_url":"https:\/\/feuerwehr-vglambrecht.de\/cms\/wp-content\/uploads\/2022\/09\/F7CE63DA-3BF2-4343-A341-1FF4DB246E8F-1536x1152.jpeg"},"wptouch-new-thumbnail":{"file":"F7CE63DA-3BF2-4343-A341-1FF4DB246E8F-144x144.jpeg","width":144,"height":144,"mime-type":"image\/jpeg","filesize":6859,"source_url":"https:\/\/feuerwehr-vglambrecht.de\/cms\/wp-content\/uploads\/2022\/09\/F7CE63DA-3BF2-4343-A341-1FF4DB246E8F-144x144.jpeg"},"landing_image":{"file":"F7CE63DA-3BF2-4343-A341-1FF4DB246E8F-1024x460.jpeg","width":1024,"height":460,"mime-type":"image\/jpeg","filesize":117285,"source_url":"https:\/\/feuerwehr-vglambrecht.de\/cms\/wp-content\/uploads\/2022\/09\/F7CE63DA-3BF2-4343-A341-1FF4DB246E8F-1024x460.jpeg"},"foundation-featured-image":{"file":"F7CE63DA-3BF2-4343-A341-1FF4DB246E8F-900x675.jpeg","width":900,"height":675,"mime-type":"image\/jpeg","filesize":143938,"source_url":"https:\/\/feuerwehr-vglambrecht.de\/cms\/wp-content\/uploads\/2022\/09\/F7CE63DA-3BF2-4343-A341-1FF4DB246E8F-900x675.jpeg"},"thumbnail":{"file":"F7CE63DA-3BF2-4343-A341-1FF4DB246E8F-150x150.jpeg","width":150,"height":150,"source_url":"https:\/\/feuerwehr-vglambrecht.de\/cms\/wp-content\/uploads\/2022\/09\/F7CE63DA-3BF2-4343-A341-1FF4DB246E8F-150x150.jpeg"},"medium":{"file":"F7CE63DA-3BF2-4343-A341-1FF4DB246E8F-300x225.jpeg","width":300,"height":225,"source_url":"https:\/\/feuerwehr-vglambrecht.de\/cms\/wp-content\/uploads\/2022\/09\/F7CE63DA-3BF2-4343-A341-1FF4DB246E8F-300x225.jpeg"},"large":{"file":"F7CE63DA-3BF2-4343-A341-1FF4DB246E8F-1024x768.jpeg","width":1024,"height":768,"source_url":"https:\/\/feuerwehr-vglambrecht.de\/cms\/wp-content\/uploads\/2022\/09\/F7CE63DA-3BF2-4343-A341-1FF4DB246E8F-1024x768.jpeg"}},"image_meta":{"aperture":"0","credit":"","camera":"","caption":"","created_timestamp":"0","copyright":"","focal_length":"0","iso":"0","shutter_speed":"0","title":"","orientation":"1","keywords":[]},"image-converter":{"thumbnail":"IME","medium":"IME","large":"IME"}},"post":10890,"source_url":"https:\/\/feuerwehr-vglambrecht.de\/cms\/wp-content\/uploads\/2022\/09\/F7CE63DA-3BF2-4343-A341-1FF4DB246E8F.jpeg"},"einsatz_ort":"Schafhof","einsatz_ende":"2022-09-26 17:05","einsatz_beginn":"","_links":{"self":[{"href":"https:\/\/feuerwehr-vglambrecht.de\/cms\/wp-json\/wp\/v2\/einsatz\/10890","targetHints":{"allow":["GET"]}}],"collection":[{"href":"https:\/\/feuerwehr-vglambrecht.de\/cms\/wp-json\/wp\/v2\/einsatz"}],"about":[{"href":"https:\/\/feuerwehr-vglambrecht.de\/cms\/wp-json\/wp\/v2\/types\/einsatz"}],"author":[{"embeddable":true,"href":"https:\/\/feuerwehr-vglambrecht.de\/cms\/wp-json\/wp\/v2\/users\/17"}],"version-history":[{"count":1,"href":"https:\/\/feuerwehr-vglambrecht.de\/cms\/wp-json\/wp\/v2\/einsatz\/10890\/revisions"}],"predecessor-version":[{"id":10892,"href":"https:\/\/feuerwehr-vglambrecht.de\/cms\/wp-json\/wp\/v2\/einsatz\/10890\/revisions\/10892"}],"wp:featuredmedia":[{"embeddable":true,"href":"https:\/\/feuerwehr-vglambrecht.de\/cms\/wp-json\/wp\/v2\/media\/10891"}],"wp:attachment":[{"href":"https:\/\/feuerwehr-vglambrecht.de\/cms\/wp-json\/wp\/v2\/media?parent=10890"}],"wp:term":[{"taxonomy":"category","embeddable":true,"href":"https:\/\/feuerwehr-vglambrecht.de\/cms\/wp-json\/wp\/v2\/categories?post=10890"},{"taxonomy":"post_tag","embeddable":true,"href":"https:\/\/feuerwehr-vglambrecht.de\/cms\/wp-json\/wp\/v2\/tags?post=10890"},{"taxonomy":"einsatzart","embeddable":true,"href":"https:\/\/feuerwehr-vglambrecht.de\/cms\/wp-json\/wp\/v2\/einsatzart?post=10890"},{"taxonomy":"fahrzeug","embeddable":true,"href":"https:\/\/feuerwehr-vglambrecht.de\/cms\/wp-json\/wp\/v2\/fahrzeug?post=10890"},{"taxonomy":"exteinsatzmittel","embeddable":true,"href":"https:\/\/feuerwehr-vglambrecht.de\/cms\/wp-json\/wp\/v2\/exteinsatzmittel?post=10890"},{"taxonomy":"alarmierungsart","embeddable":true,"href":"https:\/\/feuerwehr-vglambrecht.de\/cms\/wp-json\/wp\/v2\/alarmierungsart?post=10890"},{"taxonomy":"evw_unit","embeddable":true,"href":"https:\/\/feuerwehr-vglambrecht.de\/cms\/wp-json\/wp\/v2\/evw_unit?post=10890"}],"curies":[{"name":"wp","href":"https:\/\/api.w.org\/{rel}","templated":true}]}}