{"id":10814,"date":"2022-08-14T20:48:00","date_gmt":"2022-08-14T18:48:00","guid":{"rendered":"https:\/\/feuerwehr-vglambrecht.de\/cms\/?post_type=einsatz&#038;p=10814"},"modified":"2022-08-31T11:13:46","modified_gmt":"2022-08-31T09:13:46","slug":"oel-auf-gewaesser-w2-04-5","status":"publish","type":"einsatz","link":"https:\/\/feuerwehr-vglambrecht.de\/cms\/einsatzberichte\/oel-auf-gewaesser-w2-04-5\/","title":{"rendered":"\u00d6l auf Gew\u00e4sser (W2.04)"},"content":{"rendered":"<p>Erneut wurden die Einheiten Weidenthal und Neidenfels am 14.08.22 um 20:48 Uhr zu \u00d6l auf Gew\u00e4sser alarmiert. Der Hochspeyerbach wurde durch die Einsatzkr\u00f6fte kontrolliert und es konnte eine Stelle ausfindig gemacht werden, an der sich eine kleine Restmenge \u00d6l gestaut hatte. Die beiden \u00d6lsperren die in einem vorherigen Einsatz gesetzt wurden, wurden durch die Einsatzkr\u00e4fte kontrolliert. Beide \u00d6lsperren waren noch funktionsf\u00e4hig und haben das restlich \u00d6l aufgenommen.<\/p>\n","protected":false},"author":17,"featured_media":0,"template":"","meta":{"einsatz_weight":1,"footnotes":""},"categories":[],"tags":[],"einsatzart":[23],"fahrzeug":[59,61,62,63],"exteinsatzmittel":[68,21],"alarmierungsart":[10],"evw_unit":[],"class_list":["post-10814","einsatz","type-einsatz","status-publish","hentry","einsatzart-gff","fahrzeug-neidenfels-47","fahrzeug-neidenfels-73","fahrzeug-weidenthal-42","fahrzeug-weidenthal-73","exteinsatzmittel-fw_nei","exteinsatzmittel-fw_wei","alarmierungsart-dme-digitaler-meldeempfaenger"],"better_featured_image":null,"einsatz_ort":"Weidenthal","einsatz_ende":"2022-08-14 21:28","einsatz_beginn":"","_links":{"self":[{"href":"https:\/\/feuerwehr-vglambrecht.de\/cms\/wp-json\/wp\/v2\/einsatz\/10814","targetHints":{"allow":["GET"]}}],"collection":[{"href":"https:\/\/feuerwehr-vglambrecht.de\/cms\/wp-json\/wp\/v2\/einsatz"}],"about":[{"href":"https:\/\/feuerwehr-vglambrecht.de\/cms\/wp-json\/wp\/v2\/types\/einsatz"}],"author":[{"embeddable":true,"href":"https:\/\/feuerwehr-vglambrecht.de\/cms\/wp-json\/wp\/v2\/users\/17"}],"version-history":[{"count":1,"href":"https:\/\/feuerwehr-vglambrecht.de\/cms\/wp-json\/wp\/v2\/einsatz\/10814\/revisions"}],"predecessor-version":[{"id":10815,"href":"https:\/\/feuerwehr-vglambrecht.de\/cms\/wp-json\/wp\/v2\/einsatz\/10814\/revisions\/10815"}],"wp:attachment":[{"href":"https:\/\/feuerwehr-vglambrecht.de\/cms\/wp-json\/wp\/v2\/media?parent=10814"}],"wp:term":[{"taxonomy":"category","embeddable":true,"href":"https:\/\/feuerwehr-vglambrecht.de\/cms\/wp-json\/wp\/v2\/categories?post=10814"},{"taxonomy":"post_tag","embeddable":true,"href":"https:\/\/feuerwehr-vglambrecht.de\/cms\/wp-json\/wp\/v2\/tags?post=10814"},{"taxonomy":"einsatzart","embeddable":true,"href":"https:\/\/feuerwehr-vglambrecht.de\/cms\/wp-json\/wp\/v2\/einsatzart?post=10814"},{"taxonomy":"fahrzeug","embeddable":true,"href":"https:\/\/feuerwehr-vglambrecht.de\/cms\/wp-json\/wp\/v2\/fahrzeug?post=10814"},{"taxonomy":"exteinsatzmittel","embeddable":true,"href":"https:\/\/feuerwehr-vglambrecht.de\/cms\/wp-json\/wp\/v2\/exteinsatzmittel?post=10814"},{"taxonomy":"alarmierungsart","embeddable":true,"href":"https:\/\/feuerwehr-vglambrecht.de\/cms\/wp-json\/wp\/v2\/alarmierungsart?post=10814"},{"taxonomy":"evw_unit","embeddable":true,"href":"https:\/\/feuerwehr-vglambrecht.de\/cms\/wp-json\/wp\/v2\/evw_unit?post=10814"}],"curies":[{"name":"wp","href":"https:\/\/api.w.org\/{rel}","templated":true}]}}