{"id":10778,"date":"2022-08-21T13:30:00","date_gmt":"2022-08-21T11:30:00","guid":{"rendered":"https:\/\/feuerwehr-vglambrecht.de\/cms\/?post_type=einsatz&#038;p=10778"},"modified":"2022-08-22T11:28:19","modified_gmt":"2022-08-22T09:28:19","slug":"einfache-hilfeleistung-h-1-0","status":"publish","type":"einsatz","link":"https:\/\/feuerwehr-vglambrecht.de\/cms\/einsatzberichte\/einfache-hilfeleistung-h-1-0\/","title":{"rendered":"Einfache Hilfeleistung (H 1.0)"},"content":{"rendered":"<p>Die Feuerwehr Esthal wurde durch das Ordnungsamt und die Ortsgemeinde Esthal zu Sicherungsma\u00dfnahmen im Rahmen einer \u00f6ffentlichen Gro\u00dfveranstaltung angefordert. W\u00e4hrend der Veranstaltung wurden die betroffenen Stra\u00dfen gegen den flie\u00dfenden Verkehr gesichert. W\u00e4hrend der laufenden Veranstaltung kam es zu einem medizinischen Notfall, bei dem die Feuerwehr bis zum Eintreffen des Rettungsdienstes die Betreuung\/Versorgung der betroffenen Person \u00fcbernahm.<\/p>\n","protected":false},"author":3,"featured_media":10235,"template":"","meta":{"einsatz_weight":1,"footnotes":""},"categories":[],"tags":[138,485],"einsatzart":[33],"fahrzeug":[350,307],"exteinsatzmittel":[12],"alarmierungsart":[65],"evw_unit":[],"class_list":["post-10778","einsatz","type-einsatz","status-publish","has-post-thumbnail","hentry","tag-esthal","tag-verkehrsraumsicherung","einsatzart-th","fahrzeug-esthal-19-2","fahrzeug-307","exteinsatzmittel-fw_est","alarmierungsart-telefon"],"better_featured_image":{"id":10235,"alt_text":"","caption":"","description":"","media_type":"image","media_details":{"width":346,"height":346,"file":"2022\/02\/2170_4538_1_m.jpg","filesize":81156,"sizes":{"wptouch-new-thumbnail":{"file":"2170_4538_1_m-144x144.jpg","width":144,"height":144,"mime-type":"image\/jpeg","filesize":25040,"source_url":"https:\/\/feuerwehr-vglambrecht.de\/cms\/wp-content\/uploads\/2022\/02\/2170_4538_1_m-144x144.jpg"},"thumbnail":{"file":"2170_4538_1_m-150x150.jpg","width":150,"height":150,"source_url":"https:\/\/feuerwehr-vglambrecht.de\/cms\/wp-content\/uploads\/2022\/02\/2170_4538_1_m-150x150.jpg"},"medium":{"file":"2170_4538_1_m-300x300.jpg","width":300,"height":300,"source_url":"https:\/\/feuerwehr-vglambrecht.de\/cms\/wp-content\/uploads\/2022\/02\/2170_4538_1_m-300x300.jpg"}},"image_meta":{"aperture":"0","credit":"winterbilder - stock.adobe.com","camera":"","caption":"","created_timestamp":"1486798391","copyright":"\u00a9winterbilder - stock.adobe.com","focal_length":"0","iso":"0","shutter_speed":"0","title":"Notruf Stempel","orientation":"1","keywords":["notruf","stempel","logo","zeichen","symbol","polizei","112","110","telefon","telefonh\u00f6rer","not","internationaler","international","notdienst","europ\u00e4ischer","emblem","schild","retten","rettung","lebensrettung","notarzt","sanit\u00e4ter","notfall","notfallsanit\u00e4ter","hilfe","feuerwehr","blaulicht","unfall","ungl\u00fcck","feuer","einbruch","polizist","feuerwehrmann","l\u00f6schzug","verkehrsunfall","notrufnummer","anrufen","sos","brand","krankenwagen","rettungswagen","polizeiauto","rettungsdienste","lebensretter","helfen","erste","notfallretter","notfallrettung","deutsche","deutschland"]},"image-converter":{"thumbnail":"IME","medium":"IME"}},"post":10234,"source_url":"https:\/\/feuerwehr-vglambrecht.de\/cms\/wp-content\/uploads\/2022\/02\/2170_4538_1_m.jpg"},"einsatz_ort":"OG Esthal (Hauptstra\u00dfe, Kirchstra\u00dfe, Bergstra\u00dfe","einsatz_ende":"2022-08-21 15:30","einsatz_beginn":"","_links":{"self":[{"href":"https:\/\/feuerwehr-vglambrecht.de\/cms\/wp-json\/wp\/v2\/einsatz\/10778","targetHints":{"allow":["GET"]}}],"collection":[{"href":"https:\/\/feuerwehr-vglambrecht.de\/cms\/wp-json\/wp\/v2\/einsatz"}],"about":[{"href":"https:\/\/feuerwehr-vglambrecht.de\/cms\/wp-json\/wp\/v2\/types\/einsatz"}],"author":[{"embeddable":true,"href":"https:\/\/feuerwehr-vglambrecht.de\/cms\/wp-json\/wp\/v2\/users\/3"}],"version-history":[{"count":1,"href":"https:\/\/feuerwehr-vglambrecht.de\/cms\/wp-json\/wp\/v2\/einsatz\/10778\/revisions"}],"predecessor-version":[{"id":10779,"href":"https:\/\/feuerwehr-vglambrecht.de\/cms\/wp-json\/wp\/v2\/einsatz\/10778\/revisions\/10779"}],"wp:featuredmedia":[{"embeddable":true,"href":"https:\/\/feuerwehr-vglambrecht.de\/cms\/wp-json\/wp\/v2\/media\/10235"}],"wp:attachment":[{"href":"https:\/\/feuerwehr-vglambrecht.de\/cms\/wp-json\/wp\/v2\/media?parent=10778"}],"wp:term":[{"taxonomy":"category","embeddable":true,"href":"https:\/\/feuerwehr-vglambrecht.de\/cms\/wp-json\/wp\/v2\/categories?post=10778"},{"taxonomy":"post_tag","embeddable":true,"href":"https:\/\/feuerwehr-vglambrecht.de\/cms\/wp-json\/wp\/v2\/tags?post=10778"},{"taxonomy":"einsatzart","embeddable":true,"href":"https:\/\/feuerwehr-vglambrecht.de\/cms\/wp-json\/wp\/v2\/einsatzart?post=10778"},{"taxonomy":"fahrzeug","embeddable":true,"href":"https:\/\/feuerwehr-vglambrecht.de\/cms\/wp-json\/wp\/v2\/fahrzeug?post=10778"},{"taxonomy":"exteinsatzmittel","embeddable":true,"href":"https:\/\/feuerwehr-vglambrecht.de\/cms\/wp-json\/wp\/v2\/exteinsatzmittel?post=10778"},{"taxonomy":"alarmierungsart","embeddable":true,"href":"https:\/\/feuerwehr-vglambrecht.de\/cms\/wp-json\/wp\/v2\/alarmierungsart?post=10778"},{"taxonomy":"evw_unit","embeddable":true,"href":"https:\/\/feuerwehr-vglambrecht.de\/cms\/wp-json\/wp\/v2\/evw_unit?post=10778"}],"curies":[{"name":"wp","href":"https:\/\/api.w.org\/{rel}","templated":true}]}}