{"id":10703,"date":"2022-07-17T19:28:00","date_gmt":"2022-07-17T17:28:00","guid":{"rendered":"https:\/\/feuerwehr-vglambrecht.de\/cms\/?post_type=einsatz&#038;p=10703"},"modified":"2022-07-18T10:06:02","modified_gmt":"2022-07-18T08:06:02","slug":"tragehilfe-rettungsdienst-dlk-h2-08-3","status":"publish","type":"einsatz","link":"https:\/\/feuerwehr-vglambrecht.de\/cms\/einsatzberichte\/tragehilfe-rettungsdienst-dlk-h2-08-3\/","title":{"rendered":"Tragehilfe Rettungsdienst DLK (H2.08)"},"content":{"rendered":"<p>Die Feuerwehr Lambrecht wurde am 17.07.2022 um 19:28 Uhr zu einer Tragehilfe und zur Unterst\u00fctzung des Rettungsdienstes in den Brechlochweg in Lambrecht alarmiert.<!--more--><span id=\"more-8951\"><\/span><\/p>\n<p>Aufgrund der Gegebenheiten vor Ort, wurde eine im h\u00e4uslichen Bereich verunfallte m\u00e4nnliche Person mittels Drehleiter aus dem 1. Obergeschoss eines Wohnhauses nach unten gebracht und dem Rettungsdienst \u00fcbergeben. Die Person wurde anschlie\u00dfend zur weiteren Behandlung in ein Krankenhaus gebracht.<\/p>\n<p>&nbsp;<\/p>\n","protected":false},"author":17,"featured_media":9152,"template":"","meta":{"einsatz_weight":1,"footnotes":""},"categories":[71],"tags":[],"einsatzart":[33],"fahrzeug":[53,54],"exteinsatzmittel":[18,299,187,31],"alarmierungsart":[10],"evw_unit":[],"class_list":["post-10703","einsatz","type-einsatz","status-publish","has-post-thumbnail","hentry","category-fw_lambrecht","einsatzart-th","fahrzeug-lambrecht-33","fahrzeug-lambrecht-44","exteinsatzmittel-fw_lam","exteinsatzmittel-fez-neustadt","exteinsatzmittel-notarzt","exteinsatzmittel-drk","alarmierungsart-dme-digitaler-meldeempfaenger"],"better_featured_image":{"id":9152,"alt_text":"","caption":"","description":"","media_type":"image","media_details":{"width":2560,"height":1707,"file":"2020\/10\/634C739F-1D8E-4B3C-8598-C6072B274A27-scaled.jpeg","filesize":621818,"sizes":{"medium_large":{"file":"634C739F-1D8E-4B3C-8598-C6072B274A27-768x512.jpeg","width":768,"height":512,"mime-type":"image\/jpeg","filesize":91713,"source_url":"https:\/\/feuerwehr-vglambrecht.de\/cms\/wp-content\/uploads\/2020\/10\/634C739F-1D8E-4B3C-8598-C6072B274A27-768x512.jpeg"},"1536x1536":{"file":"634C739F-1D8E-4B3C-8598-C6072B274A27-1536x1024.jpeg","width":1536,"height":1024,"mime-type":"image\/jpeg","filesize":272596,"source_url":"https:\/\/feuerwehr-vglambrecht.de\/cms\/wp-content\/uploads\/2020\/10\/634C739F-1D8E-4B3C-8598-C6072B274A27-1536x1024.jpeg"},"2048x2048":{"file":"634C739F-1D8E-4B3C-8598-C6072B274A27-2048x1365.jpeg","width":2048,"height":1365,"mime-type":"image\/jpeg","filesize":434445,"source_url":"https:\/\/feuerwehr-vglambrecht.de\/cms\/wp-content\/uploads\/2020\/10\/634C739F-1D8E-4B3C-8598-C6072B274A27-2048x1365.jpeg"},"wptouch-new-thumbnail":{"file":"634C739F-1D8E-4B3C-8598-C6072B274A27-144x144.jpeg","width":144,"height":144,"mime-type":"image\/jpeg","filesize":14900,"source_url":"https:\/\/feuerwehr-vglambrecht.de\/cms\/wp-content\/uploads\/2020\/10\/634C739F-1D8E-4B3C-8598-C6072B274A27-144x144.jpeg"},"landing_image":{"file":"634C739F-1D8E-4B3C-8598-C6072B274A27-1024x460.jpeg","width":1024,"height":460,"mime-type":"image\/jpeg","filesize":106037,"source_url":"https:\/\/feuerwehr-vglambrecht.de\/cms\/wp-content\/uploads\/2020\/10\/634C739F-1D8E-4B3C-8598-C6072B274A27-1024x460.jpeg"},"foundation-featured-image":{"file":"634C739F-1D8E-4B3C-8598-C6072B274A27-900x600.jpeg","width":900,"height":600,"mime-type":"image\/jpeg","filesize":118278,"source_url":"https:\/\/feuerwehr-vglambrecht.de\/cms\/wp-content\/uploads\/2020\/10\/634C739F-1D8E-4B3C-8598-C6072B274A27-900x600.jpeg"},"thumbnail":{"file":"634C739F-1D8E-4B3C-8598-C6072B274A27-150x150.jpeg","width":150,"height":150,"source_url":"https:\/\/feuerwehr-vglambrecht.de\/cms\/wp-content\/uploads\/2020\/10\/634C739F-1D8E-4B3C-8598-C6072B274A27-150x150.jpeg"},"medium":{"file":"634C739F-1D8E-4B3C-8598-C6072B274A27-300x200.jpeg","width":300,"height":200,"source_url":"https:\/\/feuerwehr-vglambrecht.de\/cms\/wp-content\/uploads\/2020\/10\/634C739F-1D8E-4B3C-8598-C6072B274A27-300x200.jpeg"},"large":{"file":"634C739F-1D8E-4B3C-8598-C6072B274A27-1024x683.jpeg","width":1024,"height":683,"source_url":"https:\/\/feuerwehr-vglambrecht.de\/cms\/wp-content\/uploads\/2020\/10\/634C739F-1D8E-4B3C-8598-C6072B274A27-1024x683.jpeg"}},"image_meta":{"aperture":"4.5","credit":"","camera":"Canon EOS 1300D","caption":"","created_timestamp":"1509461142","copyright":"","focal_length":"35","iso":"500","shutter_speed":"0.002","title":"","orientation":"0","keywords":[]},"original_image":"634C739F-1D8E-4B3C-8598-C6072B274A27.jpeg","image-converter":{"thumbnail":"IME","medium":"IME","large":"IME"}},"post":9148,"source_url":"https:\/\/feuerwehr-vglambrecht.de\/cms\/wp-content\/uploads\/2020\/10\/634C739F-1D8E-4B3C-8598-C6072B274A27-scaled.jpeg"},"einsatz_ort":"Brechlochweg, Lambrecht","einsatz_ende":"2022-07-17 20:05","einsatz_beginn":"","_links":{"self":[{"href":"https:\/\/feuerwehr-vglambrecht.de\/cms\/wp-json\/wp\/v2\/einsatz\/10703","targetHints":{"allow":["GET"]}}],"collection":[{"href":"https:\/\/feuerwehr-vglambrecht.de\/cms\/wp-json\/wp\/v2\/einsatz"}],"about":[{"href":"https:\/\/feuerwehr-vglambrecht.de\/cms\/wp-json\/wp\/v2\/types\/einsatz"}],"author":[{"embeddable":true,"href":"https:\/\/feuerwehr-vglambrecht.de\/cms\/wp-json\/wp\/v2\/users\/17"}],"version-history":[{"count":1,"href":"https:\/\/feuerwehr-vglambrecht.de\/cms\/wp-json\/wp\/v2\/einsatz\/10703\/revisions"}],"predecessor-version":[{"id":10704,"href":"https:\/\/feuerwehr-vglambrecht.de\/cms\/wp-json\/wp\/v2\/einsatz\/10703\/revisions\/10704"}],"wp:featuredmedia":[{"embeddable":true,"href":"https:\/\/feuerwehr-vglambrecht.de\/cms\/wp-json\/wp\/v2\/media\/9152"}],"wp:attachment":[{"href":"https:\/\/feuerwehr-vglambrecht.de\/cms\/wp-json\/wp\/v2\/media?parent=10703"}],"wp:term":[{"taxonomy":"category","embeddable":true,"href":"https:\/\/feuerwehr-vglambrecht.de\/cms\/wp-json\/wp\/v2\/categories?post=10703"},{"taxonomy":"post_tag","embeddable":true,"href":"https:\/\/feuerwehr-vglambrecht.de\/cms\/wp-json\/wp\/v2\/tags?post=10703"},{"taxonomy":"einsatzart","embeddable":true,"href":"https:\/\/feuerwehr-vglambrecht.de\/cms\/wp-json\/wp\/v2\/einsatzart?post=10703"},{"taxonomy":"fahrzeug","embeddable":true,"href":"https:\/\/feuerwehr-vglambrecht.de\/cms\/wp-json\/wp\/v2\/fahrzeug?post=10703"},{"taxonomy":"exteinsatzmittel","embeddable":true,"href":"https:\/\/feuerwehr-vglambrecht.de\/cms\/wp-json\/wp\/v2\/exteinsatzmittel?post=10703"},{"taxonomy":"alarmierungsart","embeddable":true,"href":"https:\/\/feuerwehr-vglambrecht.de\/cms\/wp-json\/wp\/v2\/alarmierungsart?post=10703"},{"taxonomy":"evw_unit","embeddable":true,"href":"https:\/\/feuerwehr-vglambrecht.de\/cms\/wp-json\/wp\/v2\/evw_unit?post=10703"}],"curies":[{"name":"wp","href":"https:\/\/api.w.org\/{rel}","templated":true}]}}