{"id":10554,"date":"2022-06-02T21:18:00","date_gmt":"2022-06-02T19:18:00","guid":{"rendered":"https:\/\/feuerwehr-vglambrecht.de\/cms\/?post_type=einsatz&#038;p=10554"},"modified":"2022-06-03T08:21:25","modified_gmt":"2022-06-03T06:21:25","slug":"kaminbrand-b2-04-9","status":"publish","type":"einsatz","link":"https:\/\/feuerwehr-vglambrecht.de\/cms\/einsatzberichte\/kaminbrand-b2-04-9\/","title":{"rendered":"Kaminbrand (B2.04)"},"content":{"rendered":"<p>Die Feuerwehren Lindenberg und Lambrecht wurden am 02.06.2022 um 21:18 Uhr zu einem Kaminbrand in die Hauptstra\u00dfe in Lambrecht alarmiert.<!--more--><\/p>\n<p>An der Einsatzstelle konnte zwar eine Rauchentwicklung aus einem Schornstein festgestellt werden, nach R\u00fccksprache mit den Anwohnern wurde jedoch kurz zuvor der Holzofen angefeuert, weshalb es f\u00fcr eine kurze Zeit zu einer st\u00e4rkeren Verrauchung aus dem Schornstein kam. Somit war kein weiteres Eingreifen seitens der Feuerwehr notwendig.<\/p>\n","protected":false},"author":17,"featured_media":7581,"template":"","meta":{"einsatz_weight":1,"footnotes":""},"categories":[71,74],"tags":[],"einsatzart":[7],"fahrzeug":[49,51,53,57],"exteinsatzmittel":[18,19,299,30,37,31],"alarmierungsart":[10],"evw_unit":[],"class_list":["post-10554","einsatz","type-einsatz","status-publish","has-post-thumbnail","hentry","category-fw_lambrecht","category-fw_lindenberg","einsatzart-brand","fahrzeug-lambrecht-11","fahrzeug-lambrecht-241","fahrzeug-lambrecht-33","fahrzeug-lindenberg-47","exteinsatzmittel-fw_lam","exteinsatzmittel-fw_lin","exteinsatzmittel-fez-neustadt","exteinsatzmittel-pol","exteinsatzmittel-fw_pre","exteinsatzmittel-drk","alarmierungsart-dme-digitaler-meldeempfaenger"],"better_featured_image":{"id":7581,"alt_text":"","caption":"","description":"","media_type":"image","media_details":{"width":2560,"height":1707,"file":"2019\/05\/DLK-Einsatz-symbolbild-scaled.jpg","filesize":621818,"sizes":{"medium_large":{"file":"DLK-Einsatz-symbolbild-768x512.jpg","width":768,"height":512,"mime-type":"image\/jpeg","filesize":91713,"source_url":"https:\/\/feuerwehr-vglambrecht.de\/cms\/wp-content\/uploads\/2019\/05\/DLK-Einsatz-symbolbild-768x512.jpg"},"1536x1536":{"file":"DLK-Einsatz-symbolbild-1536x1024.jpg","width":1536,"height":1024,"mime-type":"image\/jpeg","filesize":272596,"source_url":"https:\/\/feuerwehr-vglambrecht.de\/cms\/wp-content\/uploads\/2019\/05\/DLK-Einsatz-symbolbild-1536x1024.jpg"},"2048x2048":{"file":"DLK-Einsatz-symbolbild-2048x1365.jpg","width":2048,"height":1365,"mime-type":"image\/jpeg","filesize":434445,"source_url":"https:\/\/feuerwehr-vglambrecht.de\/cms\/wp-content\/uploads\/2019\/05\/DLK-Einsatz-symbolbild-2048x1365.jpg"},"wptouch-new-thumbnail":{"file":"DLK-Einsatz-symbolbild-144x144.jpg","width":144,"height":144,"mime-type":"image\/jpeg","filesize":14900,"source_url":"https:\/\/feuerwehr-vglambrecht.de\/cms\/wp-content\/uploads\/2019\/05\/DLK-Einsatz-symbolbild-144x144.jpg"},"landing_image":{"file":"DLK-Einsatz-symbolbild-1024x460.jpg","width":1024,"height":460,"mime-type":"image\/jpeg","filesize":106037,"source_url":"https:\/\/feuerwehr-vglambrecht.de\/cms\/wp-content\/uploads\/2019\/05\/DLK-Einsatz-symbolbild-1024x460.jpg"},"foundation-featured-image":{"file":"DLK-Einsatz-symbolbild-900x600.jpg","width":900,"height":600,"mime-type":"image\/jpeg","filesize":118278,"source_url":"https:\/\/feuerwehr-vglambrecht.de\/cms\/wp-content\/uploads\/2019\/05\/DLK-Einsatz-symbolbild-900x600.jpg"},"thumbnail":{"file":"DLK-Einsatz-symbolbild-150x150.jpg","width":150,"height":150,"source_url":"https:\/\/feuerwehr-vglambrecht.de\/cms\/wp-content\/uploads\/2019\/05\/DLK-Einsatz-symbolbild-150x150.jpg"},"medium":{"file":"DLK-Einsatz-symbolbild-300x200.jpg","width":300,"height":200,"source_url":"https:\/\/feuerwehr-vglambrecht.de\/cms\/wp-content\/uploads\/2019\/05\/DLK-Einsatz-symbolbild-300x200.jpg"},"large":{"file":"DLK-Einsatz-symbolbild-1024x683.jpg","width":1024,"height":683,"source_url":"https:\/\/feuerwehr-vglambrecht.de\/cms\/wp-content\/uploads\/2019\/05\/DLK-Einsatz-symbolbild-1024x683.jpg"}},"image_meta":{"aperture":"4.5","credit":"","camera":"Canon EOS 1300D","caption":"","created_timestamp":"1509461142","copyright":"","focal_length":"35","iso":"500","shutter_speed":"0.002","title":"","orientation":"0","keywords":[]},"original_image":"DLK-Einsatz-symbolbild.jpg","image-converter":{"thumbnail":"IME","medium":"IME","large":"IME"}},"post":7580,"source_url":"https:\/\/feuerwehr-vglambrecht.de\/cms\/wp-content\/uploads\/2019\/05\/DLK-Einsatz-symbolbild-scaled.jpg"},"einsatz_ort":"Hauptstra\u00dfe, Lambrecht","einsatz_ende":"2022-06-02 21:35","einsatz_beginn":"","_links":{"self":[{"href":"https:\/\/feuerwehr-vglambrecht.de\/cms\/wp-json\/wp\/v2\/einsatz\/10554","targetHints":{"allow":["GET"]}}],"collection":[{"href":"https:\/\/feuerwehr-vglambrecht.de\/cms\/wp-json\/wp\/v2\/einsatz"}],"about":[{"href":"https:\/\/feuerwehr-vglambrecht.de\/cms\/wp-json\/wp\/v2\/types\/einsatz"}],"author":[{"embeddable":true,"href":"https:\/\/feuerwehr-vglambrecht.de\/cms\/wp-json\/wp\/v2\/users\/17"}],"version-history":[{"count":4,"href":"https:\/\/feuerwehr-vglambrecht.de\/cms\/wp-json\/wp\/v2\/einsatz\/10554\/revisions"}],"predecessor-version":[{"id":10558,"href":"https:\/\/feuerwehr-vglambrecht.de\/cms\/wp-json\/wp\/v2\/einsatz\/10554\/revisions\/10558"}],"wp:featuredmedia":[{"embeddable":true,"href":"https:\/\/feuerwehr-vglambrecht.de\/cms\/wp-json\/wp\/v2\/media\/7581"}],"wp:attachment":[{"href":"https:\/\/feuerwehr-vglambrecht.de\/cms\/wp-json\/wp\/v2\/media?parent=10554"}],"wp:term":[{"taxonomy":"category","embeddable":true,"href":"https:\/\/feuerwehr-vglambrecht.de\/cms\/wp-json\/wp\/v2\/categories?post=10554"},{"taxonomy":"post_tag","embeddable":true,"href":"https:\/\/feuerwehr-vglambrecht.de\/cms\/wp-json\/wp\/v2\/tags?post=10554"},{"taxonomy":"einsatzart","embeddable":true,"href":"https:\/\/feuerwehr-vglambrecht.de\/cms\/wp-json\/wp\/v2\/einsatzart?post=10554"},{"taxonomy":"fahrzeug","embeddable":true,"href":"https:\/\/feuerwehr-vglambrecht.de\/cms\/wp-json\/wp\/v2\/fahrzeug?post=10554"},{"taxonomy":"exteinsatzmittel","embeddable":true,"href":"https:\/\/feuerwehr-vglambrecht.de\/cms\/wp-json\/wp\/v2\/exteinsatzmittel?post=10554"},{"taxonomy":"alarmierungsart","embeddable":true,"href":"https:\/\/feuerwehr-vglambrecht.de\/cms\/wp-json\/wp\/v2\/alarmierungsart?post=10554"},{"taxonomy":"evw_unit","embeddable":true,"href":"https:\/\/feuerwehr-vglambrecht.de\/cms\/wp-json\/wp\/v2\/evw_unit?post=10554"}],"curies":[{"name":"wp","href":"https:\/\/api.w.org\/{rel}","templated":true}]}}