{"id":10369,"date":"2022-03-27T13:45:00","date_gmt":"2022-03-27T11:45:00","guid":{"rendered":"https:\/\/feuerwehr-vglambrecht.de\/cms\/?post_type=einsatz&#038;p=10369"},"modified":"2022-03-28T09:38:25","modified_gmt":"2022-03-28T07:38:25","slug":"sicherung-verkehrsraum-h1-0-2","status":"publish","type":"einsatz","link":"https:\/\/feuerwehr-vglambrecht.de\/cms\/einsatzberichte\/sicherung-verkehrsraum-h1-0-2\/","title":{"rendered":"Sicherung Verkehrsraum (H1.0)"},"content":{"rendered":"<p>Die Feuerwehr Esthal wurde durch die KITA Esthal zu einer Verkehrsraumsicherung im Rahmen einer Veranstaltung angefordert. W\u00e4hrend der Veranstaltung wurden die betroffenen Verkehrsfl\u00e4chen innerhalb der OG Esthal gegen den flie\u00dfenden Verkehr gesichert.<\/p>\n","protected":false},"author":3,"featured_media":9253,"template":"","meta":{"einsatz_weight":1,"footnotes":""},"categories":[],"tags":[138,373,190],"einsatzart":[33],"fahrzeug":[307],"exteinsatzmittel":[12],"alarmierungsart":[65],"evw_unit":[],"class_list":["post-10369","einsatz","type-einsatz","status-publish","has-post-thumbnail","hentry","tag-esthal","tag-immerda","tag-technische-hilfe","einsatzart-th","fahrzeug-307","exteinsatzmittel-fw_est","alarmierungsart-telefon"],"better_featured_image":{"id":9253,"alt_text":"","caption":"","description":"","media_type":"image","media_details":{"width":1620,"height":1080,"file":"2016\/10\/2421.jpg","filesize":2596997,"sizes":{"medium_large":{"file":"2421-768x512.jpg","width":768,"height":512,"mime-type":"image\/jpeg","filesize":106498,"source_url":"https:\/\/feuerwehr-vglambrecht.de\/cms\/wp-content\/uploads\/2016\/10\/2421-768x512.jpg"},"1536x1536":{"file":"2421-1536x1024.jpg","width":1536,"height":1024,"mime-type":"image\/jpeg","filesize":374199,"source_url":"https:\/\/feuerwehr-vglambrecht.de\/cms\/wp-content\/uploads\/2016\/10\/2421-1536x1024.jpg"},"wptouch-new-thumbnail":{"file":"2421-144x144.jpg","width":144,"height":144,"mime-type":"image\/jpeg","filesize":12034,"source_url":"https:\/\/feuerwehr-vglambrecht.de\/cms\/wp-content\/uploads\/2016\/10\/2421-144x144.jpg"},"landing_image":{"file":"2421-1024x460.jpg","width":1024,"height":460,"mime-type":"image\/jpeg","filesize":124204,"source_url":"https:\/\/feuerwehr-vglambrecht.de\/cms\/wp-content\/uploads\/2016\/10\/2421-1024x460.jpg"},"foundation-featured-image":{"file":"2421-900x600.jpg","width":900,"height":600,"mime-type":"image\/jpeg","filesize":142102,"source_url":"https:\/\/feuerwehr-vglambrecht.de\/cms\/wp-content\/uploads\/2016\/10\/2421-900x600.jpg"},"thumbnail":{"file":"2421-150x150.jpg","width":150,"height":150,"source_url":"https:\/\/feuerwehr-vglambrecht.de\/cms\/wp-content\/uploads\/2016\/10\/2421-150x150.jpg"},"medium":{"file":"2421-300x200.jpg","width":300,"height":200,"source_url":"https:\/\/feuerwehr-vglambrecht.de\/cms\/wp-content\/uploads\/2016\/10\/2421-300x200.jpg"},"large":{"file":"2421-1024x683.jpg","width":1024,"height":683,"source_url":"https:\/\/feuerwehr-vglambrecht.de\/cms\/wp-content\/uploads\/2016\/10\/2421-1024x683.jpg"}},"image_meta":{"aperture":"5.6","credit":"","camera":"Canon EOS 2000D","caption":"","created_timestamp":"1582970201","copyright":"","focal_length":"23","iso":"100","shutter_speed":"0.005","title":"","orientation":"1","keywords":[]},"image-converter":{"thumbnail":"IME","medium":"IME","large":"IME"}},"post":4765,"source_url":"https:\/\/feuerwehr-vglambrecht.de\/cms\/wp-content\/uploads\/2016\/10\/2421.jpg"},"einsatz_ort":"Haupstra\u00dfe, Blumenstra\u00dfe, Brunnenstra\u00dfe Esthal","einsatz_ende":"2022-03-27 15:00","einsatz_beginn":"","_links":{"self":[{"href":"https:\/\/feuerwehr-vglambrecht.de\/cms\/wp-json\/wp\/v2\/einsatz\/10369","targetHints":{"allow":["GET"]}}],"collection":[{"href":"https:\/\/feuerwehr-vglambrecht.de\/cms\/wp-json\/wp\/v2\/einsatz"}],"about":[{"href":"https:\/\/feuerwehr-vglambrecht.de\/cms\/wp-json\/wp\/v2\/types\/einsatz"}],"author":[{"embeddable":true,"href":"https:\/\/feuerwehr-vglambrecht.de\/cms\/wp-json\/wp\/v2\/users\/3"}],"version-history":[{"count":1,"href":"https:\/\/feuerwehr-vglambrecht.de\/cms\/wp-json\/wp\/v2\/einsatz\/10369\/revisions"}],"predecessor-version":[{"id":10370,"href":"https:\/\/feuerwehr-vglambrecht.de\/cms\/wp-json\/wp\/v2\/einsatz\/10369\/revisions\/10370"}],"wp:featuredmedia":[{"embeddable":true,"href":"https:\/\/feuerwehr-vglambrecht.de\/cms\/wp-json\/wp\/v2\/media\/9253"}],"wp:attachment":[{"href":"https:\/\/feuerwehr-vglambrecht.de\/cms\/wp-json\/wp\/v2\/media?parent=10369"}],"wp:term":[{"taxonomy":"category","embeddable":true,"href":"https:\/\/feuerwehr-vglambrecht.de\/cms\/wp-json\/wp\/v2\/categories?post=10369"},{"taxonomy":"post_tag","embeddable":true,"href":"https:\/\/feuerwehr-vglambrecht.de\/cms\/wp-json\/wp\/v2\/tags?post=10369"},{"taxonomy":"einsatzart","embeddable":true,"href":"https:\/\/feuerwehr-vglambrecht.de\/cms\/wp-json\/wp\/v2\/einsatzart?post=10369"},{"taxonomy":"fahrzeug","embeddable":true,"href":"https:\/\/feuerwehr-vglambrecht.de\/cms\/wp-json\/wp\/v2\/fahrzeug?post=10369"},{"taxonomy":"exteinsatzmittel","embeddable":true,"href":"https:\/\/feuerwehr-vglambrecht.de\/cms\/wp-json\/wp\/v2\/exteinsatzmittel?post=10369"},{"taxonomy":"alarmierungsart","embeddable":true,"href":"https:\/\/feuerwehr-vglambrecht.de\/cms\/wp-json\/wp\/v2\/alarmierungsart?post=10369"},{"taxonomy":"evw_unit","embeddable":true,"href":"https:\/\/feuerwehr-vglambrecht.de\/cms\/wp-json\/wp\/v2\/evw_unit?post=10369"}],"curies":[{"name":"wp","href":"https:\/\/api.w.org\/{rel}","templated":true}]}}