{"id":10363,"date":"2022-03-17T21:19:00","date_gmt":"2022-03-17T20:19:00","guid":{"rendered":"https:\/\/feuerwehr-vglambrecht.de\/cms\/?post_type=einsatz&#038;p=10363"},"modified":"2022-03-22T13:01:28","modified_gmt":"2022-03-22T12:01:28","slug":"tragehilfe-rettungsdienst-h1-08-14","status":"publish","type":"einsatz","link":"https:\/\/feuerwehr-vglambrecht.de\/cms\/einsatzberichte\/tragehilfe-rettungsdienst-h1-08-14\/","title":{"rendered":"Tragehilfe Rettungsdienst (H1.08)"},"content":{"rendered":"<p>Am Donnerstagabend wurde die Feuerwehreinheit Elmstein zu einer Tragehilfe in Appenthal alarmiert.<!--more--><\/p>\n<p>Aufgrund der Dunkelheit und \u00f6rtlichen Gegebenheiten, war es dem Rettungsdienst nicht m\u00f6glich die Person alleine aus dem Geb\u00e4ude zu tragen. Der Bereich vor dem Geb\u00e4ude wurde von den Kameraden ausgeleuchtet und die Person mittels Manpower wohlbehalten in den Rettungswagen transportiert.<\/p>\n","protected":false},"author":17,"featured_media":0,"template":"","meta":{"einsatz_weight":1,"footnotes":""},"categories":[],"tags":[395,388,139,383,373,386,190,273],"einsatzart":[33],"fahrzeug":[38,40],"exteinsatzmittel":[11,299,382,187,31],"alarmierungsart":[10],"evw_unit":[],"class_list":["post-10363","einsatz","type-einsatz","status-publish","hentry","tag-blaulicht","tag-ehrenamt","tag-elmstein","tag-feuerwehrvglambrecht","tag-immerda","tag-retterherzen","tag-technische-hilfe","tag-tragehilfe","einsatzart-th","fahrzeug-elmstein-44","fahrzeug-elmstein-73","exteinsatzmittel-fw_elm","exteinsatzmittel-fez-neustadt","exteinsatzmittel-first-responder-feuerwehr-vg-lambrecht","exteinsatzmittel-notarzt","exteinsatzmittel-drk","alarmierungsart-dme-digitaler-meldeempfaenger"],"better_featured_image":null,"einsatz_ort":"Appenthal","einsatz_ende":"2022-03-17 21:48","einsatz_beginn":"","_links":{"self":[{"href":"https:\/\/feuerwehr-vglambrecht.de\/cms\/wp-json\/wp\/v2\/einsatz\/10363","targetHints":{"allow":["GET"]}}],"collection":[{"href":"https:\/\/feuerwehr-vglambrecht.de\/cms\/wp-json\/wp\/v2\/einsatz"}],"about":[{"href":"https:\/\/feuerwehr-vglambrecht.de\/cms\/wp-json\/wp\/v2\/types\/einsatz"}],"author":[{"embeddable":true,"href":"https:\/\/feuerwehr-vglambrecht.de\/cms\/wp-json\/wp\/v2\/users\/17"}],"version-history":[{"count":2,"href":"https:\/\/feuerwehr-vglambrecht.de\/cms\/wp-json\/wp\/v2\/einsatz\/10363\/revisions"}],"predecessor-version":[{"id":10365,"href":"https:\/\/feuerwehr-vglambrecht.de\/cms\/wp-json\/wp\/v2\/einsatz\/10363\/revisions\/10365"}],"wp:attachment":[{"href":"https:\/\/feuerwehr-vglambrecht.de\/cms\/wp-json\/wp\/v2\/media?parent=10363"}],"wp:term":[{"taxonomy":"category","embeddable":true,"href":"https:\/\/feuerwehr-vglambrecht.de\/cms\/wp-json\/wp\/v2\/categories?post=10363"},{"taxonomy":"post_tag","embeddable":true,"href":"https:\/\/feuerwehr-vglambrecht.de\/cms\/wp-json\/wp\/v2\/tags?post=10363"},{"taxonomy":"einsatzart","embeddable":true,"href":"https:\/\/feuerwehr-vglambrecht.de\/cms\/wp-json\/wp\/v2\/einsatzart?post=10363"},{"taxonomy":"fahrzeug","embeddable":true,"href":"https:\/\/feuerwehr-vglambrecht.de\/cms\/wp-json\/wp\/v2\/fahrzeug?post=10363"},{"taxonomy":"exteinsatzmittel","embeddable":true,"href":"https:\/\/feuerwehr-vglambrecht.de\/cms\/wp-json\/wp\/v2\/exteinsatzmittel?post=10363"},{"taxonomy":"alarmierungsart","embeddable":true,"href":"https:\/\/feuerwehr-vglambrecht.de\/cms\/wp-json\/wp\/v2\/alarmierungsart?post=10363"},{"taxonomy":"evw_unit","embeddable":true,"href":"https:\/\/feuerwehr-vglambrecht.de\/cms\/wp-json\/wp\/v2\/evw_unit?post=10363"}],"curies":[{"name":"wp","href":"https:\/\/api.w.org\/{rel}","templated":true}]}}