{"id":10220,"date":"2022-01-07T15:42:00","date_gmt":"2022-01-07T14:42:00","guid":{"rendered":"https:\/\/feuerwehr-vglambrecht.de\/cms\/?post_type=einsatz&#038;p=10220"},"modified":"2022-02-09T16:35:16","modified_gmt":"2022-02-09T15:35:16","slug":"brandmeldeanlage-b2-07-30","status":"publish","type":"einsatz","link":"https:\/\/feuerwehr-vglambrecht.de\/cms\/einsatzberichte\/brandmeldeanlage-b2-07-30\/","title":{"rendered":"Brandmeldeanlage (B2.07)"},"content":{"rendered":"<p>Aufgrund einer ausgel\u00f6sten Brandmeldeanlage wurden die Einheiten Neidenfels und Weidenthal am 07.01.2022 um 15:42 Uhr in die Staatsstra\u00dfe in Neidenfels alarmiert. Die Feuerwehr erkundete das Geb\u00e4ude und stellte fest, dass es sich um einen Fehlalarm handelte. Die Brandmeldeanlage wurde durch die Feuerwehr zur\u00fcckgesetzt und das Geb\u00e4ude an den Eigent\u00fcmer \u00fcbergeben.<\/p>\n","protected":false},"author":17,"featured_media":0,"template":"","meta":{"einsatz_weight":1,"footnotes":""},"categories":[],"tags":[],"einsatzart":[8],"fahrzeug":[59,61,63],"exteinsatzmittel":[68,21,299],"alarmierungsart":[10],"evw_unit":[],"class_list":["post-10220","einsatz","type-einsatz","status-publish","hentry","einsatzart-bma","fahrzeug-neidenfels-47","fahrzeug-neidenfels-73","fahrzeug-weidenthal-73","exteinsatzmittel-fw_nei","exteinsatzmittel-fw_wei","exteinsatzmittel-fez-neustadt","alarmierungsart-dme-digitaler-meldeempfaenger"],"better_featured_image":null,"einsatz_ort":"","einsatz_ende":"2022-01-07 16:16","einsatz_beginn":"","_links":{"self":[{"href":"https:\/\/feuerwehr-vglambrecht.de\/cms\/wp-json\/wp\/v2\/einsatz\/10220","targetHints":{"allow":["GET"]}}],"collection":[{"href":"https:\/\/feuerwehr-vglambrecht.de\/cms\/wp-json\/wp\/v2\/einsatz"}],"about":[{"href":"https:\/\/feuerwehr-vglambrecht.de\/cms\/wp-json\/wp\/v2\/types\/einsatz"}],"author":[{"embeddable":true,"href":"https:\/\/feuerwehr-vglambrecht.de\/cms\/wp-json\/wp\/v2\/users\/17"}],"version-history":[{"count":1,"href":"https:\/\/feuerwehr-vglambrecht.de\/cms\/wp-json\/wp\/v2\/einsatz\/10220\/revisions"}],"predecessor-version":[{"id":10221,"href":"https:\/\/feuerwehr-vglambrecht.de\/cms\/wp-json\/wp\/v2\/einsatz\/10220\/revisions\/10221"}],"wp:attachment":[{"href":"https:\/\/feuerwehr-vglambrecht.de\/cms\/wp-json\/wp\/v2\/media?parent=10220"}],"wp:term":[{"taxonomy":"category","embeddable":true,"href":"https:\/\/feuerwehr-vglambrecht.de\/cms\/wp-json\/wp\/v2\/categories?post=10220"},{"taxonomy":"post_tag","embeddable":true,"href":"https:\/\/feuerwehr-vglambrecht.de\/cms\/wp-json\/wp\/v2\/tags?post=10220"},{"taxonomy":"einsatzart","embeddable":true,"href":"https:\/\/feuerwehr-vglambrecht.de\/cms\/wp-json\/wp\/v2\/einsatzart?post=10220"},{"taxonomy":"fahrzeug","embeddable":true,"href":"https:\/\/feuerwehr-vglambrecht.de\/cms\/wp-json\/wp\/v2\/fahrzeug?post=10220"},{"taxonomy":"exteinsatzmittel","embeddable":true,"href":"https:\/\/feuerwehr-vglambrecht.de\/cms\/wp-json\/wp\/v2\/exteinsatzmittel?post=10220"},{"taxonomy":"alarmierungsart","embeddable":true,"href":"https:\/\/feuerwehr-vglambrecht.de\/cms\/wp-json\/wp\/v2\/alarmierungsart?post=10220"},{"taxonomy":"evw_unit","embeddable":true,"href":"https:\/\/feuerwehr-vglambrecht.de\/cms\/wp-json\/wp\/v2\/evw_unit?post=10220"}],"curies":[{"name":"wp","href":"https:\/\/api.w.org\/{rel}","templated":true}]}}